{"id":49,"date":"2021-01-13T09:46:12","date_gmt":"2021-01-13T08:46:12","guid":{"rendered":"https:\/\/www.steyr-waldviertel.at\/?page_id=49"},"modified":"2026-08-14T08:45:32","modified_gmt":"2026-08-14T06:45:32","slug":"home","status":"publish","type":"page","link":"https:\/\/www.steyr-waldviertel.at\/","title":{"rendered":"Home"},"content":{"rendered":"\t\t<div data-elementor-type=\"wp-page\" data-elementor-id=\"49\" class=\"elementor elementor-49\" data-elementor-post-type=\"page\">\n\t\t\t\t\t\t<section class=\"elementor-section elementor-top-section elementor-element elementor-element-3374092 elementor-section-boxed elementor-section-height-default elementor-section-height-default\" data-id=\"3374092\" data-element_type=\"section\" data-e-type=\"section\">\n\t\t\t\t\t\t<div class=\"elementor-container elementor-column-gap-default\">\n\t\t\t\t\t<div class=\"elementor-column elementor-col-100 elementor-top-column elementor-element elementor-element-61186fd\" data-id=\"61186fd\" data-element_type=\"column\" data-e-type=\"column\">\n\t\t\t<div class=\"elementor-widget-wrap elementor-element-populated\">\n\t\t\t\t\t\t<div class=\"elementor-element elementor-element-eddd355 elementor-widget elementor-widget-image\" data-id=\"eddd355\" data-element_type=\"widget\" data-e-type=\"widget\" data-widget_type=\"image.default\">\n\t\t\t\t<div class=\"elementor-widget-container\">\n\t\t\t\t\t\t\t\t\t\t\t\t\t\t\t<img decoding=\"async\" width=\"304\" height=\"80\" src=\"https:\/\/www.steyr-waldviertel.at\/wp-content\/uploads\/Steyr-Original.png\" class=\"attachment-large size-large wp-image-1042\" alt=\"\" srcset=\"https:\/\/www.steyr-waldviertel.at\/wp-content\/uploads\/Steyr-Original.png 304w, https:\/\/www.steyr-waldviertel.at\/wp-content\/uploads\/Steyr-Original-300x79.png 300w\" sizes=\"(max-width: 304px) 100vw, 304px\" \/>\t\t\t\t\t\t\t\t\t\t\t\t\t\t\t<\/div>\n\t\t\t\t<\/div>\n\t\t\t\t\t<\/div>\n\t\t<\/div>\n\t\t\t\t\t<\/div>\n\t\t<\/section>\n\t\t\t\t<section class=\"elementor-section elementor-top-section elementor-element elementor-element-b9c7001 elementor-section-boxed elementor-section-height-default elementor-section-height-default\" data-id=\"b9c7001\" data-element_type=\"section\" data-e-type=\"section\">\n\t\t\t\t\t\t<div class=\"elementor-container elementor-column-gap-default\">\n\t\t\t\t\t<div class=\"elementor-column elementor-col-100 elementor-top-column elementor-element elementor-element-6468009\" data-id=\"6468009\" data-element_type=\"column\" data-e-type=\"column\">\n\t\t\t<div class=\"elementor-widget-wrap elementor-element-populated\">\n\t\t\t\t\t\t<div class=\"elementor-element elementor-element-b587828 elementor-headline--style-highlight elementor-widget elementor-widget-animated-headline\" data-id=\"b587828\" data-element_type=\"widget\" data-e-type=\"widget\" data-settings=\"{&quot;marker&quot;:&quot;curly&quot;,&quot;highlighted_text&quot;:&quot;Steyr Center Waldviertel&quot;,&quot;headline_style&quot;:&quot;highlight&quot;,&quot;loop&quot;:&quot;yes&quot;,&quot;highlight_animation_duration&quot;:1200,&quot;highlight_iteration_delay&quot;:8000}\" data-widget_type=\"animated-headline.default\">\n\t\t\t\t<div class=\"elementor-widget-container\">\n\t\t\t\t\t\t\t<h3 class=\"elementor-headline\">\n\t\t\t\t\t<span class=\"elementor-headline-plain-text elementor-headline-text-wrapper\">Herzlich Willkommen im<\/span>\n\t\t\t\t<span class=\"elementor-headline-dynamic-wrapper elementor-headline-text-wrapper\">\n\t\t\t\t\t<span class=\"elementor-headline-dynamic-text elementor-headline-text-active\">Steyr Center Waldviertel<\/span>\n\t\t\t\t<\/span>\n\t\t\t\t<\/h3>\n\t\t\t\t\t\t<\/div>\n\t\t\t\t<\/div>\n\t\t\t\t\t<\/div>\n\t\t<\/div>\n\t\t\t\t\t<\/div>\n\t\t<\/section>\n\t\t\t\t<section class=\"elementor-section elementor-top-section elementor-element elementor-element-3d8f17d elementor-section-boxed elementor-section-height-default elementor-section-height-default\" data-id=\"3d8f17d\" data-element_type=\"section\" data-e-type=\"section\">\n\t\t\t\t\t\t<div class=\"elementor-container elementor-column-gap-default\">\n\t\t\t\t\t<div class=\"elementor-column elementor-col-100 elementor-top-column elementor-element elementor-element-3f22f43\" data-id=\"3f22f43\" data-element_type=\"column\" data-e-type=\"column\">\n\t\t\t<div class=\"elementor-widget-wrap elementor-element-populated\">\n\t\t\t\t\t\t<div class=\"elementor-element elementor-element-cca243c elementor-widget-divider--view-line elementor-widget elementor-widget-divider\" data-id=\"cca243c\" data-element_type=\"widget\" data-e-type=\"widget\" data-widget_type=\"divider.default\">\n\t\t\t\t<div class=\"elementor-widget-container\">\n\t\t\t\t\t\t\t<div class=\"elementor-divider\">\n\t\t\t<span class=\"elementor-divider-separator\">\n\t\t\t\t\t\t<\/span>\n\t\t<\/div>\n\t\t\t\t\t\t<\/div>\n\t\t\t\t<\/div>\n\t\t\t\t\t<\/div>\n\t\t<\/div>\n\t\t\t\t\t<\/div>\n\t\t<\/section>\n\t\t\t\t<section class=\"elementor-section elementor-top-section elementor-element elementor-element-7d05068 elementor-section-boxed elementor-section-height-default elementor-section-height-default\" data-id=\"7d05068\" data-element_type=\"section\" data-e-type=\"section\">\n\t\t\t\t\t\t<div class=\"elementor-container elementor-column-gap-default\">\n\t\t\t\t\t<div class=\"elementor-column elementor-col-66 elementor-top-column elementor-element elementor-element-9387995\" data-id=\"9387995\" data-element_type=\"column\" data-e-type=\"column\">\n\t\t\t<div class=\"elementor-widget-wrap elementor-element-populated\">\n\t\t\t\t\t\t<div class=\"elementor-element elementor-element-2efe3de elementor-widget elementor-widget-text-editor\" data-id=\"2efe3de\" data-element_type=\"widget\" data-e-type=\"widget\" data-widget_type=\"text-editor.default\">\n\t\t\t\t<div class=\"elementor-widget-container\">\n\t\t\t\t\t\t\t\t\t<h3 class=\"Headline2\"><strong><span lang=\"DE\">Erfolgreicher Feldtag bei hochsommerlichen Temperaturen<\/span><\/strong><\/h3>\t\t\t\t\t\t\t\t<\/div>\n\t\t\t\t<\/div>\n\t\t\t\t<div class=\"elementor-element elementor-element-6a57a40 elementor-widget elementor-widget-image\" data-id=\"6a57a40\" data-element_type=\"widget\" data-e-type=\"widget\" data-widget_type=\"image.default\">\n\t\t\t\t<div class=\"elementor-widget-container\">\n\t\t\t\t\t\t\t\t\t\t\t\t\t\t\t<img fetchpriority=\"high\" decoding=\"async\" width=\"1024\" height=\"639\" src=\"https:\/\/www.steyr-waldviertel.at\/wp-content\/uploads\/Feldtag2026-1024x639.jpg\" class=\"attachment-large size-large wp-image-1208\" alt=\"\" srcset=\"https:\/\/www.steyr-waldviertel.at\/wp-content\/uploads\/Feldtag2026-1024x639.jpg 1024w, https:\/\/www.steyr-waldviertel.at\/wp-content\/uploads\/Feldtag2026-300x187.jpg 300w, https:\/\/www.steyr-waldviertel.at\/wp-content\/uploads\/Feldtag2026-768x479.jpg 768w, https:\/\/www.steyr-waldviertel.at\/wp-content\/uploads\/Feldtag2026-1536x959.jpg 1536w, https:\/\/www.steyr-waldviertel.at\/wp-content\/uploads\/Feldtag2026-2048x1279.jpg 2048w\" sizes=\"(max-width: 1024px) 100vw, 1024px\" \/>\t\t\t\t\t\t\t\t\t\t\t\t\t\t\t<\/div>\n\t\t\t\t<\/div>\n\t\t\t\t\t<\/div>\n\t\t<\/div>\n\t\t\t\t<div class=\"elementor-column elementor-col-33 elementor-top-column elementor-element elementor-element-0e86eb2\" data-id=\"0e86eb2\" data-element_type=\"column\" data-e-type=\"column\">\n\t\t\t<div class=\"elementor-widget-wrap elementor-element-populated\">\n\t\t\t\t\t\t<div class=\"elementor-element elementor-element-f59862d elementor-widget elementor-widget-text-editor\" data-id=\"f59862d\" data-element_type=\"widget\" data-e-type=\"widget\" data-widget_type=\"text-editor.default\">\n\t\t\t\t<div class=\"elementor-widget-container\">\n\t\t\t\t\t\t\t\t\t<p><span style=\"font-size: 15px;\">Bei hochsommerlichen Temperaturen fand am 5. August 2026 nahe Schaditz ein Praxistag zum Thema <\/span>Stoppelsturz und flache Bodenbearbeitung<span style=\"font-size: 15px;\"> statt.&nbsp;<\/span><\/p>\n<p><span style=\"font-size: 15px;\">Zahlreiche Landwirtinnen und Landwirte nutzten die Gelegenheit, Stoppelsturzger\u00e4te von P\u00f6ttinger und Einb\u00f6ck unter realen Bedingungen zu erleben und sich mit den Fachberatern \u00fcber aktuelle Entwicklungen und Einsatzm\u00f6glichkeiten auszutauschen.<\/span><\/p>\n<p><span style=\"font-size: 15px;\">Ein besonderes Highlight war der neue STEYR 6200 Impuls CVT, der ebenfalls im Feldeinsatz zu sehen war.<\/span><\/p>\n<p>Trotz der Hitze war die Veranstaltung sehr gut besucht. Das Steyr Center Waldviertel und das Lagerhaus Oberes Waldviertel bedanken sich bei allen Besucherinnen und Besuchern sowie bei allen Mitwirkenden f\u00fcr das gelungene Event.<\/p><p><span style=\"font-size: 15px; font-style: normal; font-weight: 700;\">\u25b6<\/span><a href=\"https:\/\/www.facebook.com\/reel\/1308878151325420\" target=\"_blank\" style=\"font-size: 15px; background-color: rgb(255, 255, 255);\">&nbsp;Zum Video<\/a><\/p>\t\t\t\t\t\t\t\t<\/div>\n\t\t\t\t<\/div>\n\t\t\t\t\t<\/div>\n\t\t<\/div>\n\t\t\t\t\t<\/div>\n\t\t<\/section>\n\t\t\t\t<section class=\"elementor-section elementor-top-section elementor-element elementor-element-6ab4f17 elementor-section-boxed elementor-section-height-default elementor-section-height-default\" data-id=\"6ab4f17\" data-element_type=\"section\" data-e-type=\"section\">\n\t\t\t\t\t\t<div class=\"elementor-container elementor-column-gap-default\">\n\t\t\t\t\t<div class=\"elementor-column elementor-col-100 elementor-top-column elementor-element elementor-element-95b86e1\" data-id=\"95b86e1\" data-element_type=\"column\" data-e-type=\"column\">\n\t\t\t<div class=\"elementor-widget-wrap elementor-element-populated\">\n\t\t\t\t\t\t<div class=\"elementor-element elementor-element-8df57c5 elementor-widget-divider--view-line elementor-widget elementor-widget-divider\" data-id=\"8df57c5\" data-element_type=\"widget\" data-e-type=\"widget\" data-widget_type=\"divider.default\">\n\t\t\t\t<div class=\"elementor-widget-container\">\n\t\t\t\t\t\t\t<div class=\"elementor-divider\">\n\t\t\t<span class=\"elementor-divider-separator\">\n\t\t\t\t\t\t<\/span>\n\t\t<\/div>\n\t\t\t\t\t\t<\/div>\n\t\t\t\t<\/div>\n\t\t\t\t<div class=\"elementor-element elementor-element-36aef8d elementor-widget elementor-widget-image\" data-id=\"36aef8d\" data-element_type=\"widget\" data-e-type=\"widget\" data-widget_type=\"image.default\">\n\t\t\t\t<div class=\"elementor-widget-container\">\n\t\t\t\t\t\t\t\t\t\t\t\t\t\t\t\t<a href=\"https:\/\/www.steyr-waldviertel.at\/index.php\/abverkaufstage\/\">\n\t\t\t\t\t\t\t<img decoding=\"async\" width=\"768\" height=\"420\" src=\"https:\/\/www.steyr-waldviertel.at\/wp-content\/uploads\/aktuellen-Angebote-1-768x420.jpg\" class=\"attachment-medium_large size-medium_large wp-image-1169\" alt=\"\" srcset=\"https:\/\/www.steyr-waldviertel.at\/wp-content\/uploads\/aktuellen-Angebote-1-768x420.jpg 768w, https:\/\/www.steyr-waldviertel.at\/wp-content\/uploads\/aktuellen-Angebote-1-300x164.jpg 300w, https:\/\/www.steyr-waldviertel.at\/wp-content\/uploads\/aktuellen-Angebote-1.jpg 1019w\" sizes=\"(max-width: 768px) 100vw, 768px\" \/>\t\t\t\t\t\t\t\t<\/a>\n\t\t\t\t\t\t\t\t\t\t\t\t\t\t\t<\/div>\n\t\t\t\t<\/div>\n\t\t\t\t\t<\/div>\n\t\t<\/div>\n\t\t\t\t\t<\/div>\n\t\t<\/section>\n\t\t\t\t<section class=\"elementor-section elementor-top-section elementor-element elementor-element-53d3d19 elementor-section-boxed elementor-section-height-default elementor-section-height-default\" data-id=\"53d3d19\" data-element_type=\"section\" data-e-type=\"section\">\n\t\t\t\t\t\t<div class=\"elementor-container elementor-column-gap-default\">\n\t\t\t\t\t<div class=\"elementor-column elementor-col-100 elementor-top-column elementor-element elementor-element-1cd27fa\" data-id=\"1cd27fa\" data-element_type=\"column\" data-e-type=\"column\">\n\t\t\t<div class=\"elementor-widget-wrap elementor-element-populated\">\n\t\t\t\t\t\t<div class=\"elementor-element elementor-element-773f01a elementor-widget elementor-widget-text-editor\" data-id=\"773f01a\" data-element_type=\"widget\" data-e-type=\"widget\" data-widget_type=\"text-editor.default\">\n\t\t\t\t<div class=\"elementor-widget-container\">\n\t\t\t\t\t\t\t\t\t<p>St\u00f6bern Sie gleich online!<br \/><a href=\"https:\/\/www.steyr-waldviertel.at\/index.php\/abverkaufstage\/\">Hier geht&#8217;s zu unseren Lagermaschinen.<\/a><\/p>\t\t\t\t\t\t\t\t<\/div>\n\t\t\t\t<\/div>\n\t\t\t\t\t<\/div>\n\t\t<\/div>\n\t\t\t\t\t<\/div>\n\t\t<\/section>\n\t\t\t\t<section class=\"elementor-section elementor-top-section elementor-element elementor-element-ba82755 elementor-section-boxed elementor-section-height-default elementor-section-height-default\" data-id=\"ba82755\" data-element_type=\"section\" data-e-type=\"section\">\n\t\t\t\t\t\t<div class=\"elementor-container elementor-column-gap-default\">\n\t\t\t\t\t<div class=\"elementor-column elementor-col-100 elementor-top-column elementor-element elementor-element-f3f7924\" data-id=\"f3f7924\" data-element_type=\"column\" data-e-type=\"column\">\n\t\t\t<div class=\"elementor-widget-wrap elementor-element-populated\">\n\t\t\t\t\t\t<div class=\"elementor-element elementor-element-a8174ee elementor-widget-divider--view-line elementor-widget elementor-widget-divider\" data-id=\"a8174ee\" data-element_type=\"widget\" data-e-type=\"widget\" data-widget_type=\"divider.default\">\n\t\t\t\t<div class=\"elementor-widget-container\">\n\t\t\t\t\t\t\t<div class=\"elementor-divider\">\n\t\t\t<span class=\"elementor-divider-separator\">\n\t\t\t\t\t\t<\/span>\n\t\t<\/div>\n\t\t\t\t\t\t<\/div>\n\t\t\t\t<\/div>\n\t\t\t\t<div class=\"elementor-element elementor-element-d05af15 elementor-cta--skin-classic elementor-animated-content elementor-bg-transform elementor-bg-transform-zoom-in elementor-widget elementor-widget-call-to-action\" data-id=\"d05af15\" data-element_type=\"widget\" data-e-type=\"widget\" data-widget_type=\"call-to-action.default\">\n\t\t\t\t<div class=\"elementor-widget-container\">\n\t\t\t\t\t\t\t<div class=\"elementor-cta\">\n\t\t\t\t\t<div class=\"elementor-cta__bg-wrapper\">\n\t\t\t\t<div class=\"elementor-cta__bg elementor-bg\" style=\"background-image: url(https:\/\/www.steyr-waldviertel.at\/wp-content\/uploads\/Screenshot-2025-08-06-104732.png);\" role=\"img\" aria-label=\"Screenshot 2025-08-06 104732\"><\/div>\n\t\t\t\t<div class=\"elementor-cta__bg-overlay\"><\/div>\n\t\t\t<\/div>\n\t\t\t\t\t\t\t<div class=\"elementor-cta__content\">\n\t\t\t\t\n\t\t\t\t\t\t\t\t\t<h2 class=\"elementor-cta__title elementor-cta__content-item elementor-content-item\">\n\t\t\t\t\t\tJetzt neu!\t\t\t\t\t<\/h2>\n\t\t\t\t\n\t\t\t\t\t\t\t\t\t<div class=\"elementor-cta__description elementor-cta__content-item elementor-content-item\">\n\t\t\t\t\t\tAb sofort sind unsere Abverkaufsmaschinen online.\t\t\t\t\t<\/div>\n\t\t\t\t\n\t\t\t\t\t\t\t\t\t<div class=\"elementor-cta__button-wrapper elementor-cta__content-item elementor-content-item \">\n\t\t\t\t\t<a class=\"elementor-cta__button elementor-button elementor-size-\" href=\"https:\/\/www.steyr-waldviertel.at\/index.php\/lagerabverkauf\/\">\n\t\t\t\t\t\tGleich durchst\u00f6bern\t\t\t\t\t<\/a>\n\t\t\t\t\t<\/div>\n\t\t\t\t\t\t\t<\/div>\n\t\t\t\t\t\t\t<div class=\"elementor-ribbon\">\n\t\t\t\t<div class=\"elementor-ribbon-inner\">\n\t\t\t\t\tNEU\t\t\t\t<\/div>\n\t\t\t<\/div>\n\t\t\t\t<\/div>\n\t\t\t\t\t\t<\/div>\n\t\t\t\t<\/div>\n\t\t\t\t<div class=\"elementor-element elementor-element-dbee1de elementor-widget elementor-widget-image\" data-id=\"dbee1de\" data-element_type=\"widget\" data-e-type=\"widget\" data-widget_type=\"image.default\">\n\t\t\t\t<div class=\"elementor-widget-container\">\n\t\t\t\t\t\t\t\t\t\t\t\t\t\t\t<img loading=\"lazy\" decoding=\"async\" width=\"1024\" height=\"576\" src=\"https:\/\/www.steyr-waldviertel.at\/wp-content\/uploads\/STEYR_Retail_ProfiCVT_2026_Field_2_Landscape_AT-1024x576.jpg\" class=\"attachment-large size-large wp-image-1062\" alt=\"\" srcset=\"https:\/\/www.steyr-waldviertel.at\/wp-content\/uploads\/STEYR_Retail_ProfiCVT_2026_Field_2_Landscape_AT-1024x576.jpg 1024w, https:\/\/www.steyr-waldviertel.at\/wp-content\/uploads\/STEYR_Retail_ProfiCVT_2026_Field_2_Landscape_AT-300x169.jpg 300w, https:\/\/www.steyr-waldviertel.at\/wp-content\/uploads\/STEYR_Retail_ProfiCVT_2026_Field_2_Landscape_AT-768x432.jpg 768w, https:\/\/www.steyr-waldviertel.at\/wp-content\/uploads\/STEYR_Retail_ProfiCVT_2026_Field_2_Landscape_AT-1536x864.jpg 1536w, https:\/\/www.steyr-waldviertel.at\/wp-content\/uploads\/STEYR_Retail_ProfiCVT_2026_Field_2_Landscape_AT.jpg 1920w\" sizes=\"(max-width: 1024px) 100vw, 1024px\" \/>\t\t\t\t\t\t\t\t\t\t\t\t\t\t\t<\/div>\n\t\t\t\t<\/div>\n\t\t\t\t\t<\/div>\n\t\t<\/div>\n\t\t\t\t\t<\/div>\n\t\t<\/section>\n\t\t\t\t<section class=\"elementor-section elementor-top-section elementor-element elementor-element-a44d138 elementor-section-boxed elementor-section-height-default elementor-section-height-default\" data-id=\"a44d138\" data-element_type=\"section\" data-e-type=\"section\">\n\t\t\t\t\t\t<div class=\"elementor-container elementor-column-gap-default\">\n\t\t\t\t\t<div class=\"elementor-column elementor-col-100 elementor-top-column elementor-element elementor-element-08b0e2e\" data-id=\"08b0e2e\" data-element_type=\"column\" data-e-type=\"column\">\n\t\t\t<div class=\"elementor-widget-wrap\">\n\t\t\t\t\t\t\t<\/div>\n\t\t<\/div>\n\t\t\t\t\t<\/div>\n\t\t<\/section>\n\t\t\t\t<section class=\"elementor-section elementor-top-section elementor-element elementor-element-cbba71e elementor-section-boxed elementor-section-height-default elementor-section-height-default\" data-id=\"cbba71e\" data-element_type=\"section\" data-e-type=\"section\">\n\t\t\t\t\t\t<div class=\"elementor-container elementor-column-gap-default\">\n\t\t\t\t\t<div class=\"elementor-column elementor-col-100 elementor-top-column elementor-element elementor-element-2fedecf\" data-id=\"2fedecf\" data-element_type=\"column\" data-e-type=\"column\">\n\t\t\t<div class=\"elementor-widget-wrap elementor-element-populated\">\n\t\t\t\t\t\t<div class=\"elementor-element elementor-element-f7479ad elementor-cta--skin-classic elementor-animated-content elementor-bg-transform elementor-bg-transform-zoom-in elementor-widget elementor-widget-call-to-action\" data-id=\"f7479ad\" data-element_type=\"widget\" data-e-type=\"widget\" data-widget_type=\"call-to-action.default\">\n\t\t\t\t<div class=\"elementor-widget-container\">\n\t\t\t\t\t\t\t<div class=\"elementor-cta\">\n\t\t\t\t\t<div class=\"elementor-cta__bg-wrapper\">\n\t\t\t\t<div class=\"elementor-cta__bg elementor-bg\" style=\"background-image: url(https:\/\/www.steyr-waldviertel.at\/wp-content\/uploads\/Screenshot-2025-08-06-104732.png);\" role=\"img\" aria-label=\"Screenshot 2025-08-06 104732\"><\/div>\n\t\t\t\t<div class=\"elementor-cta__bg-overlay\"><\/div>\n\t\t\t<\/div>\n\t\t\t\t\t\t\t<div class=\"elementor-cta__content\">\n\t\t\t\t\n\t\t\t\t\t\t\t\t\t<h2 class=\"elementor-cta__title elementor-cta__content-item elementor-content-item\">\n\t\t\t\t\t\tJetzt neu!\t\t\t\t\t<\/h2>\n\t\t\t\t\n\t\t\t\t\t\t\t\t\t<div class=\"elementor-cta__description elementor-cta__content-item elementor-content-item\">\n\t\t\t\t\t\tAb sofort sind unsere Abverkaufsmaschinen online.\t\t\t\t\t<\/div>\n\t\t\t\t\n\t\t\t\t\t\t\t\t\t<div class=\"elementor-cta__button-wrapper elementor-cta__content-item elementor-content-item \">\n\t\t\t\t\t<a class=\"elementor-cta__button elementor-button elementor-size-\" href=\"https:\/\/www.steyr-waldviertel.at\/index.php\/lagerabverkauf\/\">\n\t\t\t\t\t\tGleich durchst\u00f6bern\t\t\t\t\t<\/a>\n\t\t\t\t\t<\/div>\n\t\t\t\t\t\t\t<\/div>\n\t\t\t\t\t\t\t<div class=\"elementor-ribbon\">\n\t\t\t\t<div class=\"elementor-ribbon-inner\">\n\t\t\t\t\tNEU\t\t\t\t<\/div>\n\t\t\t<\/div>\n\t\t\t\t<\/div>\n\t\t\t\t\t\t<\/div>\n\t\t\t\t<\/div>\n\t\t\t\t\t<\/div>\n\t\t<\/div>\n\t\t\t\t\t<\/div>\n\t\t<\/section>\n\t\t\t\t<section class=\"elementor-section elementor-top-section elementor-element elementor-element-48aecd8 elementor-section-boxed elementor-section-height-default elementor-section-height-default\" data-id=\"48aecd8\" data-element_type=\"section\" data-e-type=\"section\">\n\t\t\t\t\t\t<div class=\"elementor-container elementor-column-gap-default\">\n\t\t\t\t\t<div class=\"elementor-column elementor-col-100 elementor-top-column elementor-element elementor-element-80649cb\" data-id=\"80649cb\" data-element_type=\"column\" data-e-type=\"column\">\n\t\t\t<div class=\"elementor-widget-wrap elementor-element-populated\">\n\t\t\t\t\t\t<div class=\"elementor-element elementor-element-9ac674d elementor-arrows-position-inside elementor-pagination-position-outside elementor-widget elementor-widget-image-carousel\" data-id=\"9ac674d\" data-element_type=\"widget\" data-e-type=\"widget\" data-settings=\"{&quot;slides_to_show&quot;:&quot;1&quot;,&quot;navigation&quot;:&quot;both&quot;,&quot;autoplay&quot;:&quot;yes&quot;,&quot;pause_on_hover&quot;:&quot;yes&quot;,&quot;pause_on_interaction&quot;:&quot;yes&quot;,&quot;autoplay_speed&quot;:5000,&quot;infinite&quot;:&quot;yes&quot;,&quot;effect&quot;:&quot;slide&quot;,&quot;speed&quot;:500}\" data-widget_type=\"image-carousel.default\">\n\t\t\t\t<div class=\"elementor-widget-container\">\n\t\t\t\t\t\t\t<div class=\"elementor-image-carousel-wrapper swiper\" role=\"region\" aria-roledescription=\"carousel\" aria-label=\"Image Carousel\" dir=\"ltr\">\n\t\t\t<div class=\"elementor-image-carousel swiper-wrapper\" aria-live=\"off\">\n\t\t\t\t\t\t\t\t<div class=\"swiper-slide\" role=\"group\" aria-roledescription=\"slide\" aria-label=\"1 of 4\"><figure class=\"swiper-slide-inner\"><img decoding=\"async\" class=\"swiper-slide-image\" src=\"https:\/\/www.steyr-waldviertel.at\/wp-content\/uploads\/TBF_3908-1024x683.jpg\" alt=\"TBF_3908\" \/><\/figure><\/div><div class=\"swiper-slide\" role=\"group\" aria-roledescription=\"slide\" aria-label=\"2 of 4\"><figure class=\"swiper-slide-inner\"><img decoding=\"async\" class=\"swiper-slide-image\" src=\"https:\/\/www.steyr-waldviertel.at\/wp-content\/uploads\/TBF_3910-1024x683.jpg\" alt=\"TBF_3910\" \/><\/figure><\/div><div class=\"swiper-slide\" role=\"group\" aria-roledescription=\"slide\" aria-label=\"3 of 4\"><figure class=\"swiper-slide-inner\"><img decoding=\"async\" class=\"swiper-slide-image\" src=\"https:\/\/www.steyr-waldviertel.at\/wp-content\/uploads\/WhatsApp-Bild-2025-07-30-um-09.33.39_2bdb57cc-1024x768.jpg\" alt=\"WhatsApp Bild 2025-07-30 um 09.33.39_2bdb57cc\" \/><\/figure><\/div><div class=\"swiper-slide\" role=\"group\" aria-roledescription=\"slide\" aria-label=\"4 of 4\"><figure class=\"swiper-slide-inner\"><img decoding=\"async\" class=\"swiper-slide-image\" src=\"https:\/\/www.steyr-waldviertel.at\/wp-content\/uploads\/NNII7251-1024x768.jpg\" alt=\"NNII7251\" \/><\/figure><\/div>\t\t\t<\/div>\n\t\t\t\t\t\t\t\t\t\t\t\t<div class=\"elementor-swiper-button elementor-swiper-button-prev\" role=\"button\" tabindex=\"0\">\n\t\t\t\t\t\t<i aria-hidden=\"true\" class=\"eicon-chevron-left\"><\/i>\t\t\t\t\t<\/div>\n\t\t\t\t\t<div class=\"elementor-swiper-button elementor-swiper-button-next\" role=\"button\" tabindex=\"0\">\n\t\t\t\t\t\t<i aria-hidden=\"true\" class=\"eicon-chevron-right\"><\/i>\t\t\t\t\t<\/div>\n\t\t\t\t\n\t\t\t\t\t\t\t\t\t<div class=\"swiper-pagination\"><\/div>\n\t\t\t\t\t\t\t\t\t<\/div>\n\t\t\t\t\t\t<\/div>\n\t\t\t\t<\/div>\n\t\t\t\t\t<\/div>\n\t\t<\/div>\n\t\t\t\t\t<\/div>\n\t\t<\/section>\n\t\t\t\t<\/div>\n\t\t","protected":false},"excerpt":{"rendered":"<p>Herzlich Willkommen im Steyr Center Waldviertel Erfolgreicher Feldtag bei hochsommerlichen Temperaturen Bei hochsommerlichen Temperaturen fand am 5. August 2026 nahe Schaditz ein Praxistag zum Thema Stoppelsturz und flache Bodenbearbeitung statt.&nbsp; Zahlreiche Landwirtinnen und Landwirte nutzten die Gelegenheit, Stoppelsturzger\u00e4te von P\u00f6ttinger und Einb\u00f6ck unter realen Bedingungen zu erleben und sich mit den Fachberatern \u00fcber aktuelle Entwicklungen [&hellip;]<\/p>\n","protected":false},"author":1,"featured_media":0,"parent":0,"menu_order":0,"comment_status":"closed","ping_status":"closed","template":"","meta":{"site-sidebar-layout":"no-sidebar","site-content-layout":"page-builder","ast-site-content-layout":"default","site-content-style":"default","site-sidebar-style":"default","ast-global-header-display":"","ast-banner-title-visibility":"","ast-main-header-display":"","ast-hfb-above-header-display":"","ast-hfb-below-header-display":"","ast-hfb-mobile-header-display":"","site-post-title":"disabled","ast-breadcrumbs-content":"disabled","ast-featured-img":"disabled","footer-sml-layout":"","ast-disable-related-posts":"","theme-transparent-header-meta":"default","adv-header-id-meta":"","stick-header-meta":"","header-above-stick-meta":"","header-main-stick-meta":"","header-below-stick-meta":"","astra-migrate-meta-layouts":"default","ast-page-background-enabled":"default","ast-page-background-meta":{"desktop":{"background-color":"","background-image":"","background-repeat":"repeat","background-position":"center center","background-size":"auto","background-attachment":"scroll","background-type":"","background-media":"","overlay-type":"","overlay-color":"","overlay-opacity":"","overlay-gradient":""},"tablet":{"background-color":"","background-image":"","background-repeat":"repeat","background-position":"center center","background-size":"auto","background-attachment":"scroll","background-type":"","background-media":"","overlay-type":"","overlay-color":"","overlay-opacity":"","overlay-gradient":""},"mobile":{"background-color":"","background-image":"","background-repeat":"repeat","background-position":"center center","background-size":"auto","background-attachment":"scroll","background-type":"","background-media":"","overlay-type":"","overlay-color":"","overlay-opacity":"","overlay-gradient":""}},"ast-content-background-meta":{"desktop":{"background-color":"var(--ast-global-color-5)","background-image":"","background-repeat":"repeat","background-position":"center center","background-size":"auto","background-attachment":"scroll","background-type":"","background-media":"","overlay-type":"","overlay-color":"","overlay-opacity":"","overlay-gradient":""},"tablet":{"background-color":"var(--ast-global-color-5)","background-image":"","background-repeat":"repeat","background-position":"center center","background-size":"auto","background-attachment":"scroll","background-type":"","background-media":"","overlay-type":"","overlay-color":"","overlay-opacity":"","overlay-gradient":""},"mobile":{"background-color":"var(--ast-global-color-5)","background-image":"","background-repeat":"repeat","background-position":"center center","background-size":"auto","background-attachment":"scroll","background-type":"","background-media":"","overlay-type":"","overlay-color":"","overlay-opacity":"","overlay-gradient":""}},"footnotes":""},"class_list":["post-49","page","type-page","status-publish","hentry"],"_links":{"self":[{"href":"https:\/\/www.steyr-waldviertel.at\/index.php\/wp-json\/wp\/v2\/pages\/49","targetHints":{"allow":["GET"]}}],"collection":[{"href":"https:\/\/www.steyr-waldviertel.at\/index.php\/wp-json\/wp\/v2\/pages"}],"about":[{"href":"https:\/\/www.steyr-waldviertel.at\/index.php\/wp-json\/wp\/v2\/types\/page"}],"author":[{"embeddable":true,"href":"https:\/\/www.steyr-waldviertel.at\/index.php\/wp-json\/wp\/v2\/users\/1"}],"replies":[{"embeddable":true,"href":"https:\/\/www.steyr-waldviertel.at\/index.php\/wp-json\/wp\/v2\/comments?post=49"}],"version-history":[{"count":133,"href":"https:\/\/www.steyr-waldviertel.at\/index.php\/wp-json\/wp\/v2\/pages\/49\/revisions"}],"predecessor-version":[{"id":1233,"href":"https:\/\/www.steyr-waldviertel.at\/index.php\/wp-json\/wp\/v2\/pages\/49\/revisions\/1233"}],"wp:attachment":[{"href":"https:\/\/www.steyr-waldviertel.at\/index.php\/wp-json\/wp\/v2\/media?parent=49"}],"curies":[{"name":"wp","href":"https:\/\/api.w.org\/{rel}","templated":true}]}}