{"id":229,"date":"2021-03-29T08:35:14","date_gmt":"2021-03-29T06:35:14","guid":{"rendered":"https:\/\/www.steyr-waldviertel.at\/?page_id=229"},"modified":"2025-06-12T13:55:02","modified_gmt":"2025-06-12T11:55:02","slug":"news","status":"publish","type":"page","link":"https:\/\/www.steyr-waldviertel.at\/index.php\/news\/","title":{"rendered":"News"},"content":{"rendered":"\t\t<div data-elementor-type=\"wp-page\" data-elementor-id=\"229\" class=\"elementor elementor-229\" data-elementor-post-type=\"page\">\n\t\t\t\t\t\t<section class=\"elementor-section elementor-top-section elementor-element elementor-element-c4b0348 elementor-section-boxed elementor-section-height-default elementor-section-height-default\" data-id=\"c4b0348\" data-element_type=\"section\" data-e-type=\"section\">\n\t\t\t\t\t\t<div class=\"elementor-container elementor-column-gap-default\">\n\t\t\t\t\t<div class=\"elementor-column elementor-col-100 elementor-top-column elementor-element elementor-element-b64ba41\" data-id=\"b64ba41\" data-element_type=\"column\" data-e-type=\"column\">\n\t\t\t<div class=\"elementor-widget-wrap elementor-element-populated\">\n\t\t\t\t\t\t<div class=\"elementor-element elementor-element-13cfcb2 elementor-widget elementor-widget-shortcode\" data-id=\"13cfcb2\" data-element_type=\"widget\" data-e-type=\"widget\" data-widget_type=\"shortcode.default\">\n\t\t\t\t<div class=\"elementor-widget-container\">\n\t\t\t\t\t\t\t<div class=\"elementor-shortcode\"><div class=\"efbl_feed_wraper efbl_skin_240\" data-esf-flags=\"gdpr,gdpr_auto\" data-esf-module=\"facebook\" >\n\n\t\n\t<div class=\"efbl_feeds_holder efbl_feeds_halfwidth  \t\"  \t\t\tdata-template=\"halfwidth\">\n\t\t\n<div class=\"efbl-halfwidth-skin added_photos efbl-story-wrapper\">\n\t<div class=\"efbl-thumbnail-wrapper\">\n\t\t<div class=\"efbl-row efbl-content-wrapper\">\n\n\t\t\t\n\n\t\t\t\t<div class=\"efbl-thumbnail-col efbl-col-sm-6\">\n\n\t\t\t\t\t\n\t\t\t\t\t\t<a href=\"https:\/\/www.steyr-waldviertel.at\/wp-admin\/admin-ajax.php?action=efbl_generate_popup_html\" data-imagelink=https:\/\/www.steyr-waldviertel.at\/wp-content\/uploads\/esf-facebook\/298761926911082_1563884405740710.jpg\t\t\t\t\t\t\tdata-storylink=\"https:\/\/www.facebook.com\/298761926911082_1563884405740710\"\n\t\t\t\t\t\t\tdata-linktext=\"Read full story\"\n\t\t\t\t\t\t\tdata-caption=\"Die LagerRausTage im Steyr Center Waldviertel letzte Woche waren ein voller Erfolg! \ud83c\udf89 Viele Maschinen haben bereits den Besitzer gewechselt \u2013 aber auch nach dem\"\n\t\t\t\t\t\t\tdata-itemnumber=\"1\"\n\t\t\t\t\t\t\tclass=\"efbl_feed_popup  efbl-cff-item_number-1\">\n\t\t\t\t\t\t\t<img decoding=\"async\" src=\"https:\/\/www.steyr-waldviertel.at\/wp-content\/uploads\/esf-facebook\/298761926911082_1563884405740710.jpg\"\n\t\t\t\t\t\t\t\tclass=\"img-responsive \"\n\t\t\t\t\t\t\t\t\t\t\t\t\t\t\t\talt=\"Steyr Center Waldviertel\"\/>\n\t\t\t\t\t\t\t<div class=\"efbl-overlay\">\n\n\n\t\t\t\t\t\t\t\t\n\t\t\t\t\t\t\t\t\t<i class=\"icon icon-esf-plus efbl-plus\"\n\t\t\t\t\t\t\t\t\t\taria-hidden=\"true\"><\/i>\n\n\t\t\t\t\t\t\t\t\t\t\t\t\t\t\t\t\t\t\t\t\t\t\t<\/div>\n\t\t\t\t\t\t<\/a>\n\n\t\t\t\t\t\n\n\t\t\t\t<\/div>\n\n\t\t\t\t<div class=\"efbl-feed-content efbl-col-sm-6 \">\n\n\t\t\t\t\t\n\t\t\t\t\t\t<div class=\"efbl-d-flex\">\n\n\t\t\t\t\t\t\t\n\t\t\t\t\t\t\t\t<div class=\"efbl-profile-image\">\n\t\t\t\t\t\t\t\t\t<a href=\"https:\/\/facebook.com\/298761926911082\"\n\t\t\t\t\t\t\t\t\t\ttitle=\"\"\n\t\t\t\t\t\t\t\t\t\trel=\"nofollow\"\n\t\t\t\t\t\t\t\t\t\ttarget=\"_blank\">\n\t\t\t\t\t\t\t\t\t\t<img alt=\"\"\n\t\t\t\t\t\t\t\t\t\t\tsrc=\"https:\/\/scontent.fvie3-1.fna.fbcdn.net\/v\/t39.30808-1\/291944542_5662686330518588_2399157938703370881_n.jpg?stp=dst-jpg_s200x200_tt6&#038;_nc_cat=106&#038;ccb=1-7&#038;_nc_sid=f907e8&#038;_nc_ohc=61biSffq4DkQ7kNvwG7VVaz&#038;_nc_oc=AdrJIfV8nTUDrgQfHvJAreMFvYRrhztkUhmAZ3CJfhWNptvUAQdXG25aDOtH3pH4oHc&#038;_nc_zt=24&#038;_nc_ht=scontent.fvie3-1.fna&#038;edm=AOf6bZoEAAAA&#038;_nc_gid=237jd1zIMSAY8cIb0owYNQ&#038;_nc_tpa=Q5bMBQEyOJmMv0TMWDAnQkB5QhvvVwIeoREsRio5dVO-C7b7b8-k0zKdAKo7eJ5J1PHCYtKT1bfmaQux&#038;oh=00_Af3eQUJlCw8-HZyIFWK_NKjToBn4vv8sOJ4SwHBR5Z9gyw&#038;oe=69F7A34C\"\/><\/a>\n\t\t\t\t\t\t\t\t<\/div>\n\n\t\t\t\t\t\t\t\n\t\t\t\t\t\t\t<div class=\"efbl-profile-title\">\n\t\t\t\t\t\t\t\t<div class=\"efbl-profile-title-wrap \">\n\t\t\t\t\t\t\t\t\t<h2>Steyr Center Waldviertel\t\t\t\t\t\t\t\t\t\t\t\t\t\t\t\t\t\t\t\t<span class=\"efbl-profile-story-text\"> <\/span>\n\t\t\t\t\t\t\t\t\t<\/h2>\n\t\t\t\t\t\t\t\t<\/div>\n\t\t\t\t\t\t\t\t<span>2 days 20 hours ago<\/span>\n\t\t\t\t\t\t\t<\/div>\n\t\t\t\t\t\t<\/div>\n\n\t\t\t\t\t\n\n\t\t\t\t\t\n\n\t\t\t\t\t\n\t\t\t\t\t\t\t\t\t\t\t\t\t<p class=\"description\">\n\t\t\t\t\t\t\t\t<span class=\"efbl-description-wrap\">Die LagerRausTage im Steyr Center Waldviertel letzte Woche waren ein voller Erfolg! \ud83c\udf89 Viele Maschinen haben bereits den Besitzer gewechselt \u2013 aber auch nach dem<\/span>\n\n\n\t\t\t\t\t\t\t\t\n\n\t\t\t\t\t\t\t<\/p>\n\n\t\t\t\t\t\t\n\t\t\t\t\t\n\t\t\t\t\t\n\t\t\t\t<\/div>\n\t\t\t\t\t\t<\/div>\n\n\t\t\t<div class=\"efbl-post-footer\">\n\n\n\t\t<div class=\"efbl-d-flex efbl-justify-content-between\">\n\t\t\t\t\t\t\t<div class=\"efbl-reacted efbl-d-flex efbl-align-items-center\">\n\n\t\t\t\t\t\n\t\t\t\t\t\t\n\t\t\t\t\t\t\t<div class=\"efbl-reacted-item emotis \" >\n\n\t\t\t\t\t\t\t\t\t\t\t\t\t\t\t\t\t<i class=\"icon icon-esf-thumbs-o-up\"><\/i>\n\t\t\t\t\t\t\t\t\n\t\t\t\t\t\t\t\t\t\t\t\t\t\t\t\t38\t\t\t\t\t\t\t<\/div>\n\t\t\t\t\t\t\t\n\n\n\t\t\t\t\t\n\t\t\t\t\t\t\t\n\n\t\t\t\t<\/div>\n\t\t\t\n\n\n\t\t\t<div class=\"efbl-view-share efbl-d-flex efbl-justify-content-between efbl-align-items-center efbl-mb-1 efbl-mt-1\">\n\n\t\t\t\t\n\t\t\t\t\t<a href=\"https:\/\/www.facebook.com\/298761926911082_1563884405740710\"\n\t\t\t\t\t   target=\"_blank\"\n\t\t\t\t\t   rel=\"nofollow\"\n\t\t\t\t\t   class=\"efbl-view-on-fb no-anchor-style link efbl-mr-1\">View on Facebook<\/a>\n\n\t\t\t\t\n\t\t\t\t\n\t\t\t\t\t<div class=\"esf-share-wrapper\">\n\t\t\t\t\t\t<a href=\"#\" class=\"no-anchor-style link esf-share\">Share<\/a>\n\t\t\t\t\t\t<div class=\"esf-social-share\">\n\t\t\t\t\t\t\t<button>\n\t\t\t\t\t\t\t\t<a class=\"efbl_facebook\"\n\t\t\t\t\t\t\t\t   href=\"https:\/\/www.facebook.com\/sharer\/sharer.php?u=https:\/\/www.facebook.com\/298761926911082_1563884405740710\"\n\t\t\t\t\t\t\t\t   rel=\"nofollow\"\n\t\t\t\t\t\t\t\t   target=\"_blank\">\n\t\t\t\t\t\t\t\t\t<i class=\"icon icon-esf-facebook\"><\/i>\n\t\t\t\t\t\t\t\t<\/a>\n\t\t\t\t\t\t\t<\/button>\n\n\t\t\t\t\t\t\t<button>\n\t\t\t\t\t\t\t\t<a class=\"efbl_twitter\"\n\t\t\t\t\t\t\t\t   href=\"https:\/\/twitter.com\/intent\/tweet?text=https:\/\/www.facebook.com\/298761926911082_1563884405740710\"\n\t\t\t\t\t\t\t\t   rel=\"nofollow\"\n\t\t\t\t\t\t\t\t   target=\"_blank\">\n\t\t\t\t\t\t\t\t\t<i class=\"icon icon-esf-twitter\"><\/i>\n\t\t\t\t\t\t\t\t<\/a>\n\t\t\t\t\t\t\t<\/button>\n\n\t\t\t\t\t\t\t<button>\n\t\t\t\t\t\t\t\t<a class=\"efbl_linked_in\"\n\t\t\t\t\t\t\t\t   href=\"https:\/\/www.linkedin.com\/shareArticle?mini=true&url=https:\/\/www.facebook.com\/298761926911082_1563884405740710\"\n\t\t\t\t\t\t\t\t   rel=\"nofollow\"\n\t\t\t\t\t\t\t\t   target=\"_blank\">\n\t\t\t\t\t\t\t\t\t<i class=\"icon icon-esf-linkedin\"><\/i>\n\t\t\t\t\t\t\t\t<\/a>\n\t\t\t\t\t\t\t<\/button>\n\t\t\t\t\t\t<\/div>\n\t\t\t\t\t<\/div>\n\t\t\t\t\n\t\t\t<\/div>\n\n\t\t<\/div>\n\n\n\t<\/div>\n\n\n\t<\/div>\n\n<\/div>\n\n\n<div class=\"efbl-halfwidth-skin added_photos efbl-story-wrapper\">\n\t<div class=\"efbl-thumbnail-wrapper\">\n\t\t<div class=\"efbl-row efbl-content-wrapper\">\n\n\t\t\t\n\n\t\t\t\t<div class=\"efbl-thumbnail-col efbl-col-sm-6\">\n\n\t\t\t\t\t\n\t\t\t\t\t\t<a href=\"https:\/\/www.steyr-waldviertel.at\/wp-admin\/admin-ajax.php?action=efbl_generate_popup_html\" data-imagelink=https:\/\/www.steyr-waldviertel.at\/wp-content\/uploads\/esf-facebook\/298761926911082_1558986679563816.jpg\t\t\t\t\t\t\tdata-storylink=\"https:\/\/www.facebook.com\/298761926911082_1558986679563816\"\n\t\t\t\t\t\t\tdata-linktext=\"Read full story\"\n\t\t\t\t\t\t\tdata-caption=\"Schon Pl\u00e4ne f\u00fcr die n\u00e4chsten Tage? \ud83d\udc40 Besuch uns am 24. und 25. April 2026 bei den LagerRausTagen im Steyr Center Waldviertel \u2013 t\u00e4glich von\"\n\t\t\t\t\t\t\tdata-itemnumber=\"2\"\n\t\t\t\t\t\t\tclass=\"efbl_feed_popup  efbl-cff-item_number-2\">\n\t\t\t\t\t\t\t<img decoding=\"async\" src=\"https:\/\/www.steyr-waldviertel.at\/wp-content\/uploads\/esf-facebook\/298761926911082_1558986679563816.jpg\"\n\t\t\t\t\t\t\t\tclass=\"img-responsive \"\n\t\t\t\t\t\t\t\t\t\t\t\t\t\t\t\talt=\"Steyr Center Waldviertel\"\/>\n\t\t\t\t\t\t\t<div class=\"efbl-overlay\">\n\n\n\t\t\t\t\t\t\t\t\n\t\t\t\t\t\t\t\t\t<i class=\"icon icon-esf-plus efbl-plus\"\n\t\t\t\t\t\t\t\t\t\taria-hidden=\"true\"><\/i>\n\n\t\t\t\t\t\t\t\t\t\t\t\t\t\t\t\t\t\t\t\t\t\t\t\t\t<i class=\"icon icon-esf-clone efbl_multimedia\"\n\t\t\t\t\t\t\t\t\t\taria-hidden=\"true\"><\/i>\n\t\t\t\t\t\t\t\t\t\t\t\t\t\t\t<\/div>\n\t\t\t\t\t\t<\/a>\n\n\t\t\t\t\t\n\n\t\t\t\t<\/div>\n\n\t\t\t\t<div class=\"efbl-feed-content efbl-col-sm-6 \">\n\n\t\t\t\t\t\n\t\t\t\t\t\t<div class=\"efbl-d-flex\">\n\n\t\t\t\t\t\t\t\n\t\t\t\t\t\t\t\t<div class=\"efbl-profile-image\">\n\t\t\t\t\t\t\t\t\t<a href=\"https:\/\/facebook.com\/298761926911082\"\n\t\t\t\t\t\t\t\t\t\ttitle=\"\"\n\t\t\t\t\t\t\t\t\t\trel=\"nofollow\"\n\t\t\t\t\t\t\t\t\t\ttarget=\"_blank\">\n\t\t\t\t\t\t\t\t\t\t<img alt=\"\"\n\t\t\t\t\t\t\t\t\t\t\tsrc=\"https:\/\/scontent.fvie3-1.fna.fbcdn.net\/v\/t39.30808-1\/291944542_5662686330518588_2399157938703370881_n.jpg?stp=dst-jpg_s200x200_tt6&#038;_nc_cat=106&#038;ccb=1-7&#038;_nc_sid=f907e8&#038;_nc_ohc=61biSffq4DkQ7kNvwG7VVaz&#038;_nc_oc=AdrJIfV8nTUDrgQfHvJAreMFvYRrhztkUhmAZ3CJfhWNptvUAQdXG25aDOtH3pH4oHc&#038;_nc_zt=24&#038;_nc_ht=scontent.fvie3-1.fna&#038;edm=AOf6bZoEAAAA&#038;_nc_gid=237jd1zIMSAY8cIb0owYNQ&#038;_nc_tpa=Q5bMBQEyOJmMv0TMWDAnQkB5QhvvVwIeoREsRio5dVO-C7b7b8-k0zKdAKo7eJ5J1PHCYtKT1bfmaQux&#038;oh=00_Af3eQUJlCw8-HZyIFWK_NKjToBn4vv8sOJ4SwHBR5Z9gyw&#038;oe=69F7A34C\"\/><\/a>\n\t\t\t\t\t\t\t\t<\/div>\n\n\t\t\t\t\t\t\t\n\t\t\t\t\t\t\t<div class=\"efbl-profile-title\">\n\t\t\t\t\t\t\t\t<div class=\"efbl-profile-title-wrap \">\n\t\t\t\t\t\t\t\t\t<h2>Steyr Center Waldviertel\t\t\t\t\t\t\t\t\t\t\t\t\t\t\t\t\t\t\t\t<span class=\"efbl-profile-story-text\"> <\/span>\n\t\t\t\t\t\t\t\t\t<\/h2>\n\t\t\t\t\t\t\t\t<\/div>\n\t\t\t\t\t\t\t\t<span>1 week 21 hours ago<\/span>\n\t\t\t\t\t\t\t<\/div>\n\t\t\t\t\t\t<\/div>\n\n\t\t\t\t\t\n\n\t\t\t\t\t\n\n\t\t\t\t\t\n\t\t\t\t\t\t\t\t\t\t\t\t\t<p class=\"description\">\n\t\t\t\t\t\t\t\t<span class=\"efbl-description-wrap\">Schon Pl\u00e4ne f\u00fcr die n\u00e4chsten Tage? \ud83d\udc40 Besuch uns am 24. und 25. April 2026 bei den LagerRausTagen im Steyr Center Waldviertel \u2013 t\u00e4glich von<\/span>\n\n\n\t\t\t\t\t\t\t\t\n\n\t\t\t\t\t\t\t<\/p>\n\n\t\t\t\t\t\t\n\t\t\t\t\t\n\t\t\t\t\t\n\t\t\t\t<\/div>\n\t\t\t\t\t\t<\/div>\n\n\t\t\t<div class=\"efbl-post-footer\">\n\n\n\t\t<div class=\"efbl-d-flex efbl-justify-content-between\">\n\t\t\t\t\t\t\t<div class=\"efbl-reacted efbl-d-flex efbl-align-items-center\">\n\n\t\t\t\t\t\n\t\t\t\t\t\t\n\t\t\t\t\t\t\t<div class=\"efbl-reacted-item emotis \" >\n\n\t\t\t\t\t\t\t\t\t\t\t\t\t\t\t\t\t<i class=\"icon icon-esf-thumbs-o-up\"><\/i>\n\t\t\t\t\t\t\t\t\n\t\t\t\t\t\t\t\t\t\t\t\t\t\t\t\t32\t\t\t\t\t\t\t<\/div>\n\t\t\t\t\t\t\t\n\n\n\t\t\t\t\t\t\t\t\t\t\t<div class=\"efbl-reacted-item\">\n\n\t\t\t\t\t\t\t\n\t\t\t\t\t\t\t\t<i class=\"icon icon-esf-comment-o\"><\/i>2\n\t\t\t\t\t\t\t\t\n\t\t\t\t\t\t<\/div>\n\t\t\t\t\t\n\t\t\t\t\t\t\t\n\n\t\t\t\t<\/div>\n\t\t\t\n\n\n\t\t\t<div class=\"efbl-view-share efbl-d-flex efbl-justify-content-between efbl-align-items-center efbl-mb-1 efbl-mt-1\">\n\n\t\t\t\t\n\t\t\t\t\t<a href=\"https:\/\/www.facebook.com\/298761926911082_1558986679563816\"\n\t\t\t\t\t   target=\"_blank\"\n\t\t\t\t\t   rel=\"nofollow\"\n\t\t\t\t\t   class=\"efbl-view-on-fb no-anchor-style link efbl-mr-1\">View on Facebook<\/a>\n\n\t\t\t\t\n\t\t\t\t\n\t\t\t\t\t<div class=\"esf-share-wrapper\">\n\t\t\t\t\t\t<a href=\"#\" class=\"no-anchor-style link esf-share\">Share<\/a>\n\t\t\t\t\t\t<div class=\"esf-social-share\">\n\t\t\t\t\t\t\t<button>\n\t\t\t\t\t\t\t\t<a class=\"efbl_facebook\"\n\t\t\t\t\t\t\t\t   href=\"https:\/\/www.facebook.com\/sharer\/sharer.php?u=https:\/\/www.facebook.com\/298761926911082_1558986679563816\"\n\t\t\t\t\t\t\t\t   rel=\"nofollow\"\n\t\t\t\t\t\t\t\t   target=\"_blank\">\n\t\t\t\t\t\t\t\t\t<i class=\"icon icon-esf-facebook\"><\/i>\n\t\t\t\t\t\t\t\t<\/a>\n\t\t\t\t\t\t\t<\/button>\n\n\t\t\t\t\t\t\t<button>\n\t\t\t\t\t\t\t\t<a class=\"efbl_twitter\"\n\t\t\t\t\t\t\t\t   href=\"https:\/\/twitter.com\/intent\/tweet?text=https:\/\/www.facebook.com\/298761926911082_1558986679563816\"\n\t\t\t\t\t\t\t\t   rel=\"nofollow\"\n\t\t\t\t\t\t\t\t   target=\"_blank\">\n\t\t\t\t\t\t\t\t\t<i class=\"icon icon-esf-twitter\"><\/i>\n\t\t\t\t\t\t\t\t<\/a>\n\t\t\t\t\t\t\t<\/button>\n\n\t\t\t\t\t\t\t<button>\n\t\t\t\t\t\t\t\t<a class=\"efbl_linked_in\"\n\t\t\t\t\t\t\t\t   href=\"https:\/\/www.linkedin.com\/shareArticle?mini=true&url=https:\/\/www.facebook.com\/298761926911082_1558986679563816\"\n\t\t\t\t\t\t\t\t   rel=\"nofollow\"\n\t\t\t\t\t\t\t\t   target=\"_blank\">\n\t\t\t\t\t\t\t\t\t<i class=\"icon icon-esf-linkedin\"><\/i>\n\t\t\t\t\t\t\t\t<\/a>\n\t\t\t\t\t\t\t<\/button>\n\t\t\t\t\t\t<\/div>\n\t\t\t\t\t<\/div>\n\t\t\t\t\n\t\t\t<\/div>\n\n\t\t<\/div>\n\n\n\t<\/div>\n\n\n\t<\/div>\n\n<\/div>\n\n\n<div class=\"efbl-halfwidth-skin added_photos efbl-story-wrapper\">\n\t<div class=\"efbl-thumbnail-wrapper\">\n\t\t<div class=\"efbl-row efbl-content-wrapper\">\n\n\t\t\t\n\n\t\t\t\t<div class=\"efbl-thumbnail-col efbl-col-sm-6\">\n\n\t\t\t\t\t\n\t\t\t\t\t\t<a href=\"https:\/\/www.steyr-waldviertel.at\/wp-admin\/admin-ajax.php?action=efbl_generate_popup_html\" data-imagelink=https:\/\/www.steyr-waldviertel.at\/wp-content\/uploads\/esf-facebook\/298761926911082_1556493759813108.jpg\t\t\t\t\t\t\tdata-storylink=\"https:\/\/www.facebook.com\/298761926911082_1556493759813108\"\n\t\t\t\t\t\t\tdata-linktext=\"Read full story\"\n\t\t\t\t\t\t\tdata-caption=\"\ud83d\ude9c \u00dcbergabe der zweiten P\u00f6ttinger Lion Kreiselegge f\u00fcr das Kartoffellegen\ud83d\ude9c Wir bedanken uns herzlich bei unseren treuen Kunden Kaltenb\u00f6ck GsnbR f\u00fcr das entgegengebrachte Vertrauen und\"\n\t\t\t\t\t\t\tdata-itemnumber=\"3\"\n\t\t\t\t\t\t\tclass=\"efbl_feed_popup  efbl-cff-item_number-3\">\n\t\t\t\t\t\t\t<img decoding=\"async\" src=\"https:\/\/www.steyr-waldviertel.at\/wp-content\/uploads\/esf-facebook\/298761926911082_1556493759813108.jpg\"\n\t\t\t\t\t\t\t\tclass=\"img-responsive \"\n\t\t\t\t\t\t\t\t\t\t\t\t\t\t\t\talt=\"Steyr Center Waldviertel\"\/>\n\t\t\t\t\t\t\t<div class=\"efbl-overlay\">\n\n\n\t\t\t\t\t\t\t\t\n\t\t\t\t\t\t\t\t\t<i class=\"icon icon-esf-plus efbl-plus\"\n\t\t\t\t\t\t\t\t\t\taria-hidden=\"true\"><\/i>\n\n\t\t\t\t\t\t\t\t\t\t\t\t\t\t\t\t\t\t\t\t\t\t\t<\/div>\n\t\t\t\t\t\t<\/a>\n\n\t\t\t\t\t\n\n\t\t\t\t<\/div>\n\n\t\t\t\t<div class=\"efbl-feed-content efbl-col-sm-6 \">\n\n\t\t\t\t\t\n\t\t\t\t\t\t<div class=\"efbl-d-flex\">\n\n\t\t\t\t\t\t\t\n\t\t\t\t\t\t\t\t<div class=\"efbl-profile-image\">\n\t\t\t\t\t\t\t\t\t<a href=\"https:\/\/facebook.com\/298761926911082\"\n\t\t\t\t\t\t\t\t\t\ttitle=\"\"\n\t\t\t\t\t\t\t\t\t\trel=\"nofollow\"\n\t\t\t\t\t\t\t\t\t\ttarget=\"_blank\">\n\t\t\t\t\t\t\t\t\t\t<img alt=\"\"\n\t\t\t\t\t\t\t\t\t\t\tsrc=\"https:\/\/scontent.fvie3-1.fna.fbcdn.net\/v\/t39.30808-1\/291944542_5662686330518588_2399157938703370881_n.jpg?stp=dst-jpg_s200x200_tt6&#038;_nc_cat=106&#038;ccb=1-7&#038;_nc_sid=f907e8&#038;_nc_ohc=61biSffq4DkQ7kNvwG7VVaz&#038;_nc_oc=AdrJIfV8nTUDrgQfHvJAreMFvYRrhztkUhmAZ3CJfhWNptvUAQdXG25aDOtH3pH4oHc&#038;_nc_zt=24&#038;_nc_ht=scontent.fvie3-1.fna&#038;edm=AOf6bZoEAAAA&#038;_nc_gid=237jd1zIMSAY8cIb0owYNQ&#038;_nc_tpa=Q5bMBQEyOJmMv0TMWDAnQkB5QhvvVwIeoREsRio5dVO-C7b7b8-k0zKdAKo7eJ5J1PHCYtKT1bfmaQux&#038;oh=00_Af3eQUJlCw8-HZyIFWK_NKjToBn4vv8sOJ4SwHBR5Z9gyw&#038;oe=69F7A34C\"\/><\/a>\n\t\t\t\t\t\t\t\t<\/div>\n\n\t\t\t\t\t\t\t\n\t\t\t\t\t\t\t<div class=\"efbl-profile-title\">\n\t\t\t\t\t\t\t\t<div class=\"efbl-profile-title-wrap \">\n\t\t\t\t\t\t\t\t\t<h2>Steyr Center Waldviertel\t\t\t\t\t\t\t\t\t\t\t\t\t\t\t\t\t\t\t\t<span class=\"efbl-profile-story-text\"> <\/span>\n\t\t\t\t\t\t\t\t\t<\/h2>\n\t\t\t\t\t\t\t\t<\/div>\n\t\t\t\t\t\t\t\t<span>1 week 3 days ago<\/span>\n\t\t\t\t\t\t\t<\/div>\n\t\t\t\t\t\t<\/div>\n\n\t\t\t\t\t\n\n\t\t\t\t\t\n\n\t\t\t\t\t\n\t\t\t\t\t\t\t\t\t\t\t\t\t<p class=\"description\">\n\t\t\t\t\t\t\t\t<span class=\"efbl-description-wrap\">\ud83d\ude9c \u00dcbergabe der zweiten P\u00f6ttinger Lion Kreiselegge f\u00fcr das Kartoffellegen\ud83d\ude9c Wir bedanken uns herzlich bei unseren treuen Kunden Kaltenb\u00f6ck GsnbR f\u00fcr das entgegengebrachte Vertrauen und<\/span>\n\n\n\t\t\t\t\t\t\t\t\n\n\t\t\t\t\t\t\t<\/p>\n\n\t\t\t\t\t\t\n\t\t\t\t\t\n\t\t\t\t\t\n\t\t\t\t<\/div>\n\t\t\t\t\t\t<\/div>\n\n\t\t\t<div class=\"efbl-post-footer\">\n\n\n\t\t<div class=\"efbl-d-flex efbl-justify-content-between\">\n\t\t\t\t\t\t\t<div class=\"efbl-reacted efbl-d-flex efbl-align-items-center\">\n\n\t\t\t\t\t\n\t\t\t\t\t\t\n\t\t\t\t\t\t\t<div class=\"efbl-reacted-item emotis \" >\n\n\t\t\t\t\t\t\t\t\t\t\t\t\t\t\t\t\t<i class=\"icon icon-esf-thumbs-o-up\"><\/i>\n\t\t\t\t\t\t\t\t\n\t\t\t\t\t\t\t\t\t\t\t\t\t\t\t\t134\t\t\t\t\t\t\t<\/div>\n\t\t\t\t\t\t\t\n\n\n\t\t\t\t\t\t\t\t\t\t\t<div class=\"efbl-reacted-item\">\n\n\t\t\t\t\t\t\t\n\t\t\t\t\t\t\t\t<i class=\"icon icon-esf-comment-o\"><\/i>2\n\t\t\t\t\t\t\t\t\n\t\t\t\t\t\t<\/div>\n\t\t\t\t\t\n\t\t\t\t\t\t\t\n\n\t\t\t\t<\/div>\n\t\t\t\n\n\n\t\t\t<div class=\"efbl-view-share efbl-d-flex efbl-justify-content-between efbl-align-items-center efbl-mb-1 efbl-mt-1\">\n\n\t\t\t\t\n\t\t\t\t\t<a href=\"https:\/\/www.facebook.com\/298761926911082_1556493759813108\"\n\t\t\t\t\t   target=\"_blank\"\n\t\t\t\t\t   rel=\"nofollow\"\n\t\t\t\t\t   class=\"efbl-view-on-fb no-anchor-style link efbl-mr-1\">View on Facebook<\/a>\n\n\t\t\t\t\n\t\t\t\t\n\t\t\t\t\t<div class=\"esf-share-wrapper\">\n\t\t\t\t\t\t<a href=\"#\" class=\"no-anchor-style link esf-share\">Share<\/a>\n\t\t\t\t\t\t<div class=\"esf-social-share\">\n\t\t\t\t\t\t\t<button>\n\t\t\t\t\t\t\t\t<a class=\"efbl_facebook\"\n\t\t\t\t\t\t\t\t   href=\"https:\/\/www.facebook.com\/sharer\/sharer.php?u=https:\/\/www.facebook.com\/298761926911082_1556493759813108\"\n\t\t\t\t\t\t\t\t   rel=\"nofollow\"\n\t\t\t\t\t\t\t\t   target=\"_blank\">\n\t\t\t\t\t\t\t\t\t<i class=\"icon icon-esf-facebook\"><\/i>\n\t\t\t\t\t\t\t\t<\/a>\n\t\t\t\t\t\t\t<\/button>\n\n\t\t\t\t\t\t\t<button>\n\t\t\t\t\t\t\t\t<a class=\"efbl_twitter\"\n\t\t\t\t\t\t\t\t   href=\"https:\/\/twitter.com\/intent\/tweet?text=https:\/\/www.facebook.com\/298761926911082_1556493759813108\"\n\t\t\t\t\t\t\t\t   rel=\"nofollow\"\n\t\t\t\t\t\t\t\t   target=\"_blank\">\n\t\t\t\t\t\t\t\t\t<i class=\"icon icon-esf-twitter\"><\/i>\n\t\t\t\t\t\t\t\t<\/a>\n\t\t\t\t\t\t\t<\/button>\n\n\t\t\t\t\t\t\t<button>\n\t\t\t\t\t\t\t\t<a class=\"efbl_linked_in\"\n\t\t\t\t\t\t\t\t   href=\"https:\/\/www.linkedin.com\/shareArticle?mini=true&url=https:\/\/www.facebook.com\/298761926911082_1556493759813108\"\n\t\t\t\t\t\t\t\t   rel=\"nofollow\"\n\t\t\t\t\t\t\t\t   target=\"_blank\">\n\t\t\t\t\t\t\t\t\t<i class=\"icon icon-esf-linkedin\"><\/i>\n\t\t\t\t\t\t\t\t<\/a>\n\t\t\t\t\t\t\t<\/button>\n\t\t\t\t\t\t<\/div>\n\t\t\t\t\t<\/div>\n\t\t\t\t\n\t\t\t<\/div>\n\n\t\t<\/div>\n\n\n\t<\/div>\n\n\n\t<\/div>\n\n<\/div>\n\n\n<div class=\"efbl-halfwidth-skin added_photos efbl-story-wrapper\">\n\t<div class=\"efbl-thumbnail-wrapper\">\n\t\t<div class=\"efbl-row efbl-content-wrapper\">\n\n\t\t\t\n\n\t\t\t\t<div class=\"efbl-thumbnail-col efbl-col-sm-6\">\n\n\t\t\t\t\t\n\t\t\t\t\t\t<a href=\"https:\/\/www.steyr-waldviertel.at\/wp-admin\/admin-ajax.php?action=efbl_generate_popup_html\" data-imagelink=https:\/\/www.steyr-waldviertel.at\/wp-content\/uploads\/esf-facebook\/298761926911082_1551860010276483.jpg\t\t\t\t\t\t\tdata-storylink=\"https:\/\/www.facebook.com\/298761926911082_1551860010276483\"\n\t\t\t\t\t\t\tdata-linktext=\"Read full story\"\n\t\t\t\t\t\t\tdata-caption=\"\u00dcbergabe und Ersteinsatz eines P\u00f6ttinger Servo 4000 in der n\u00f6rdlichsten Gemeinde \u00d6sterreichs!! Vielen Dank an das entgegengebrachte Vertrauen \ud83e\udd1d\ud83c\udf40 #&lt;a href=&quot;https:\/\/www.facebook.com\/hashtag\/P&quot; target=&quot;_blank&quot;&gt;P&lt;\/a&gt;\u00f6ttinger #&lt;a href=&quot;https:\/\/www.facebook.com\/hashtag\/SCW&quot; target=&quot;_blank&quot;&gt;SCW&lt;\/a&gt;\"\n\t\t\t\t\t\t\tdata-itemnumber=\"4\"\n\t\t\t\t\t\t\tclass=\"efbl_feed_popup  efbl-cff-item_number-4\">\n\t\t\t\t\t\t\t<img decoding=\"async\" src=\"https:\/\/www.steyr-waldviertel.at\/wp-content\/uploads\/esf-facebook\/298761926911082_1551860010276483.jpg\"\n\t\t\t\t\t\t\t\tclass=\"img-responsive \"\n\t\t\t\t\t\t\t\t\t\t\t\t\t\t\t\talt=\"Steyr Center Waldviertel\"\/>\n\t\t\t\t\t\t\t<div class=\"efbl-overlay\">\n\n\n\t\t\t\t\t\t\t\t\n\t\t\t\t\t\t\t\t\t<i class=\"icon icon-esf-plus efbl-plus\"\n\t\t\t\t\t\t\t\t\t\taria-hidden=\"true\"><\/i>\n\n\t\t\t\t\t\t\t\t\t\t\t\t\t\t\t\t\t\t\t\t\t\t\t<\/div>\n\t\t\t\t\t\t<\/a>\n\n\t\t\t\t\t\n\n\t\t\t\t<\/div>\n\n\t\t\t\t<div class=\"efbl-feed-content efbl-col-sm-6 \">\n\n\t\t\t\t\t\n\t\t\t\t\t\t<div class=\"efbl-d-flex\">\n\n\t\t\t\t\t\t\t\n\t\t\t\t\t\t\t\t<div class=\"efbl-profile-image\">\n\t\t\t\t\t\t\t\t\t<a href=\"https:\/\/facebook.com\/298761926911082\"\n\t\t\t\t\t\t\t\t\t\ttitle=\"\"\n\t\t\t\t\t\t\t\t\t\trel=\"nofollow\"\n\t\t\t\t\t\t\t\t\t\ttarget=\"_blank\">\n\t\t\t\t\t\t\t\t\t\t<img alt=\"\"\n\t\t\t\t\t\t\t\t\t\t\tsrc=\"https:\/\/scontent.fvie3-1.fna.fbcdn.net\/v\/t39.30808-1\/291944542_5662686330518588_2399157938703370881_n.jpg?stp=dst-jpg_s200x200_tt6&#038;_nc_cat=106&#038;ccb=1-7&#038;_nc_sid=f907e8&#038;_nc_ohc=61biSffq4DkQ7kNvwG7VVaz&#038;_nc_oc=AdrJIfV8nTUDrgQfHvJAreMFvYRrhztkUhmAZ3CJfhWNptvUAQdXG25aDOtH3pH4oHc&#038;_nc_zt=24&#038;_nc_ht=scontent.fvie3-1.fna&#038;edm=AOf6bZoEAAAA&#038;_nc_gid=237jd1zIMSAY8cIb0owYNQ&#038;_nc_tpa=Q5bMBQEyOJmMv0TMWDAnQkB5QhvvVwIeoREsRio5dVO-C7b7b8-k0zKdAKo7eJ5J1PHCYtKT1bfmaQux&#038;oh=00_Af3eQUJlCw8-HZyIFWK_NKjToBn4vv8sOJ4SwHBR5Z9gyw&#038;oe=69F7A34C\"\/><\/a>\n\t\t\t\t\t\t\t\t<\/div>\n\n\t\t\t\t\t\t\t\n\t\t\t\t\t\t\t<div class=\"efbl-profile-title\">\n\t\t\t\t\t\t\t\t<div class=\"efbl-profile-title-wrap \">\n\t\t\t\t\t\t\t\t\t<h2>Steyr Center Waldviertel\t\t\t\t\t\t\t\t\t\t\t\t\t\t\t\t\t\t\t\t<span class=\"efbl-profile-story-text\"> <\/span>\n\t\t\t\t\t\t\t\t\t<\/h2>\n\t\t\t\t\t\t\t\t<\/div>\n\t\t\t\t\t\t\t\t<span>2 weeks 1 day ago<\/span>\n\t\t\t\t\t\t\t<\/div>\n\t\t\t\t\t\t<\/div>\n\n\t\t\t\t\t\n\n\t\t\t\t\t\n\n\t\t\t\t\t\n\t\t\t\t\t\t\t\t\t\t\t\t\t<p class=\"description\">\n\t\t\t\t\t\t\t\t<span class=\"efbl-description-wrap\">\u00dcbergabe und Ersteinsatz eines P\u00f6ttinger Servo 4000 in der n\u00f6rdlichsten Gemeinde \u00d6sterreichs!! Vielen Dank an das entgegengebrachte Vertrauen \ud83e\udd1d\ud83c\udf40 #<a href=\"https:\/\/www.facebook.com\/hashtag\/P\" class=\"eflb-hash\" target=\"_blank\">P<\/a>\u00f6ttinger #<a href=\"https:\/\/www.facebook.com\/hashtag\/SCW\" class=\"eflb-hash\" target=\"_blank\">SCW<\/a><\/span>\n\n\n\t\t\t\t\t\t\t\t\n\n\t\t\t\t\t\t\t<\/p>\n\n\t\t\t\t\t\t\n\t\t\t\t\t\n\t\t\t\t\t\n\t\t\t\t<\/div>\n\t\t\t\t\t\t<\/div>\n\n\t\t\t<div class=\"efbl-post-footer\">\n\n\n\t\t<div class=\"efbl-d-flex efbl-justify-content-between\">\n\t\t\t\t\t\t\t<div class=\"efbl-reacted efbl-d-flex efbl-align-items-center\">\n\n\t\t\t\t\t\n\t\t\t\t\t\t\n\t\t\t\t\t\t\t<div class=\"efbl-reacted-item emotis \" >\n\n\t\t\t\t\t\t\t\t\t\t\t\t\t\t\t\t\t<i class=\"icon icon-esf-thumbs-o-up\"><\/i>\n\t\t\t\t\t\t\t\t\n\t\t\t\t\t\t\t\t\t\t\t\t\t\t\t\t83\t\t\t\t\t\t\t<\/div>\n\t\t\t\t\t\t\t\n\n\n\t\t\t\t\t\n\t\t\t\t\t\t\t\n\n\t\t\t\t<\/div>\n\t\t\t\n\n\n\t\t\t<div class=\"efbl-view-share efbl-d-flex efbl-justify-content-between efbl-align-items-center efbl-mb-1 efbl-mt-1\">\n\n\t\t\t\t\n\t\t\t\t\t<a href=\"https:\/\/www.facebook.com\/298761926911082_1551860010276483\"\n\t\t\t\t\t   target=\"_blank\"\n\t\t\t\t\t   rel=\"nofollow\"\n\t\t\t\t\t   class=\"efbl-view-on-fb no-anchor-style link efbl-mr-1\">View on Facebook<\/a>\n\n\t\t\t\t\n\t\t\t\t\n\t\t\t\t\t<div class=\"esf-share-wrapper\">\n\t\t\t\t\t\t<a href=\"#\" class=\"no-anchor-style link esf-share\">Share<\/a>\n\t\t\t\t\t\t<div class=\"esf-social-share\">\n\t\t\t\t\t\t\t<button>\n\t\t\t\t\t\t\t\t<a class=\"efbl_facebook\"\n\t\t\t\t\t\t\t\t   href=\"https:\/\/www.facebook.com\/sharer\/sharer.php?u=https:\/\/www.facebook.com\/298761926911082_1551860010276483\"\n\t\t\t\t\t\t\t\t   rel=\"nofollow\"\n\t\t\t\t\t\t\t\t   target=\"_blank\">\n\t\t\t\t\t\t\t\t\t<i class=\"icon icon-esf-facebook\"><\/i>\n\t\t\t\t\t\t\t\t<\/a>\n\t\t\t\t\t\t\t<\/button>\n\n\t\t\t\t\t\t\t<button>\n\t\t\t\t\t\t\t\t<a class=\"efbl_twitter\"\n\t\t\t\t\t\t\t\t   href=\"https:\/\/twitter.com\/intent\/tweet?text=https:\/\/www.facebook.com\/298761926911082_1551860010276483\"\n\t\t\t\t\t\t\t\t   rel=\"nofollow\"\n\t\t\t\t\t\t\t\t   target=\"_blank\">\n\t\t\t\t\t\t\t\t\t<i class=\"icon icon-esf-twitter\"><\/i>\n\t\t\t\t\t\t\t\t<\/a>\n\t\t\t\t\t\t\t<\/button>\n\n\t\t\t\t\t\t\t<button>\n\t\t\t\t\t\t\t\t<a class=\"efbl_linked_in\"\n\t\t\t\t\t\t\t\t   href=\"https:\/\/www.linkedin.com\/shareArticle?mini=true&url=https:\/\/www.facebook.com\/298761926911082_1551860010276483\"\n\t\t\t\t\t\t\t\t   rel=\"nofollow\"\n\t\t\t\t\t\t\t\t   target=\"_blank\">\n\t\t\t\t\t\t\t\t\t<i class=\"icon icon-esf-linkedin\"><\/i>\n\t\t\t\t\t\t\t\t<\/a>\n\t\t\t\t\t\t\t<\/button>\n\t\t\t\t\t\t<\/div>\n\t\t\t\t\t<\/div>\n\t\t\t\t\n\t\t\t<\/div>\n\n\t\t<\/div>\n\n\n\t<\/div>\n\n\n\t<\/div>\n\n<\/div>\n\n\n<div class=\"efbl-halfwidth-skin added_photos efbl-story-wrapper\">\n\t<div class=\"efbl-thumbnail-wrapper\">\n\t\t<div class=\"efbl-row efbl-content-wrapper\">\n\n\t\t\t\n\n\t\t\t\t<div class=\"efbl-thumbnail-col efbl-col-sm-6\">\n\n\t\t\t\t\t\n\t\t\t\t\t\t<a href=\"https:\/\/www.steyr-waldviertel.at\/wp-admin\/admin-ajax.php?action=efbl_generate_popup_html\" data-imagelink=https:\/\/www.steyr-waldviertel.at\/wp-content\/uploads\/esf-facebook\/298761926911082_1550702417058909.jpg\t\t\t\t\t\t\tdata-storylink=\"https:\/\/www.facebook.com\/298761926911082_1550702417058909\"\n\t\t\t\t\t\t\tdata-linktext=\"Read full story\"\n\t\t\t\t\t\t\tdata-caption=\"\ud83d\ude9c Gro\u00dfer Lagerabverkauf im Steyr Center Waldviertel! \ud83d\ude9c Wir schaffen Platz f\u00fcr Neues: Am 24. &amp; 25. April 2026 erwarten dich im Steyr Center in\"\n\t\t\t\t\t\t\tdata-itemnumber=\"5\"\n\t\t\t\t\t\t\tclass=\"efbl_feed_popup  efbl-cff-item_number-5\">\n\t\t\t\t\t\t\t<img decoding=\"async\" src=\"https:\/\/www.steyr-waldviertel.at\/wp-content\/uploads\/esf-facebook\/298761926911082_1550702417058909.jpg\"\n\t\t\t\t\t\t\t\tclass=\"img-responsive \"\n\t\t\t\t\t\t\t\t\t\t\t\t\t\t\t\talt=\"Steyr Center Waldviertel\"\/>\n\t\t\t\t\t\t\t<div class=\"efbl-overlay\">\n\n\n\t\t\t\t\t\t\t\t\n\t\t\t\t\t\t\t\t\t<i class=\"icon icon-esf-plus efbl-plus\"\n\t\t\t\t\t\t\t\t\t\taria-hidden=\"true\"><\/i>\n\n\t\t\t\t\t\t\t\t\t\t\t\t\t\t\t\t\t\t\t\t\t\t\t<\/div>\n\t\t\t\t\t\t<\/a>\n\n\t\t\t\t\t\n\n\t\t\t\t<\/div>\n\n\t\t\t\t<div class=\"efbl-feed-content efbl-col-sm-6 \">\n\n\t\t\t\t\t\n\t\t\t\t\t\t<div class=\"efbl-d-flex\">\n\n\t\t\t\t\t\t\t\n\t\t\t\t\t\t\t\t<div class=\"efbl-profile-image\">\n\t\t\t\t\t\t\t\t\t<a href=\"https:\/\/facebook.com\/298761926911082\"\n\t\t\t\t\t\t\t\t\t\ttitle=\"\"\n\t\t\t\t\t\t\t\t\t\trel=\"nofollow\"\n\t\t\t\t\t\t\t\t\t\ttarget=\"_blank\">\n\t\t\t\t\t\t\t\t\t\t<img alt=\"\"\n\t\t\t\t\t\t\t\t\t\t\tsrc=\"https:\/\/scontent.fvie3-1.fna.fbcdn.net\/v\/t39.30808-1\/291944542_5662686330518588_2399157938703370881_n.jpg?stp=dst-jpg_s200x200_tt6&#038;_nc_cat=106&#038;ccb=1-7&#038;_nc_sid=f907e8&#038;_nc_ohc=61biSffq4DkQ7kNvwG7VVaz&#038;_nc_oc=AdrJIfV8nTUDrgQfHvJAreMFvYRrhztkUhmAZ3CJfhWNptvUAQdXG25aDOtH3pH4oHc&#038;_nc_zt=24&#038;_nc_ht=scontent.fvie3-1.fna&#038;edm=AOf6bZoEAAAA&#038;_nc_gid=237jd1zIMSAY8cIb0owYNQ&#038;_nc_tpa=Q5bMBQEyOJmMv0TMWDAnQkB5QhvvVwIeoREsRio5dVO-C7b7b8-k0zKdAKo7eJ5J1PHCYtKT1bfmaQux&#038;oh=00_Af3eQUJlCw8-HZyIFWK_NKjToBn4vv8sOJ4SwHBR5Z9gyw&#038;oe=69F7A34C\"\/><\/a>\n\t\t\t\t\t\t\t\t<\/div>\n\n\t\t\t\t\t\t\t\n\t\t\t\t\t\t\t<div class=\"efbl-profile-title\">\n\t\t\t\t\t\t\t\t<div class=\"efbl-profile-title-wrap \">\n\t\t\t\t\t\t\t\t\t<h2>Steyr Center Waldviertel\t\t\t\t\t\t\t\t\t\t\t\t\t\t\t\t\t\t\t\t<span class=\"efbl-profile-story-text\"> <\/span>\n\t\t\t\t\t\t\t\t\t<\/h2>\n\t\t\t\t\t\t\t\t<\/div>\n\t\t\t\t\t\t\t\t<span>2 weeks 2 days ago<\/span>\n\t\t\t\t\t\t\t<\/div>\n\t\t\t\t\t\t<\/div>\n\n\t\t\t\t\t\n\n\t\t\t\t\t\n\n\t\t\t\t\t\n\t\t\t\t\t\t\t\t\t\t\t\t\t<p class=\"description\">\n\t\t\t\t\t\t\t\t<span class=\"efbl-description-wrap\">\ud83d\ude9c Gro\u00dfer Lagerabverkauf im Steyr Center Waldviertel! \ud83d\ude9c Wir schaffen Platz f\u00fcr Neues: Am 24. &amp; 25. April 2026 erwarten dich im Steyr Center in<\/span>\n\n\n\t\t\t\t\t\t\t\t\n\n\t\t\t\t\t\t\t<\/p>\n\n\t\t\t\t\t\t\n\t\t\t\t\t\n\t\t\t\t\t\n\t\t\t\t<\/div>\n\t\t\t\t\t\t<\/div>\n\n\t\t\t<div class=\"efbl-post-footer\">\n\n\n\t\t<div class=\"efbl-d-flex efbl-justify-content-between\">\n\t\t\t\t\t\t\t<div class=\"efbl-reacted efbl-d-flex efbl-align-items-center\">\n\n\t\t\t\t\t\n\t\t\t\t\t\t\n\t\t\t\t\t\t\t<div class=\"efbl-reacted-item emotis \" >\n\n\t\t\t\t\t\t\t\t\t\t\t\t\t\t\t\t\t<i class=\"icon icon-esf-thumbs-o-up\"><\/i>\n\t\t\t\t\t\t\t\t\n\t\t\t\t\t\t\t\t\t\t\t\t\t\t\t\t22\t\t\t\t\t\t\t<\/div>\n\t\t\t\t\t\t\t\n\n\n\t\t\t\t\t\n\t\t\t\t\t\t\t\n\n\t\t\t\t<\/div>\n\t\t\t\n\n\n\t\t\t<div class=\"efbl-view-share efbl-d-flex efbl-justify-content-between efbl-align-items-center efbl-mb-1 efbl-mt-1\">\n\n\t\t\t\t\n\t\t\t\t\t<a href=\"https:\/\/www.facebook.com\/298761926911082_1550702417058909\"\n\t\t\t\t\t   target=\"_blank\"\n\t\t\t\t\t   rel=\"nofollow\"\n\t\t\t\t\t   class=\"efbl-view-on-fb no-anchor-style link efbl-mr-1\">View on Facebook<\/a>\n\n\t\t\t\t\n\t\t\t\t\n\t\t\t\t\t<div class=\"esf-share-wrapper\">\n\t\t\t\t\t\t<a href=\"#\" class=\"no-anchor-style link esf-share\">Share<\/a>\n\t\t\t\t\t\t<div class=\"esf-social-share\">\n\t\t\t\t\t\t\t<button>\n\t\t\t\t\t\t\t\t<a class=\"efbl_facebook\"\n\t\t\t\t\t\t\t\t   href=\"https:\/\/www.facebook.com\/sharer\/sharer.php?u=https:\/\/www.facebook.com\/298761926911082_1550702417058909\"\n\t\t\t\t\t\t\t\t   rel=\"nofollow\"\n\t\t\t\t\t\t\t\t   target=\"_blank\">\n\t\t\t\t\t\t\t\t\t<i class=\"icon icon-esf-facebook\"><\/i>\n\t\t\t\t\t\t\t\t<\/a>\n\t\t\t\t\t\t\t<\/button>\n\n\t\t\t\t\t\t\t<button>\n\t\t\t\t\t\t\t\t<a class=\"efbl_twitter\"\n\t\t\t\t\t\t\t\t   href=\"https:\/\/twitter.com\/intent\/tweet?text=https:\/\/www.facebook.com\/298761926911082_1550702417058909\"\n\t\t\t\t\t\t\t\t   rel=\"nofollow\"\n\t\t\t\t\t\t\t\t   target=\"_blank\">\n\t\t\t\t\t\t\t\t\t<i class=\"icon icon-esf-twitter\"><\/i>\n\t\t\t\t\t\t\t\t<\/a>\n\t\t\t\t\t\t\t<\/button>\n\n\t\t\t\t\t\t\t<button>\n\t\t\t\t\t\t\t\t<a class=\"efbl_linked_in\"\n\t\t\t\t\t\t\t\t   href=\"https:\/\/www.linkedin.com\/shareArticle?mini=true&url=https:\/\/www.facebook.com\/298761926911082_1550702417058909\"\n\t\t\t\t\t\t\t\t   rel=\"nofollow\"\n\t\t\t\t\t\t\t\t   target=\"_blank\">\n\t\t\t\t\t\t\t\t\t<i class=\"icon icon-esf-linkedin\"><\/i>\n\t\t\t\t\t\t\t\t<\/a>\n\t\t\t\t\t\t\t<\/button>\n\t\t\t\t\t\t<\/div>\n\t\t\t\t\t<\/div>\n\t\t\t\t\n\t\t\t<\/div>\n\n\t\t<\/div>\n\n\n\t<\/div>\n\n\n\t<\/div>\n\n<\/div>\n\n\n<div class=\"efbl-halfwidth-skin added_photos efbl-story-wrapper\">\n\t<div class=\"efbl-thumbnail-wrapper\">\n\t\t<div class=\"efbl-row efbl-content-wrapper\">\n\n\t\t\t\n\n\t\t\t\t<div class=\"efbl-thumbnail-col efbl-col-sm-6\">\n\n\t\t\t\t\t\n\t\t\t\t\t\t<a href=\"https:\/\/www.steyr-waldviertel.at\/wp-admin\/admin-ajax.php?action=efbl_generate_popup_html\" data-imagelink=https:\/\/www.steyr-waldviertel.at\/wp-content\/uploads\/esf-facebook\/298761926911082_1548046333991184.jpg\t\t\t\t\t\t\tdata-storylink=\"https:\/\/www.facebook.com\/298761926911082_1548046333991184\"\n\t\t\t\t\t\t\tdata-linktext=\"Read full story\"\n\t\t\t\t\t\t\tdata-caption=\"\u00dcbergabe eines neuen STEYR Terrus 6340 CVT an Fam. Schmalzbauer.\nWir w\u00fcnschen viel Freude und bedanken uns f\u00fcr das wiederholte Vertrauen!\"\n\t\t\t\t\t\t\tdata-itemnumber=\"6\"\n\t\t\t\t\t\t\tclass=\"efbl_feed_popup  efbl-cff-item_number-6\">\n\t\t\t\t\t\t\t<img decoding=\"async\" src=\"https:\/\/www.steyr-waldviertel.at\/wp-content\/uploads\/esf-facebook\/298761926911082_1548046333991184.jpg\"\n\t\t\t\t\t\t\t\tclass=\"img-responsive \"\n\t\t\t\t\t\t\t\t\t\t\t\t\t\t\t\talt=\"Steyr Center Waldviertel\"\/>\n\t\t\t\t\t\t\t<div class=\"efbl-overlay\">\n\n\n\t\t\t\t\t\t\t\t\n\t\t\t\t\t\t\t\t\t<i class=\"icon icon-esf-plus efbl-plus\"\n\t\t\t\t\t\t\t\t\t\taria-hidden=\"true\"><\/i>\n\n\t\t\t\t\t\t\t\t\t\t\t\t\t\t\t\t\t\t\t\t\t\t\t<\/div>\n\t\t\t\t\t\t<\/a>\n\n\t\t\t\t\t\n\n\t\t\t\t<\/div>\n\n\t\t\t\t<div class=\"efbl-feed-content efbl-col-sm-6 \">\n\n\t\t\t\t\t\n\t\t\t\t\t\t<div class=\"efbl-d-flex\">\n\n\t\t\t\t\t\t\t\n\t\t\t\t\t\t\t\t<div class=\"efbl-profile-image\">\n\t\t\t\t\t\t\t\t\t<a href=\"https:\/\/facebook.com\/298761926911082\"\n\t\t\t\t\t\t\t\t\t\ttitle=\"\"\n\t\t\t\t\t\t\t\t\t\trel=\"nofollow\"\n\t\t\t\t\t\t\t\t\t\ttarget=\"_blank\">\n\t\t\t\t\t\t\t\t\t\t<img alt=\"\"\n\t\t\t\t\t\t\t\t\t\t\tsrc=\"https:\/\/scontent.fvie3-1.fna.fbcdn.net\/v\/t39.30808-1\/291944542_5662686330518588_2399157938703370881_n.jpg?stp=dst-jpg_s200x200_tt6&#038;_nc_cat=106&#038;ccb=1-7&#038;_nc_sid=f907e8&#038;_nc_ohc=61biSffq4DkQ7kNvwG7VVaz&#038;_nc_oc=AdrJIfV8nTUDrgQfHvJAreMFvYRrhztkUhmAZ3CJfhWNptvUAQdXG25aDOtH3pH4oHc&#038;_nc_zt=24&#038;_nc_ht=scontent.fvie3-1.fna&#038;edm=AOf6bZoEAAAA&#038;_nc_gid=237jd1zIMSAY8cIb0owYNQ&#038;_nc_tpa=Q5bMBQEyOJmMv0TMWDAnQkB5QhvvVwIeoREsRio5dVO-C7b7b8-k0zKdAKo7eJ5J1PHCYtKT1bfmaQux&#038;oh=00_Af3eQUJlCw8-HZyIFWK_NKjToBn4vv8sOJ4SwHBR5Z9gyw&#038;oe=69F7A34C\"\/><\/a>\n\t\t\t\t\t\t\t\t<\/div>\n\n\t\t\t\t\t\t\t\n\t\t\t\t\t\t\t<div class=\"efbl-profile-title\">\n\t\t\t\t\t\t\t\t<div class=\"efbl-profile-title-wrap \">\n\t\t\t\t\t\t\t\t\t<h2>Steyr Center Waldviertel\t\t\t\t\t\t\t\t\t\t\t\t\t\t\t\t\t\t\t\t<span class=\"efbl-profile-story-text\"> <\/span>\n\t\t\t\t\t\t\t\t\t<\/h2>\n\t\t\t\t\t\t\t\t<\/div>\n\t\t\t\t\t\t\t\t<span>2 weeks 5 days ago<\/span>\n\t\t\t\t\t\t\t<\/div>\n\t\t\t\t\t\t<\/div>\n\n\t\t\t\t\t\n\n\t\t\t\t\t\n\n\t\t\t\t\t\n\t\t\t\t\t\t\t\t\t\t\t\t\t<p class=\"description\">\n\t\t\t\t\t\t\t\t<span class=\"efbl-description-wrap\">\u00dcbergabe eines neuen STEYR Terrus 6340 CVT an Fam. Schmalzbauer.<br \/>\nWir w\u00fcnschen viel Freude und bedanken uns f\u00fcr das wiederholte Vertrauen!<\/span>\n\n\n\t\t\t\t\t\t\t\t\n\n\t\t\t\t\t\t\t<\/p>\n\n\t\t\t\t\t\t\n\t\t\t\t\t\n\t\t\t\t\t\n\t\t\t\t<\/div>\n\t\t\t\t\t\t<\/div>\n\n\t\t\t<div class=\"efbl-post-footer\">\n\n\n\t\t<div class=\"efbl-d-flex efbl-justify-content-between\">\n\t\t\t\t\t\t\t<div class=\"efbl-reacted efbl-d-flex efbl-align-items-center\">\n\n\t\t\t\t\t\n\t\t\t\t\t\t\n\t\t\t\t\t\t\t<div class=\"efbl-reacted-item emotis \" >\n\n\t\t\t\t\t\t\t\t\t\t\t\t\t\t\t\t\t<i class=\"icon icon-esf-thumbs-o-up\"><\/i>\n\t\t\t\t\t\t\t\t\n\t\t\t\t\t\t\t\t\t\t\t\t\t\t\t\t300\t\t\t\t\t\t\t<\/div>\n\t\t\t\t\t\t\t\n\n\n\t\t\t\t\t\t\t\t\t\t\t<div class=\"efbl-reacted-item\">\n\n\t\t\t\t\t\t\t\n\t\t\t\t\t\t\t\t<i class=\"icon icon-esf-comment-o\"><\/i>8\n\t\t\t\t\t\t\t\t\n\t\t\t\t\t\t<\/div>\n\t\t\t\t\t\n\t\t\t\t\t\t\t\n\n\t\t\t\t<\/div>\n\t\t\t\n\n\n\t\t\t<div class=\"efbl-view-share efbl-d-flex efbl-justify-content-between efbl-align-items-center efbl-mb-1 efbl-mt-1\">\n\n\t\t\t\t\n\t\t\t\t\t<a href=\"https:\/\/www.facebook.com\/298761926911082_1548046333991184\"\n\t\t\t\t\t   target=\"_blank\"\n\t\t\t\t\t   rel=\"nofollow\"\n\t\t\t\t\t   class=\"efbl-view-on-fb no-anchor-style link efbl-mr-1\">View on Facebook<\/a>\n\n\t\t\t\t\n\t\t\t\t\n\t\t\t\t\t<div class=\"esf-share-wrapper\">\n\t\t\t\t\t\t<a href=\"#\" class=\"no-anchor-style link esf-share\">Share<\/a>\n\t\t\t\t\t\t<div class=\"esf-social-share\">\n\t\t\t\t\t\t\t<button>\n\t\t\t\t\t\t\t\t<a class=\"efbl_facebook\"\n\t\t\t\t\t\t\t\t   href=\"https:\/\/www.facebook.com\/sharer\/sharer.php?u=https:\/\/www.facebook.com\/298761926911082_1548046333991184\"\n\t\t\t\t\t\t\t\t   rel=\"nofollow\"\n\t\t\t\t\t\t\t\t   target=\"_blank\">\n\t\t\t\t\t\t\t\t\t<i class=\"icon icon-esf-facebook\"><\/i>\n\t\t\t\t\t\t\t\t<\/a>\n\t\t\t\t\t\t\t<\/button>\n\n\t\t\t\t\t\t\t<button>\n\t\t\t\t\t\t\t\t<a class=\"efbl_twitter\"\n\t\t\t\t\t\t\t\t   href=\"https:\/\/twitter.com\/intent\/tweet?text=https:\/\/www.facebook.com\/298761926911082_1548046333991184\"\n\t\t\t\t\t\t\t\t   rel=\"nofollow\"\n\t\t\t\t\t\t\t\t   target=\"_blank\">\n\t\t\t\t\t\t\t\t\t<i class=\"icon icon-esf-twitter\"><\/i>\n\t\t\t\t\t\t\t\t<\/a>\n\t\t\t\t\t\t\t<\/button>\n\n\t\t\t\t\t\t\t<button>\n\t\t\t\t\t\t\t\t<a class=\"efbl_linked_in\"\n\t\t\t\t\t\t\t\t   href=\"https:\/\/www.linkedin.com\/shareArticle?mini=true&url=https:\/\/www.facebook.com\/298761926911082_1548046333991184\"\n\t\t\t\t\t\t\t\t   rel=\"nofollow\"\n\t\t\t\t\t\t\t\t   target=\"_blank\">\n\t\t\t\t\t\t\t\t\t<i class=\"icon icon-esf-linkedin\"><\/i>\n\t\t\t\t\t\t\t\t<\/a>\n\t\t\t\t\t\t\t<\/button>\n\t\t\t\t\t\t<\/div>\n\t\t\t\t\t<\/div>\n\t\t\t\t\n\t\t\t<\/div>\n\n\t\t<\/div>\n\n\n\t<\/div>\n\n\n\t<\/div>\n\n<\/div>\n\n\n<div class=\"efbl-halfwidth-skin shared_story efbl-story-wrapper\">\n\t<div class=\"efbl-thumbnail-wrapper\">\n\t\t<div class=\"efbl-row efbl-content-wrapper\">\n\n\t\t\t\t\t\t\t\n\t\t\t\t<div class=\"efbl-thumbnail-col efbl-col-sm-6\">\n\n\t\t\t\t\t\n\t\t\t\t\t<a href=\"https:\/\/l.facebook.com\/l.php?u=https%3A%2F%2Foe3.orf.at%2Fsendungen%2Fstories%2Fknollpacktan%2F&#038;h=AT7tiwkE35VwfNzieV9yPpuOfE_9Ae8Q8xckokYk7Q8ThnwYFwH0h-V2vKo0mWfqDCEZGoOqpvxAs1UvQNZ-krl4K_D0thiaKgnxSiU59uyLgTSE4WG5z_28wxjFe4tt&#038;s=1\"\n\t\t\t\t\t\tclass=\"efbl_link_image\"\n\t\t\t\t\t\trel=\"nofollow\"\n\t\t\t\t\t\ttarget=\"_blank\"><img\n\t\t\t\t\t\t\t\talt=\"\"\n\t\t\t\t\t\t\t\tsrc=\"https:\/\/www.steyr-waldviertel.at\/wp-content\/plugins\/easy-facebook-likebox\/facebook\/frontend\/assets\/images\/feed-placeholder-img.png\"\n\t\t\t\t\t\t\t\tclass=\"esf-no-consent\"\n\t\t\t\t\t\t\t\tdata-image-url=\"https:\/\/external.fvie3-1.fna.fbcdn.net\/emg1\/v\/t13\/16174204949122652222?url=https%3A%2F%2Ftubestatic.orf.at%2Fstatic%2Fimages%2Fsite%2Ftube%2F2026015%2Fvorlage_472_x_600_472_x_600_px_600_x_600_px_624_x_351_px_2.6039029.png&#038;fb_obo=1&#038;utld=orf.at&#038;edm=AJdBtusEAAAA&#038;_nc_gid=v8iBgjqNfaDl27beSi4u1A&#038;_nc_oc=AdrWtvnxmrMlNoIEyts8-vH0Gr3iiOe7s_2xzDuCQa7ZOFpWbTPmyBrvotVbBUXUb_s&#038;ccb=13-1&#038;stp=dst-emg0_fr_q75_tt6&#038;ur=50234c&#038;_nc_sid=64c8fc&#038;oh=06_Q3--Aad1CAk838rH53TfBgJAEwMY7gy7J_artLZZTpajSxpM&#038;oe=69F52E14\"\/>\n\n\t\t\t\t\t\t\n\t\t\t\t<\/div>\n\t\t\t\n\t\t\t\t<div class=\"efbl-feed-content efbl-col-sm-6 \">\n\n\t\t\t\t\t\n\t\t\t\t\t\t<div class=\"efbl-d-flex\">\n\n\t\t\t\t\t\t\t\n\t\t\t\t\t\t\t\t<div class=\"efbl-profile-image\">\n\t\t\t\t\t\t\t\t\t<a href=\"https:\/\/facebook.com\/298761926911082\"\n\t\t\t\t\t\t\t\t\t\ttitle=\"\"\n\t\t\t\t\t\t\t\t\t\trel=\"nofollow\"\n\t\t\t\t\t\t\t\t\t\ttarget=\"_blank\">\n\t\t\t\t\t\t\t\t\t\t<img alt=\"\"\n\t\t\t\t\t\t\t\t\t\t\tsrc=\"https:\/\/scontent.fvie3-1.fna.fbcdn.net\/v\/t39.30808-1\/291944542_5662686330518588_2399157938703370881_n.jpg?stp=dst-jpg_s200x200_tt6&#038;_nc_cat=106&#038;ccb=1-7&#038;_nc_sid=f907e8&#038;_nc_ohc=61biSffq4DkQ7kNvwG7VVaz&#038;_nc_oc=AdrJIfV8nTUDrgQfHvJAreMFvYRrhztkUhmAZ3CJfhWNptvUAQdXG25aDOtH3pH4oHc&#038;_nc_zt=24&#038;_nc_ht=scontent.fvie3-1.fna&#038;edm=AOf6bZoEAAAA&#038;_nc_gid=237jd1zIMSAY8cIb0owYNQ&#038;_nc_tpa=Q5bMBQEyOJmMv0TMWDAnQkB5QhvvVwIeoREsRio5dVO-C7b7b8-k0zKdAKo7eJ5J1PHCYtKT1bfmaQux&#038;oh=00_Af3eQUJlCw8-HZyIFWK_NKjToBn4vv8sOJ4SwHBR5Z9gyw&#038;oe=69F7A34C\"\/><\/a>\n\t\t\t\t\t\t\t\t<\/div>\n\n\t\t\t\t\t\t\t\n\t\t\t\t\t\t\t<div class=\"efbl-profile-title\">\n\t\t\t\t\t\t\t\t<div class=\"efbl-profile-title-wrap \">\n\t\t\t\t\t\t\t\t\t<h2>Steyr Center Waldviertel\t\t\t\t\t\t\t\t\t\t\t\t\t\t\t\t\t\t\t\t<span\n\t\t\t\t\t\t\t\t\t\t\t\tclass=\"efbl-profile-story-text\"> <\/span>\n\t\t\t\t\t\t\t\t\t<\/h2>\n\t\t\t\t\t\t\t\t<\/div>\n\t\t\t\t\t\t\t\t<span>2 months 5 days ago<\/span>\n\t\t\t\t\t\t\t<\/div>\n\t\t\t\t\t\t<\/div>\n\n\t\t\t\t\t\n\n\n\t\t\t\t\t\n\t\t\t\t\t\t\n\t\t\t\t\t\t\t<p class=\"description\">\n\t\t\t\t\t\t\t\t<span class=\"efbl-description-wrap\">Hitradio \u00d63 und Andi Knoll heute zu Gast bei <a href=\"https:\/\/facebook.com\/308712555750\" target=\"_blank\">STEYR Tractors<\/a> in St. Valentin.<br \/>\n<br \/>\nJetzt reinh\u00f6ren \ud83d\udc42\ud83c\udfa7<br \/>\n<br \/>\n<\/span>\n\n\n\t\t\t\t\t\t\t\t\n\n\t\t\t\t\t\t\t<\/p>\n\n\t\t\t\t\t\t\n\t\t\t\t\t\n\t\t\t\t\t<div class=\"efbl_link_text\">\n\n\t\t\t\t\t\t<p class=\"efbl_title_link\">\n\t\t\t\t\t\t\t<a href=\"https:\/\/l.facebook.com\/l.php?u=https%3A%2F%2Foe3.orf.at%2Fsendungen%2Fstories%2Fknollpacktan%2F&#038;h=AT7tiwkE35VwfNzieV9yPpuOfE_9Ae8Q8xckokYk7Q8ThnwYFwH0h-V2vKo0mWfqDCEZGoOqpvxAs1UvQNZ-krl4K_D0thiaKgnxSiU59uyLgTSE4WG5z_28wxjFe4tt&#038;s=1\"\n\t\t\t\t\t\t\t\trel=\"nofollow\"\n\t\t\t\t\t\t\t\ttarget=\"_blank\">\n\t\t\t\t\t\t\t\tKnoll packt an... und macht Federn - \u00d63 Sendungen\t\t\t\t\t\t\t<\/a>\n\t\t\t\t\t\t<\/p>\n\n\t\t\t\t\t\t\n\t\t\t\t\t\t\t<p class=\"efbl_link_description\">&lt;ul&gt;&lt;li&gt;Andi Knoll besucht immer montags von 15 bis 18 Uhr einen Arbeitsplatz im Land&lt;\/li&gt;&lt;li&gt;Er legt nicht nur l\u00e4ssige Musik auf, sondern packt auch ordentlich mit an&lt;\/li&gt;&lt;li&gt;Heute schm\u00fcckt er sich mit fremden Federn&lt;\/li&gt;&lt;\/ul&gt;<\/p>\n\n\t\t\t\t\t\t\t\t\t\t\t<\/div>\n\n\n\t\t\t\t<\/div>\n\n\t\t\t\t\t\t<\/div>\n\n\t\t\t<div class=\"efbl-post-footer\">\n\n\n\t\t<div class=\"efbl-d-flex efbl-justify-content-between\">\n\t\t\t\t\t\t\t<div class=\"efbl-reacted efbl-d-flex efbl-align-items-center\">\n\n\t\t\t\t\t\n\t\t\t\t\t\t\n\t\t\t\t\t\t\t<div class=\"efbl-reacted-item emotis \" >\n\n\t\t\t\t\t\t\t\t\t\t\t\t\t\t\t\t\t<i class=\"icon icon-esf-thumbs-o-up\"><\/i>\n\t\t\t\t\t\t\t\t\n\t\t\t\t\t\t\t\t\t\t\t\t\t\t\t\t2\t\t\t\t\t\t\t<\/div>\n\t\t\t\t\t\t\t\n\n\n\t\t\t\t\t\n\t\t\t\t\t\t\t\n\n\t\t\t\t<\/div>\n\t\t\t\n\n\n\t\t\t<div class=\"efbl-view-share efbl-d-flex efbl-justify-content-between efbl-align-items-center efbl-mb-1 efbl-mt-1\">\n\n\t\t\t\t\n\t\t\t\t\t<a href=\"https:\/\/www.facebook.com\/298761926911082_1505466628249155\"\n\t\t\t\t\t   target=\"_blank\"\n\t\t\t\t\t   rel=\"nofollow\"\n\t\t\t\t\t   class=\"efbl-view-on-fb no-anchor-style link efbl-mr-1\">View on Facebook<\/a>\n\n\t\t\t\t\n\t\t\t\t\n\t\t\t\t\t<div class=\"esf-share-wrapper\">\n\t\t\t\t\t\t<a href=\"#\" class=\"no-anchor-style link esf-share\">Share<\/a>\n\t\t\t\t\t\t<div class=\"esf-social-share\">\n\t\t\t\t\t\t\t<button>\n\t\t\t\t\t\t\t\t<a class=\"efbl_facebook\"\n\t\t\t\t\t\t\t\t   href=\"https:\/\/www.facebook.com\/sharer\/sharer.php?u=https:\/\/www.facebook.com\/298761926911082_1505466628249155\"\n\t\t\t\t\t\t\t\t   rel=\"nofollow\"\n\t\t\t\t\t\t\t\t   target=\"_blank\">\n\t\t\t\t\t\t\t\t\t<i class=\"icon icon-esf-facebook\"><\/i>\n\t\t\t\t\t\t\t\t<\/a>\n\t\t\t\t\t\t\t<\/button>\n\n\t\t\t\t\t\t\t<button>\n\t\t\t\t\t\t\t\t<a class=\"efbl_twitter\"\n\t\t\t\t\t\t\t\t   href=\"https:\/\/twitter.com\/intent\/tweet?text=https:\/\/www.facebook.com\/298761926911082_1505466628249155\"\n\t\t\t\t\t\t\t\t   rel=\"nofollow\"\n\t\t\t\t\t\t\t\t   target=\"_blank\">\n\t\t\t\t\t\t\t\t\t<i class=\"icon icon-esf-twitter\"><\/i>\n\t\t\t\t\t\t\t\t<\/a>\n\t\t\t\t\t\t\t<\/button>\n\n\t\t\t\t\t\t\t<button>\n\t\t\t\t\t\t\t\t<a class=\"efbl_linked_in\"\n\t\t\t\t\t\t\t\t   href=\"https:\/\/www.linkedin.com\/shareArticle?mini=true&url=https:\/\/www.facebook.com\/298761926911082_1505466628249155\"\n\t\t\t\t\t\t\t\t   rel=\"nofollow\"\n\t\t\t\t\t\t\t\t   target=\"_blank\">\n\t\t\t\t\t\t\t\t\t<i class=\"icon icon-esf-linkedin\"><\/i>\n\t\t\t\t\t\t\t\t<\/a>\n\t\t\t\t\t\t\t<\/button>\n\t\t\t\t\t\t<\/div>\n\t\t\t\t\t<\/div>\n\t\t\t\t\n\t\t\t<\/div>\n\n\t\t<\/div>\n\n\n\t<\/div>\n\n\n\t<\/div>\n\n<\/div>\n\n\n<div class=\"efbl-halfwidth-skin mobile_status_update efbl-story-wrapper\">\n\t<div class=\"efbl-thumbnail-wrapper\">\n\t\t<div class=\"efbl-row efbl-content-wrapper\">\n\n\t\t\t\n\t\t\t\t\t\t\t\t\t<div class=\"efbl-thumbnail-col efbl-col-sm-6 \">\n\n\t\t\t\t\t\t\n\t\t\t\t\t\t\t<a href=\"https:\/\/www.steyr-waldviertel.at\/wp-admin\/admin-ajax.php?action=efbl_generate_popup_html\" \n\t\t\t\t\t\t\t\t\t\t\t\tdata-imagelink=https:\/\/www.steyr-waldviertel.at\/wp-content\/uploads\/esf-facebook\/298761926911082_1504398011689350.jpg\t\t\t\t\t\t\tdata-storylink=\"\n\t\t\t\t\t\t\thttps:\/\/www.facebook.com\/298761926911082_1504398011689350\t\t\t\t\t\t\t\" data-linktext=\"\n\t\t\t\t\t\t\tRead full story\t\t\t\t\t\t\t\" data-caption=\"\n\t\t\t\t\t\t\t\"\n\t\t\t\t\t\t\tdata-itemnumber=\"\n\t\t\t\t\t\t\t7\t\t\t\t\t\t\t\" class=\"efbl_feed_popup \n\t\t\t\t\t\t\t\t\t\t\t\t\t\tefbl-cff-item_number-\n\t\t\t\t\t\t\t7\t\t\t\t\t\t\t\">\n\t\t\t\t\t\t\t\t<div class=\"efbl-overlay\">\n\n\t\t\t\t\t\t\t\t\t\n\t\t\t\t\t\t\t\t\t\t<i class=\"icon icon-esf-plus efbl-plus\"\n\t\t\t\t\t\t\t\t\t\t\taria-hidden=\"true\"><\/i>\n\n\t\t\t\t\t\t\t\t\t\t\t\t\t\t\t\t\t\t\t\t\t\t\t\t\t\t\t\t<i class=\"icon icon-esf-clone efbl_multimedia\"\n\t\t\t\t\t\t\t\t\t\t\taria-hidden=\"true\"><\/i>\n\t\t\t\t\t\t\t\t\t\t\t\t\t\t\t\t\t<\/div>\n\t\t\t\t\t\t\t\t<img alt=\"\"\n\t\t\t\t\t\t\t\t\tsrc=\"https:\/\/www.steyr-waldviertel.at\/wp-content\/uploads\/esf-facebook\/298761926911082_1504398011689350.jpg\"\n\t\t\t\t\t\t\t\t\tclass=\"\"\n\t\t\t\t\t\t\t\t\t\/>\n\t\t\t\t\t\t\t\t<div class=\"efbl-overlay\">\n\n\n\t\t\t\t\t\t\t\t\t\n\t\t\t\t\t\t\t\t\t\t<i class=\"icon icon-esf-plus efbl-plus\"\n\t\t\t\t\t\t\t\t\t\t\taria-hidden=\"true\"><\/i>\n\n\t\t\t\t\t\t\t\t\t\t\t\t\t\t\t\t\t\t\t\t\t\t\t\t\t\t\t\t\t<i class=\"icon icon-esf-clone efbl_multimedia\"\n\t\t\t\t\t\t\t\t\t\t\taria-hidden=\"true\"><\/i>\n\t\t\t\t\t\t\t\t\t\t\t\t\t\t\t\t\t\t<\/div>\n\t\t\t\t\t\t\t<\/a>\n\n\t\t\t\t\t\t\n\n\t\t\t\t\t<\/div>\n\t\t\t\t\n\n\t\t\t\t<div class=\"efbl-feed-content efbl-col-sm-6\">\n\n\t\t\t\t\t\n\t\t\t\t\t\t<div class=\"efbl-d-flex\">\n\n\t\t\t\t\t\t\t\n\t\t\t\t\t\t\t\t<div class=\"efbl-profile-image\">\n\t\t\t\t\t\t\t\t\t<a href=\"https:\/\/facebook.com\/298761926911082\"\n\t\t\t\t\t\t\t\t\t\ttitle=\"\"\n\t\t\t\t\t\t\t\t\t\trel=\"nofollow\"\n\t\t\t\t\t\t\t\t\t\ttarget=\"_blank\">\n\t\t\t\t\t\t\t\t\t\t<img alt=\"\"\n\t\t\t\t\t\t\t\t\t\t\tsrc=\"https:\/\/scontent.fvie3-1.fna.fbcdn.net\/v\/t39.30808-1\/291944542_5662686330518588_2399157938703370881_n.jpg?stp=dst-jpg_s200x200_tt6&#038;_nc_cat=106&#038;ccb=1-7&#038;_nc_sid=f907e8&#038;_nc_ohc=61biSffq4DkQ7kNvwG7VVaz&#038;_nc_oc=AdrJIfV8nTUDrgQfHvJAreMFvYRrhztkUhmAZ3CJfhWNptvUAQdXG25aDOtH3pH4oHc&#038;_nc_zt=24&#038;_nc_ht=scontent.fvie3-1.fna&#038;edm=AOf6bZoEAAAA&#038;_nc_gid=237jd1zIMSAY8cIb0owYNQ&#038;_nc_tpa=Q5bMBQEyOJmMv0TMWDAnQkB5QhvvVwIeoREsRio5dVO-C7b7b8-k0zKdAKo7eJ5J1PHCYtKT1bfmaQux&#038;oh=00_Af3eQUJlCw8-HZyIFWK_NKjToBn4vv8sOJ4SwHBR5Z9gyw&#038;oe=69F7A34C\"\/><\/a>\n\t\t\t\t\t\t\t\t<\/div>\n\n\t\t\t\t\t\t\t\n\t\t\t\t\t\t\t<div class=\"efbl-profile-title\">\n\t\t\t\t\t\t\t\t<div class=\"efbl-profile-title-wrap \">\n\t\t\t\t\t\t\t\t\t<h2>Steyr Center Waldviertel\t\t\t\t\t\t\t\t\t\t\t\t\t\t\t\t\t\t\t\t<span class=\"efbl-profile-story-text\"> <\/span>\n\t\t\t\t\t\t\t\t\t<\/h2>\n\t\t\t\t\t\t\t\t<\/div>\n\t\t\t\t\t\t\t\t<span>2 months 6 days ago<\/span>\n\t\t\t\t\t\t\t<\/div>\n\t\t\t\t\t\t<\/div>\n\n\t\t\t\t\t\n\n\t\t\t\t\t\n\t\t\t\t\t\t<div class=\"efbl_link_text\">\n\n\t\t\t\t\t\t\t<p class=\"efbl_title_link\">\n\t\t\t\t\t\t\t\t<a href=\"https:\/\/www.facebook.com\/298761926911082_1504398011689350\"\n\t\t\t\t\t\t\t\t\trel=\"nofollow\"\n\t\t\t\t\t\t\t\t\ttarget=\"_blank\">\n\t\t\t\t\t\t\t\t\tFotos von STEYR Tractors Beitrag\t\t\t\t\t\t\t\t<\/a>\n\t\t\t\t\t\t\t<\/p>\n\t\t\t\t\t\t<\/div>\n\n\t\t\t\t\t\t\n\t\t\t\t\t\n\t\t\t\t<\/div>\n\n\t\t\t\t\t\t<\/div>\n\n\t\t\t<div class=\"efbl-post-footer\">\n\n\n\t\t<div class=\"efbl-d-flex efbl-justify-content-between\">\n\t\t\t\t\t\t\t<div class=\"efbl-reacted efbl-d-flex efbl-align-items-center\">\n\n\t\t\t\t\t\n\t\t\t\t\t\t\n\t\t\t\t\t\t\t<div class=\"efbl-reacted-item emotis \" >\n\n\t\t\t\t\t\t\t\t\t\t\t\t\t\t\t\t\t<i class=\"icon icon-esf-thumbs-o-up\"><\/i>\n\t\t\t\t\t\t\t\t\n\t\t\t\t\t\t\t\t\t\t\t\t\t\t\t\t4\t\t\t\t\t\t\t<\/div>\n\t\t\t\t\t\t\t\n\n\n\t\t\t\t\t\n\t\t\t\t\t\t\t\n\n\t\t\t\t<\/div>\n\t\t\t\n\n\n\t\t\t<div class=\"efbl-view-share efbl-d-flex efbl-justify-content-between efbl-align-items-center efbl-mb-1 efbl-mt-1\">\n\n\t\t\t\t\n\t\t\t\t\t<a href=\"https:\/\/www.facebook.com\/298761926911082_1504398011689350\"\n\t\t\t\t\t   target=\"_blank\"\n\t\t\t\t\t   rel=\"nofollow\"\n\t\t\t\t\t   class=\"efbl-view-on-fb no-anchor-style link efbl-mr-1\">View on Facebook<\/a>\n\n\t\t\t\t\n\t\t\t\t\n\t\t\t\t\t<div class=\"esf-share-wrapper\">\n\t\t\t\t\t\t<a href=\"#\" class=\"no-anchor-style link esf-share\">Share<\/a>\n\t\t\t\t\t\t<div class=\"esf-social-share\">\n\t\t\t\t\t\t\t<button>\n\t\t\t\t\t\t\t\t<a class=\"efbl_facebook\"\n\t\t\t\t\t\t\t\t   href=\"https:\/\/www.facebook.com\/sharer\/sharer.php?u=https:\/\/www.facebook.com\/298761926911082_1504398011689350\"\n\t\t\t\t\t\t\t\t   rel=\"nofollow\"\n\t\t\t\t\t\t\t\t   target=\"_blank\">\n\t\t\t\t\t\t\t\t\t<i class=\"icon icon-esf-facebook\"><\/i>\n\t\t\t\t\t\t\t\t<\/a>\n\t\t\t\t\t\t\t<\/button>\n\n\t\t\t\t\t\t\t<button>\n\t\t\t\t\t\t\t\t<a class=\"efbl_twitter\"\n\t\t\t\t\t\t\t\t   href=\"https:\/\/twitter.com\/intent\/tweet?text=https:\/\/www.facebook.com\/298761926911082_1504398011689350\"\n\t\t\t\t\t\t\t\t   rel=\"nofollow\"\n\t\t\t\t\t\t\t\t   target=\"_blank\">\n\t\t\t\t\t\t\t\t\t<i class=\"icon icon-esf-twitter\"><\/i>\n\t\t\t\t\t\t\t\t<\/a>\n\t\t\t\t\t\t\t<\/button>\n\n\t\t\t\t\t\t\t<button>\n\t\t\t\t\t\t\t\t<a class=\"efbl_linked_in\"\n\t\t\t\t\t\t\t\t   href=\"https:\/\/www.linkedin.com\/shareArticle?mini=true&url=https:\/\/www.facebook.com\/298761926911082_1504398011689350\"\n\t\t\t\t\t\t\t\t   rel=\"nofollow\"\n\t\t\t\t\t\t\t\t   target=\"_blank\">\n\t\t\t\t\t\t\t\t\t<i class=\"icon icon-esf-linkedin\"><\/i>\n\t\t\t\t\t\t\t\t<\/a>\n\t\t\t\t\t\t\t<\/button>\n\t\t\t\t\t\t<\/div>\n\t\t\t\t\t<\/div>\n\t\t\t\t\n\t\t\t<\/div>\n\n\t\t<\/div>\n\n\n\t<\/div>\n\n\n\t<\/div>\n\n<\/div>\n\n\n<div class=\"efbl-halfwidth-skin mobile_status_update efbl-story-wrapper\">\n\t<div class=\"efbl-thumbnail-wrapper\">\n\t\t<div class=\"efbl-row efbl-content-wrapper\">\n\n\t\t\t\n\t\t\t\t\t\t\t\t\t<div class=\"efbl-thumbnail-col efbl-col-sm-6 \">\n\n\t\t\t\t\t\t\n\t\t\t\t\t\t\t<a href=\"https:\/\/www.steyr-waldviertel.at\/wp-admin\/admin-ajax.php?action=efbl_generate_popup_html\" \n\t\t\t\t\t\t\t\t\t\t\t\tdata-imagelink=https:\/\/www.steyr-waldviertel.at\/wp-content\/uploads\/esf-facebook\/298761926911082_1493428849452933.jpg\t\t\t\t\t\t\tdata-storylink=\"\n\t\t\t\t\t\t\thttps:\/\/www.facebook.com\/298761926911082_1493428849452933\t\t\t\t\t\t\t\" data-linktext=\"\n\t\t\t\t\t\t\tRead full story\t\t\t\t\t\t\t\" data-caption=\"\n\t\t\t\t\t\t\t\"\n\t\t\t\t\t\t\tdata-itemnumber=\"\n\t\t\t\t\t\t\t7\t\t\t\t\t\t\t\" class=\"efbl_feed_popup \n\t\t\t\t\t\t\t\t\t\t\t\t\t\tefbl-cff-item_number-\n\t\t\t\t\t\t\t7\t\t\t\t\t\t\t\">\n\t\t\t\t\t\t\t\t<div class=\"efbl-overlay\">\n\n\t\t\t\t\t\t\t\t\t\n\t\t\t\t\t\t\t\t\t\t<i class=\"icon icon-esf-plus efbl-plus\"\n\t\t\t\t\t\t\t\t\t\t\taria-hidden=\"true\"><\/i>\n\n\t\t\t\t\t\t\t\t\t\t\t\t\t\t\t\t\t\t\t\t\t\t\t\t\t\t\t\t<i class=\"icon icon-esf-clone efbl_multimedia\"\n\t\t\t\t\t\t\t\t\t\t\taria-hidden=\"true\"><\/i>\n\t\t\t\t\t\t\t\t\t\t\t\t\t\t\t\t\t<\/div>\n\t\t\t\t\t\t\t\t<img alt=\"\"\n\t\t\t\t\t\t\t\t\tsrc=\"https:\/\/www.steyr-waldviertel.at\/wp-content\/uploads\/esf-facebook\/298761926911082_1493428849452933.jpg\"\n\t\t\t\t\t\t\t\t\tclass=\"\"\n\t\t\t\t\t\t\t\t\t\/>\n\t\t\t\t\t\t\t\t<div class=\"efbl-overlay\">\n\n\n\t\t\t\t\t\t\t\t\t\n\t\t\t\t\t\t\t\t\t\t<i class=\"icon icon-esf-plus efbl-plus\"\n\t\t\t\t\t\t\t\t\t\t\taria-hidden=\"true\"><\/i>\n\n\t\t\t\t\t\t\t\t\t\t\t\t\t\t\t\t\t\t\t\t\t\t\t\t\t\t\t\t\t<i class=\"icon icon-esf-clone efbl_multimedia\"\n\t\t\t\t\t\t\t\t\t\t\taria-hidden=\"true\"><\/i>\n\t\t\t\t\t\t\t\t\t\t\t\t\t\t\t\t\t\t<\/div>\n\t\t\t\t\t\t\t<\/a>\n\n\t\t\t\t\t\t\n\n\t\t\t\t\t<\/div>\n\t\t\t\t\n\n\t\t\t\t<div class=\"efbl-feed-content efbl-col-sm-6\">\n\n\t\t\t\t\t\n\t\t\t\t\t\t<div class=\"efbl-d-flex\">\n\n\t\t\t\t\t\t\t\n\t\t\t\t\t\t\t\t<div class=\"efbl-profile-image\">\n\t\t\t\t\t\t\t\t\t<a href=\"https:\/\/facebook.com\/298761926911082\"\n\t\t\t\t\t\t\t\t\t\ttitle=\"\"\n\t\t\t\t\t\t\t\t\t\trel=\"nofollow\"\n\t\t\t\t\t\t\t\t\t\ttarget=\"_blank\">\n\t\t\t\t\t\t\t\t\t\t<img alt=\"\"\n\t\t\t\t\t\t\t\t\t\t\tsrc=\"https:\/\/scontent.fvie3-1.fna.fbcdn.net\/v\/t39.30808-1\/291944542_5662686330518588_2399157938703370881_n.jpg?stp=dst-jpg_s200x200_tt6&#038;_nc_cat=106&#038;ccb=1-7&#038;_nc_sid=f907e8&#038;_nc_ohc=61biSffq4DkQ7kNvwG7VVaz&#038;_nc_oc=AdrJIfV8nTUDrgQfHvJAreMFvYRrhztkUhmAZ3CJfhWNptvUAQdXG25aDOtH3pH4oHc&#038;_nc_zt=24&#038;_nc_ht=scontent.fvie3-1.fna&#038;edm=AOf6bZoEAAAA&#038;_nc_gid=237jd1zIMSAY8cIb0owYNQ&#038;_nc_tpa=Q5bMBQEyOJmMv0TMWDAnQkB5QhvvVwIeoREsRio5dVO-C7b7b8-k0zKdAKo7eJ5J1PHCYtKT1bfmaQux&#038;oh=00_Af3eQUJlCw8-HZyIFWK_NKjToBn4vv8sOJ4SwHBR5Z9gyw&#038;oe=69F7A34C\"\/><\/a>\n\t\t\t\t\t\t\t\t<\/div>\n\n\t\t\t\t\t\t\t\n\t\t\t\t\t\t\t<div class=\"efbl-profile-title\">\n\t\t\t\t\t\t\t\t<div class=\"efbl-profile-title-wrap \">\n\t\t\t\t\t\t\t\t\t<h2>Steyr Center Waldviertel\t\t\t\t\t\t\t\t\t\t\t\t\t\t\t\t\t\t\t\t<span class=\"efbl-profile-story-text\"> <\/span>\n\t\t\t\t\t\t\t\t\t<\/h2>\n\t\t\t\t\t\t\t\t<\/div>\n\t\t\t\t\t\t\t\t<span>2 months 2 weeks ago<\/span>\n\t\t\t\t\t\t\t<\/div>\n\t\t\t\t\t\t<\/div>\n\n\t\t\t\t\t\n\n\t\t\t\t\t\n\t\t\t\t\t\t<div class=\"efbl_link_text\">\n\n\t\t\t\t\t\t\t<p class=\"efbl_title_link\">\n\t\t\t\t\t\t\t\t<a href=\"https:\/\/www.facebook.com\/298761926911082_1493428849452933\"\n\t\t\t\t\t\t\t\t\trel=\"nofollow\"\n\t\t\t\t\t\t\t\t\ttarget=\"_blank\">\n\t\t\t\t\t\t\t\t\tSTEYR Profi CVT\t\t\t\t\t\t\t\t<\/a>\n\t\t\t\t\t\t\t<\/p>\n\t\t\t\t\t\t<\/div>\n\n\t\t\t\t\t\t\n\t\t\t\t\t\n\t\t\t\t<\/div>\n\n\t\t\t\t\t\t<\/div>\n\n\t\t\t<div class=\"efbl-post-footer\">\n\n\n\t\t<div class=\"efbl-d-flex efbl-justify-content-between\">\n\t\t\t\t\t\t\t<div class=\"efbl-reacted efbl-d-flex efbl-align-items-center\">\n\n\t\t\t\t\t\n\t\t\t\t\t\t\n\t\t\t\t\t\t\t<div class=\"efbl-reacted-item emotis \" >\n\n\t\t\t\t\t\t\t\t\t\t\t\t\t\t\t\t\t<i class=\"icon icon-esf-thumbs-o-up\"><\/i>\n\t\t\t\t\t\t\t\t\n\t\t\t\t\t\t\t\t\t\t\t\t\t\t\t\t3\t\t\t\t\t\t\t<\/div>\n\t\t\t\t\t\t\t\n\n\n\t\t\t\t\t\n\t\t\t\t\t\t\t\n\n\t\t\t\t<\/div>\n\t\t\t\n\n\n\t\t\t<div class=\"efbl-view-share efbl-d-flex efbl-justify-content-between efbl-align-items-center efbl-mb-1 efbl-mt-1\">\n\n\t\t\t\t\n\t\t\t\t\t<a href=\"https:\/\/www.facebook.com\/298761926911082_1493428849452933\"\n\t\t\t\t\t   target=\"_blank\"\n\t\t\t\t\t   rel=\"nofollow\"\n\t\t\t\t\t   class=\"efbl-view-on-fb no-anchor-style link efbl-mr-1\">View on Facebook<\/a>\n\n\t\t\t\t\n\t\t\t\t\n\t\t\t\t\t<div class=\"esf-share-wrapper\">\n\t\t\t\t\t\t<a href=\"#\" class=\"no-anchor-style link esf-share\">Share<\/a>\n\t\t\t\t\t\t<div class=\"esf-social-share\">\n\t\t\t\t\t\t\t<button>\n\t\t\t\t\t\t\t\t<a class=\"efbl_facebook\"\n\t\t\t\t\t\t\t\t   href=\"https:\/\/www.facebook.com\/sharer\/sharer.php?u=https:\/\/www.facebook.com\/298761926911082_1493428849452933\"\n\t\t\t\t\t\t\t\t   rel=\"nofollow\"\n\t\t\t\t\t\t\t\t   target=\"_blank\">\n\t\t\t\t\t\t\t\t\t<i class=\"icon icon-esf-facebook\"><\/i>\n\t\t\t\t\t\t\t\t<\/a>\n\t\t\t\t\t\t\t<\/button>\n\n\t\t\t\t\t\t\t<button>\n\t\t\t\t\t\t\t\t<a class=\"efbl_twitter\"\n\t\t\t\t\t\t\t\t   href=\"https:\/\/twitter.com\/intent\/tweet?text=https:\/\/www.facebook.com\/298761926911082_1493428849452933\"\n\t\t\t\t\t\t\t\t   rel=\"nofollow\"\n\t\t\t\t\t\t\t\t   target=\"_blank\">\n\t\t\t\t\t\t\t\t\t<i class=\"icon icon-esf-twitter\"><\/i>\n\t\t\t\t\t\t\t\t<\/a>\n\t\t\t\t\t\t\t<\/button>\n\n\t\t\t\t\t\t\t<button>\n\t\t\t\t\t\t\t\t<a class=\"efbl_linked_in\"\n\t\t\t\t\t\t\t\t   href=\"https:\/\/www.linkedin.com\/shareArticle?mini=true&url=https:\/\/www.facebook.com\/298761926911082_1493428849452933\"\n\t\t\t\t\t\t\t\t   rel=\"nofollow\"\n\t\t\t\t\t\t\t\t   target=\"_blank\">\n\t\t\t\t\t\t\t\t\t<i class=\"icon icon-esf-linkedin\"><\/i>\n\t\t\t\t\t\t\t\t<\/a>\n\t\t\t\t\t\t\t<\/button>\n\t\t\t\t\t\t<\/div>\n\t\t\t\t\t<\/div>\n\t\t\t\t\n\t\t\t<\/div>\n\n\t\t<\/div>\n\n\n\t<\/div>\n\n\n\t<\/div>\n\n<\/div>\n\n\n<div class=\"efbl-halfwidth-skin mobile_status_update efbl-story-wrapper\">\n\t<div class=\"efbl-thumbnail-wrapper\">\n\t\t<div class=\"efbl-row efbl-content-wrapper\">\n\n\t\t\t\n\t\t\t\t\t\t\t\t\t<div class=\"efbl-thumbnail-col efbl-col-sm-6 \">\n\n\t\t\t\t\t\t\n\t\t\t\t\t\t\t<a href=\"https:\/\/www.steyr-waldviertel.at\/wp-admin\/admin-ajax.php?action=efbl_generate_popup_html\" \n\t\t\t\t\t\t\t\t\t\t\t\tdata-imagelink=https:\/\/www.steyr-waldviertel.at\/wp-content\/uploads\/esf-facebook\/298761926911082_1479030274226124.jpg\t\t\t\t\t\t\tdata-storylink=\"\n\t\t\t\t\t\t\thttps:\/\/www.facebook.com\/298761926911082_1479030274226124\t\t\t\t\t\t\t\" data-linktext=\"\n\t\t\t\t\t\t\tRead full story\t\t\t\t\t\t\t\" data-caption=\"\n\t\t\t\t\t\t\t\"\n\t\t\t\t\t\t\tdata-itemnumber=\"\n\t\t\t\t\t\t\t7\t\t\t\t\t\t\t\" class=\"efbl_feed_popup \n\t\t\t\t\t\t\t\t\t\t\t\t\t\tefbl-cff-item_number-\n\t\t\t\t\t\t\t7\t\t\t\t\t\t\t\">\n\t\t\t\t\t\t\t\t<div class=\"efbl-overlay\">\n\n\t\t\t\t\t\t\t\t\t\n\t\t\t\t\t\t\t\t\t\t<i class=\"icon icon-esf-plus efbl-plus\"\n\t\t\t\t\t\t\t\t\t\t\taria-hidden=\"true\"><\/i>\n\n\t\t\t\t\t\t\t\t\t\t\t\t\t\t\t\t\t\t\t\t\t\t\t\t\t\t<\/div>\n\t\t\t\t\t\t\t\t<img alt=\"\"\n\t\t\t\t\t\t\t\t\tsrc=\"https:\/\/www.steyr-waldviertel.at\/wp-content\/uploads\/esf-facebook\/298761926911082_1479030274226124.jpg\"\n\t\t\t\t\t\t\t\t\tclass=\"\"\n\t\t\t\t\t\t\t\t\t\/>\n\t\t\t\t\t\t\t\t<div class=\"efbl-overlay\">\n\n\n\t\t\t\t\t\t\t\t\t\n\t\t\t\t\t\t\t\t\t\t<i class=\"icon icon-esf-plus efbl-plus\"\n\t\t\t\t\t\t\t\t\t\t\taria-hidden=\"true\"><\/i>\n\n\t\t\t\t\t\t\t\t\t\t\t\t\t\t\t\t\t\t\t\t\t\t\t\t\t\t\t<\/div>\n\t\t\t\t\t\t\t<\/a>\n\n\t\t\t\t\t\t\n\n\t\t\t\t\t<\/div>\n\t\t\t\t\n\n\t\t\t\t<div class=\"efbl-feed-content efbl-col-sm-6\">\n\n\t\t\t\t\t\n\t\t\t\t\t\t<div class=\"efbl-d-flex\">\n\n\t\t\t\t\t\t\t\n\t\t\t\t\t\t\t\t<div class=\"efbl-profile-image\">\n\t\t\t\t\t\t\t\t\t<a href=\"https:\/\/facebook.com\/298761926911082\"\n\t\t\t\t\t\t\t\t\t\ttitle=\"\"\n\t\t\t\t\t\t\t\t\t\trel=\"nofollow\"\n\t\t\t\t\t\t\t\t\t\ttarget=\"_blank\">\n\t\t\t\t\t\t\t\t\t\t<img alt=\"\"\n\t\t\t\t\t\t\t\t\t\t\tsrc=\"https:\/\/scontent.fvie3-1.fna.fbcdn.net\/v\/t39.30808-1\/291944542_5662686330518588_2399157938703370881_n.jpg?stp=dst-jpg_s200x200_tt6&#038;_nc_cat=106&#038;ccb=1-7&#038;_nc_sid=f907e8&#038;_nc_ohc=61biSffq4DkQ7kNvwG7VVaz&#038;_nc_oc=AdrJIfV8nTUDrgQfHvJAreMFvYRrhztkUhmAZ3CJfhWNptvUAQdXG25aDOtH3pH4oHc&#038;_nc_zt=24&#038;_nc_ht=scontent.fvie3-1.fna&#038;edm=AOf6bZoEAAAA&#038;_nc_gid=237jd1zIMSAY8cIb0owYNQ&#038;_nc_tpa=Q5bMBQEyOJmMv0TMWDAnQkB5QhvvVwIeoREsRio5dVO-C7b7b8-k0zKdAKo7eJ5J1PHCYtKT1bfmaQux&#038;oh=00_Af3eQUJlCw8-HZyIFWK_NKjToBn4vv8sOJ4SwHBR5Z9gyw&#038;oe=69F7A34C\"\/><\/a>\n\t\t\t\t\t\t\t\t<\/div>\n\n\t\t\t\t\t\t\t\n\t\t\t\t\t\t\t<div class=\"efbl-profile-title\">\n\t\t\t\t\t\t\t\t<div class=\"efbl-profile-title-wrap \">\n\t\t\t\t\t\t\t\t\t<h2>Steyr Center Waldviertel\t\t\t\t\t\t\t\t\t\t\t\t\t\t\t\t\t\t\t\t<span class=\"efbl-profile-story-text\"> <\/span>\n\t\t\t\t\t\t\t\t\t<\/h2>\n\t\t\t\t\t\t\t\t<\/div>\n\t\t\t\t\t\t\t\t<span>3 months 2 days ago<\/span>\n\t\t\t\t\t\t\t<\/div>\n\t\t\t\t\t\t<\/div>\n\n\t\t\t\t\t\n\n\t\t\t\t\t\n\t\t\t\t\t\t<div class=\"efbl_link_text\">\n\n\t\t\t\t\t\t\t<p class=\"efbl_title_link\">\n\t\t\t\t\t\t\t\t<a href=\"https:\/\/www.facebook.com\/298761926911082_1479030274226124\"\n\t\t\t\t\t\t\t\t\trel=\"nofollow\"\n\t\t\t\t\t\t\t\t\ttarget=\"_blank\">\n\t\t\t\t\t\t\t\t\t\t\t\t\t\t\t\t\t<\/a>\n\t\t\t\t\t\t\t<\/p>\n\t\t\t\t\t\t<\/div>\n\n\t\t\t\t\t\t\n\t\t\t\t\t\n\t\t\t\t<\/div>\n\n\t\t\t\t\t\t<\/div>\n\n\t\t\t<div class=\"efbl-post-footer\">\n\n\n\t\t<div class=\"efbl-d-flex efbl-justify-content-between\">\n\t\t\t\t\t\t\t<div class=\"efbl-reacted efbl-d-flex efbl-align-items-center\">\n\n\t\t\t\t\t\n\t\t\t\t\t\t\n\t\t\t\t\t\t\t<div class=\"efbl-reacted-item emotis \" >\n\n\t\t\t\t\t\t\t\t\t\t\t\t\t\t\t\t\t<i class=\"icon icon-esf-thumbs-o-up\"><\/i>\n\t\t\t\t\t\t\t\t\n\t\t\t\t\t\t\t\t\t\t\t\t\t\t\t\t5\t\t\t\t\t\t\t<\/div>\n\t\t\t\t\t\t\t\n\n\n\t\t\t\t\t\n\t\t\t\t\t\t\t\n\n\t\t\t\t<\/div>\n\t\t\t\n\n\n\t\t\t<div class=\"efbl-view-share efbl-d-flex efbl-justify-content-between efbl-align-items-center efbl-mb-1 efbl-mt-1\">\n\n\t\t\t\t\n\t\t\t\t\t<a href=\"https:\/\/www.facebook.com\/298761926911082_1479030274226124\"\n\t\t\t\t\t   target=\"_blank\"\n\t\t\t\t\t   rel=\"nofollow\"\n\t\t\t\t\t   class=\"efbl-view-on-fb no-anchor-style link efbl-mr-1\">View on Facebook<\/a>\n\n\t\t\t\t\n\t\t\t\t\n\t\t\t\t\t<div class=\"esf-share-wrapper\">\n\t\t\t\t\t\t<a href=\"#\" class=\"no-anchor-style link esf-share\">Share<\/a>\n\t\t\t\t\t\t<div class=\"esf-social-share\">\n\t\t\t\t\t\t\t<button>\n\t\t\t\t\t\t\t\t<a class=\"efbl_facebook\"\n\t\t\t\t\t\t\t\t   href=\"https:\/\/www.facebook.com\/sharer\/sharer.php?u=https:\/\/www.facebook.com\/298761926911082_1479030274226124\"\n\t\t\t\t\t\t\t\t   rel=\"nofollow\"\n\t\t\t\t\t\t\t\t   target=\"_blank\">\n\t\t\t\t\t\t\t\t\t<i class=\"icon icon-esf-facebook\"><\/i>\n\t\t\t\t\t\t\t\t<\/a>\n\t\t\t\t\t\t\t<\/button>\n\n\t\t\t\t\t\t\t<button>\n\t\t\t\t\t\t\t\t<a class=\"efbl_twitter\"\n\t\t\t\t\t\t\t\t   href=\"https:\/\/twitter.com\/intent\/tweet?text=https:\/\/www.facebook.com\/298761926911082_1479030274226124\"\n\t\t\t\t\t\t\t\t   rel=\"nofollow\"\n\t\t\t\t\t\t\t\t   target=\"_blank\">\n\t\t\t\t\t\t\t\t\t<i class=\"icon icon-esf-twitter\"><\/i>\n\t\t\t\t\t\t\t\t<\/a>\n\t\t\t\t\t\t\t<\/button>\n\n\t\t\t\t\t\t\t<button>\n\t\t\t\t\t\t\t\t<a class=\"efbl_linked_in\"\n\t\t\t\t\t\t\t\t   href=\"https:\/\/www.linkedin.com\/shareArticle?mini=true&url=https:\/\/www.facebook.com\/298761926911082_1479030274226124\"\n\t\t\t\t\t\t\t\t   rel=\"nofollow\"\n\t\t\t\t\t\t\t\t   target=\"_blank\">\n\t\t\t\t\t\t\t\t\t<i class=\"icon icon-esf-linkedin\"><\/i>\n\t\t\t\t\t\t\t\t<\/a>\n\t\t\t\t\t\t\t<\/button>\n\t\t\t\t\t\t<\/div>\n\t\t\t\t\t<\/div>\n\t\t\t\t\n\t\t\t<\/div>\n\n\t\t<\/div>\n\n\n\t<\/div>\n\n\n\t<\/div>\n\n<\/div>\n\n\t\t\t<\/div>\n\t\t\t\n\t\t<\/div>\n<\/div>\n\t\t\t\t\t\t<\/div>\n\t\t\t\t<\/div>\n\t\t\t\t\t<\/div>\n\t\t<\/div>\n\t\t\t\t\t<\/div>\n\t\t<\/section>\n\t\t\t\t<\/div>\n\t\t","protected":false},"excerpt":{"rendered":"","protected":false},"author":1,"featured_media":0,"parent":0,"menu_order":0,"comment_status":"closed","ping_status":"closed","template":"","meta":{"site-sidebar-layout":"no-sidebar","site-content-layout":"page-builder","ast-site-content-layout":"default","site-content-style":"default","site-sidebar-style":"default","ast-global-header-display":"","ast-banner-title-visibility":"","ast-main-header-display":"","ast-hfb-above-header-display":"","ast-hfb-below-header-display":"","ast-hfb-mobile-header-display":"","site-post-title":"disabled","ast-breadcrumbs-content":"","ast-featured-img":"disabled","footer-sml-layout":"","ast-disable-related-posts":"","theme-transparent-header-meta":"default","adv-header-id-meta":"","stick-header-meta":"","header-above-stick-meta":"","header-main-stick-meta":"","header-below-stick-meta":"","astra-migrate-meta-layouts":"default","ast-page-background-enabled":"default","ast-page-background-meta":{"desktop":{"background-color":"","background-image":"","background-repeat":"repeat","background-position":"center center","background-size":"auto","background-attachment":"scroll","background-type":"","background-media":"","overlay-type":"","overlay-color":"","overlay-opacity":"","overlay-gradient":""},"tablet":{"background-color":"","background-image":"","background-repeat":"repeat","background-position":"center center","background-size":"auto","background-attachment":"scroll","background-type":"","background-media":"","overlay-type":"","overlay-color":"","overlay-opacity":"","overlay-gradient":""},"mobile":{"background-color":"","background-image":"","background-repeat":"repeat","background-position":"center center","background-size":"auto","background-attachment":"scroll","background-type":"","background-media":"","overlay-type":"","overlay-color":"","overlay-opacity":"","overlay-gradient":""}},"ast-content-background-meta":{"desktop":{"background-color":"var(--ast-global-color-5)","background-image":"","background-repeat":"repeat","background-position":"center center","background-size":"auto","background-attachment":"scroll","background-type":"","background-media":"","overlay-type":"","overlay-color":"","overlay-opacity":"","overlay-gradient":""},"tablet":{"background-color":"var(--ast-global-color-5)","background-image":"","background-repeat":"repeat","background-position":"center center","background-size":"auto","background-attachment":"scroll","background-type":"","background-media":"","overlay-type":"","overlay-color":"","overlay-opacity":"","overlay-gradient":""},"mobile":{"background-color":"var(--ast-global-color-5)","background-image":"","background-repeat":"repeat","background-position":"center center","background-size":"auto","background-attachment":"scroll","background-type":"","background-media":"","overlay-type":"","overlay-color":"","overlay-opacity":"","overlay-gradient":""}},"footnotes":""},"class_list":["post-229","page","type-page","status-publish","hentry"],"_links":{"self":[{"href":"https:\/\/www.steyr-waldviertel.at\/index.php\/wp-json\/wp\/v2\/pages\/229","targetHints":{"allow":["GET"]}}],"collection":[{"href":"https:\/\/www.steyr-waldviertel.at\/index.php\/wp-json\/wp\/v2\/pages"}],"about":[{"href":"https:\/\/www.steyr-waldviertel.at\/index.php\/wp-json\/wp\/v2\/types\/page"}],"author":[{"embeddable":true,"href":"https:\/\/www.steyr-waldviertel.at\/index.php\/wp-json\/wp\/v2\/users\/1"}],"replies":[{"embeddable":true,"href":"https:\/\/www.steyr-waldviertel.at\/index.php\/wp-json\/wp\/v2\/comments?post=229"}],"version-history":[{"count":34,"href":"https:\/\/www.steyr-waldviertel.at\/index.php\/wp-json\/wp\/v2\/pages\/229\/revisions"}],"predecessor-version":[{"id":804,"href":"https:\/\/www.steyr-waldviertel.at\/index.php\/wp-json\/wp\/v2\/pages\/229\/revisions\/804"}],"wp:attachment":[{"href":"https:\/\/www.steyr-waldviertel.at\/index.php\/wp-json\/wp\/v2\/media?parent=229"}],"curies":[{"name":"wp","href":"https:\/\/api.w.org\/{rel}","templated":true}]}}