{"id":140,"date":"2021-01-13T10:05:50","date_gmt":"2021-01-13T09:05:50","guid":{"rendered":"https:\/\/www.steyr-waldviertel.at\/?page_id=140"},"modified":"2021-03-04T08:37:54","modified_gmt":"2021-03-04T07:37:54","slug":"datenschutzerklarung","status":"publish","type":"page","link":"https:\/\/www.steyr-waldviertel.at\/index.php\/datenschutzerklarung\/","title":{"rendered":"Datenschutzerkl\u00e4rung"},"content":{"rendered":"\t\t<div data-elementor-type=\"wp-page\" data-elementor-id=\"140\" class=\"elementor elementor-140\" data-elementor-post-type=\"page\">\n\t\t\t\t\t\t<section class=\"elementor-section elementor-top-section elementor-element elementor-element-7976d5fc elementor-section-boxed elementor-section-height-default elementor-section-height-default\" data-id=\"7976d5fc\" data-element_type=\"section\" data-e-type=\"section\">\n\t\t\t\t\t\t<div class=\"elementor-container elementor-column-gap-default\">\n\t\t\t\t\t<div class=\"elementor-column elementor-col-100 elementor-top-column elementor-element elementor-element-1fdc79b3\" data-id=\"1fdc79b3\" data-element_type=\"column\" data-e-type=\"column\">\n\t\t\t<div class=\"elementor-widget-wrap elementor-element-populated\">\n\t\t\t\t\t\t<div class=\"elementor-element elementor-element-ac8ce51 elementor-widget elementor-widget-text-editor\" data-id=\"ac8ce51\" data-element_type=\"widget\" data-e-type=\"widget\" data-widget_type=\"text-editor.default\">\n\t\t\t\t<div class=\"elementor-widget-container\">\n\t\t\t\t\t\t\t\t\t<h4 style=\"text-align: center;\">Information zur Datenverarbeitung gem\u00e4\u00df Artikel 13 und 14 der Datenschutzgrundverordnung (DSGVO)<br \/>Datenschutzerkl\u00e4rung<\/h4><p>Der Schutz Ihrer pers\u00f6nlichen Daten ist uns ein besonderes Anliegen. Wir verarbeiten Ihre personenbezogenen Daten (kurz \u201eDaten\u201c) daher ausschlie\u00dflich auf Grundlage der gesetzlichen Bestimmungen. Mit der Datenschutzerkl\u00e4rung wollen wir Sie \u00fcber die Verarbeitung Ihrer Daten in unserem Unternehmen und die Ihnen zustehenden datenschutzrechtlichen Anspr\u00fcche und Rechte umfassend informieren.<\/p><h5>1.\u00a0\u00a0\u00a0\u00a0\u00a0\u00a0Wer ist f\u00fcr die Datenverarbeitung verantwortlich und an wen k\u00f6nnen Sie sich wenden?<\/h5><p>Steyr Center: Steyr Center Waldviertel<br \/>Adresse: Albrechtser Stra\u00dfe 8, 3950 Gm\u00fcnd<br \/>Telefon: 02852 \/ 53772-223<br \/>E-Mail: fuchs@steyr-wvwest.at<\/p><h5>2.\u00a0\u00a0\u00a0\u00a0\u00a0\u00a0Welche Daten werden verarbeitet und aus welchen Quellen stammen diese Daten?<\/h5><p>Wir verarbeiten die Daten, die wir im Rahmen der Gesch\u00e4ftsanbahnung und -beziehung von Ihnen erhalten. Zudem verarbeiten wir Daten, die wir von Auskunfteien, Gl\u00e4ubigerschutzverb\u00e4nden, aus \u00f6ffentlich zug\u00e4nglichen Quellen (z.B. Firmenbuch, Vereinsregister, Grundbuch, Medien) oder von Lagerh\u00e4usern sowie sonstigen Unternehmen, mit denen wir in dauerhaften Gesch\u00e4ftsbeziehung stehen, zul\u00e4ssigerweise erhalten haben.<\/p><p>Zu den personenbezogenen Daten z\u00e4hlen:<br \/>Ihre <strong>Stamm\/Kontaktdaten<\/strong> wie:<\/p><ul><li>als Privatkunde: Vor- und Zuname, Adresse, Kontaktdaten (E-Mail-Adresse, Telefonnummer, Fax), Geburtsdatum, Daten aus vorgelegtem Identit\u00e4tsnachweis (Ausweiskopie), Bankdaten<\/li><li>als Firmenkunde: Firma, Firmenbuchnummer, UID-Nummer, Betriebsnummer, Adresse , Ansprechpartner-Kontaktdaten (E-Mail-Adresse, Telefonnummer, Fax), Bankdaten<\/li><\/ul><p>Dar\u00fcber hinaus verarbeiten wir auch folgende <strong>sonstige personenbezogene Daten<\/strong>:<\/p><ul><li>Informationen \u00fcber Art und Inhalt unserer Gesch\u00e4ftsbeziehung wie Vertragsdaten, Auftragsdaten, Umsatz- und Belegdaten, Kunden- und Lieferantenhistorie, Beratungsunterlagen, Kfz-Daten<\/li><li>Informationen \u00fcber Ihren Finanzstatus (z.B. Bonit\u00e4tsdaten),<\/li><li>Werbe- und Vertriebsdaten,<\/li><li>Dokumentationsdaten (z.B. Beratungsprotokolle), Bilddaten,<\/li><li>Informationen aus Ihrem elektronischen Verkehr mit dem Steyr Center\/Lagerhaus (z.B. IP-Adresse, Log-in-Daten),<\/li><li>sonstige Daten, die wir von Ihnen im Rahmen unserer Gesch\u00e4ftsbeziehung (z.B. in Kundengespr\u00e4chen) erhalten haben,<\/li><li>Daten, die das Steyr Center\/ Lagerhaus aus Stamm\/Kontaktdaten sowie sonstigen Daten selbst generiert, wie z.B. mittels Kundenbedarfs- und Kundenpotentialanalysen.<\/li><\/ul><h5>3.\u00a0\u00a0\u00a0\u00a0\u00a0\u00a0F\u00fcr welche Zwecke und auf welcher Rechtsgrundlage werden die Daten verarbeitet?<\/h5><p>Wir verarbeiten Ihre Daten im Einklang mit den Bestimmungen der Datenschutzgrundverordnung (DSGVO) und dem \u00f6sterreichischen Datenschutzgesetz in der jeweils geltenden Fassung:<\/p><ul><li><strong>zur Erf\u00fcllung von (vor-)vertraglichen Pflichten (Art 6 Abs. 1lit.b DSGVO):<\/strong><br \/>Die Verarbeitung Ihrer Daten erfolgt f\u00fcr den Verkauf und Vertrieb unserer Waren und Dienstleistungen, zu Beschaffungs- und Logistikzwecken sowie zur Kundenverwaltung und -analyse. Die Daten werden insbesondere bei Gesch\u00e4ftsanbahnung und bei Durchf\u00fchrung der Vertr\u00e4ge mit Ihnen verarbeitet.<\/li><li><strong>zur Erf\u00fcllung rechtlicher Verpflichtungen (Art 6 Abs. 1lit.c DSGVO):<\/strong><br \/>Eine Verarbeitung Ihrer Daten ist zum Zweck der Erf\u00fcllung unterschiedlicher gesetzlicher Verpflichtungen z.B. aus dem Unternehmensgesetzbuch (UGB) oder der Bundesabgabenordnung (BAO), Geldw\u00e4schebestimmungen, produktspezifischen Regelungen wie etwa der AusgangsstoffVO, Chemikaliengesetz erforderlich.<br \/><br \/><\/li><li><strong>zur Wahrung berechtigter Interessen (Art 6 Abs. 1 lit.f DSGVO):<\/strong><br \/>Aufgrund einer Interessenabw\u00e4gung kann eine Datenverarbeitung \u00fcber die eigentliche Erf\u00fcllung des Vertrags hinaus zur Wahrung berechtigter Interessen von uns oder Dritten erfolgen. Jedenfalls in den folgenden F\u00e4llen erfolgt eine Datenverarbeitung zur Wahrung berechtigter Interessen:<br \/><ul><li style=\"list-style-type: none;\"><ul><li>Konsultation von und Datenaustausch mit Auskunfteien und Gl\u00e4ubigerschutzverb\u00e4nden\u00a0\u00a0zur Ermittlung von Bonit\u00e4tsdaten;<\/li><li>Werbung oder Marketing<\/li><li>Ma\u00dfnahmen zur Gesch\u00e4ftssteuerung und Weiterentwicklung von Dienstleistungen und Produkten;<\/li><li>F\u00fchren der Steyr Center-Kundendatenbank(siehe Pkt. 4.3) zur Verbesserung des Kundenservices<\/li><li>Ma\u00dfnahmen zum Schutz des Steyr Center vor vertrags- oder gesetzeswidrigem Verhalten, z.B. Zugangskontrollen, Video\u00fcberwachung;<\/li><li>im Rahmen der Rechtsverfolgung.<br \/><br \/><\/li><\/ul><\/li><\/ul><\/li><li><strong>im Rahmen Ihrer Einwilligung (Art 6 Abs. 1lit.a DSGVO):<br \/><\/strong>Wenn Sie uns eine Einwilligung zur Verarbeitung Ihrer Daten erteilt haben, erfolgt eine Verarbeitung nur gem\u00e4\u00df den in der Einwilligungserkl\u00e4rung festgelegten Zwecken und im darin vereinbarten Umfang. Eine erteilte Einwilligung kann jederzeit mit Wirkung f\u00fcr die Zukunft widerrufen werden, z.B. zur Zusendung unseres Newsletters oder zur Daten\u00fcbermittlung an Dritte. Wenden Sie sich dazu bitte an unsere in Punkt 1. angegebene E-Mail Adresse.<\/li><\/ul><h5>4.\u00a0\u00a0\u00a0\u00a0\u00a0\u00a0Wer erh\u00e4lt meine Daten?<\/h5><p>4.1.\u00a0\u00a0\u00a0\u00a0\u00a0\u00a0\u00a0\u00a0\u00a0\u00a0\u00a0\u00a0Wenn wir einen Auftragsverarbeiter beauftragen, bleiben wir dennoch f\u00fcr den Schutz Ihrer Daten verantwortlich. S\u00e4mtliche Auftragsverarbeiter sind vertraglich dazu verpflichtet, Ihre Daten vertraulich zu behandeln und nur im Rahmen der Leistungserbringung zu verarbeiten. Die von uns beauftragten Auftragsverarbeiter erhalten Ihre Daten, sofern diese die Daten zur Erf\u00fcllung ihrer jeweiligen Leistung ben\u00f6tigen. Diese sind IT-Dienstleister, die wir f\u00fcr Betrieb und Sicherheit unseres IT-Systems ben\u00f6tigen sowie Werbe- und Adressenverlage f\u00fcr eigene Werbeaktionen.<\/p><p>4.2.\u00a0\u00a0\u00a0\u00a0\u00a0\u00a0\u00a0\u00a0\u00a0\u00a0\u00a0\u00a0F\u00fcr Zwecke der unternehmensbezogenen und individuellen Werbung\/Kundenbetreuung in den Bereichen Haus &amp; Garten, Technik, Agrar, Energie, Baustoffe werden Ihre Daten mit Ihrer Einwilligung an eigene Beteiligungsgesellschaften des Steyr Center Waldviertel, des Lagerhauses Gm\u00fcnd-Vitis eGen, an die RWA Raiffeisen Ware Austria Aktiengesellschaft (RWA AG), an andere mit der RWA AG in dauerhafter Gesch\u00e4ftsverbindung stehende Lagerh\u00e4user und an Beteiligungsgesellschaften der RWA AG \u00fcbermittelt.<\/p><p>4.3.\u00a0\u00a0\u00a0\u00a0\u00a0\u00a0\u00a0\u00a0\u00a0\u00a0\u00a0\u00a0Ihre Daten werden in der Steyr Center-Kundendatenbank verarbeitet. Die\u00a0Steyr Center-Kundendatenbank\u00a0unterst\u00fctzt die Anhebung der Datenqualit\u00e4t der vorhandenen Kundendaten (Dublettenbereinigung, Verzogen\/Verstorben-Kennzeichen, Adresskorrektur), und erm\u00f6glicht die Anreicherung mit Daten aus \u00f6ffentlichen Quellen. Diese Daten werden den RWA-Beteiligungsgesellschaften sowie Lagerh\u00e4usern, die an der Steyr Center-Kundendatenbankteilnehmen (teilnehmende Gesellschaften), zur Verf\u00fcgung gestellt und k\u00f6nnen f\u00fcr personalisierte Direktmarketing Aktionen (z.B. Newsletter), f\u00fcr gezieltes Online Marketing und personalisierte Online Shop Gestaltung, verwendet werden.<\/p><p>Durch die Steyr Center-Kundendatenbank sollen teilnehmende Gesellschaften, welche die gleichen Kunden betreuen, Informationen \u00fcber diese Kunden organisations\u00fcbergreifend nutzen k\u00f6nnen. Diese Vorgehensweise hat das Ziel, den Kunden stets die aktuellste und relevanteste Information bereit zu stellen. Diese Verarbeitung von Kundeninteressen stellt Profiling im Sinne Art. 4 DSGVO dar; eine automatisierte Entscheidungsfindung erfolgt nicht.<\/p><p>Das Speichern von Kundendaten erfolgt unternehmensbezogen und getrennt, wobei die RWA\u00a0AG f\u00fcr die einzelnen teilnehmenden Gesellschaften als Dienstleister fungiert.<\/p><p>4.4.\u00a0\u00a0\u00a0\u00a0\u00a0\u00a0\u00a0\u00a0\u00a0\u00a0\u00a0\u00a0Erfolgt eine Angebotslegung\/Verkauf \u00fcber Herstellerportale, werden von Ihnen bekanntgegebene Daten direkt im Portal des Herstellers verarbeitet.<\/p><p>4.5.\u00a0\u00a0\u00a0\u00a0\u00a0\u00a0\u00a0\u00a0\u00a0\u00a0\u00a0\u00a0Zum Zwecke des Gl\u00e4ubigerschutzes \u00fcbermitteln wir Stammdaten und Informationen zu Ihrem Finanzstatus an Kreditversicherungen (derzeit Acredia Versicherung AG), Kreditschutzverb\u00e4nde(derzeit KSV 1870 Information GmbH) und Wirtschaftsauskunfteien (derzeit CRIF GmbH).<\/p><p>4.6.\u00a0\u00a0\u00a0\u00a0\u00a0\u00a0\u00a0\u00a0\u00a0\u00a0\u00a0\u00a0Bei Vorliegen einer gesetzlichen Verpflichtung sowie im Rahmen der Rechtsverfolgung k\u00f6nnen Beh\u00f6rden und Gerichte sowie externe Auditoren Empf\u00e4nger Ihrer Daten sein.<\/p><p>4.7.\u00a0\u00a0\u00a0\u00a0\u00a0\u00a0\u00a0\u00a0\u00a0\u00a0\u00a0\u00a0Dar\u00fcber hinaus k\u00f6nnen zum Zweck der Vertragsanbahnung und -erf\u00fcllung Versicherungen, Banken, Auskunfteien und Dienstleister Empf\u00e4nger Ihrer Daten sein.<\/p><p>4.8.Zum besseren Verst\u00e4ndnis der unter Punkt 4. genannten Empf\u00e4ngerkategorien finden Sie unter nachfolgenden Link <a href=\"\/index.php\/unternehmensliste\/\">https:\/\/www.steyr-waldviertel.at\/index.php\/unternehmensliste<\/a> eine Auswahl einzelner Unternehmen.<\/p><h5>5.\u00a0\u00a0\u00a0\u00a0\u00a0\u00a0Wie lange werden meine Daten gespeichert?<\/h5><p>Wir verarbeiten Ihre Daten bis zur Beendigung der Gesch\u00e4ftsbeziehung oder bis zum Ablauf der geltenden Garantie-, Gew\u00e4hrleistungs-, Verj\u00e4hrungs- und gesetzlichen Aufbewahrungsfristen (etwa aus dem Unternehmensgesetzbuch (UGB), der Bundesabgabenordnung (BAO)); dar\u00fcber hinaus bis zur Beendigung von allf\u00e4lligen Rechtsstreitigkeiten, bei denen die Daten als Beweis ben\u00f6tigt werden.<\/p><h5>6.\u00a0\u00a0\u00a0\u00a0\u00a0\u00a0Welche Datenschutzrechte habe ich?<\/h5><p>Sie haben jederzeit ein Recht auf Auskunft, Berichtigung, L\u00f6schung oder Einschr\u00e4nkung der Verarbeitung Ihrer gespeicherten Daten, ein Widerspruchsrecht gegen die Verarbeitung sowie ein Recht auf Daten\u00fcbertragbarkeit und auf Beschwerde gem\u00e4\u00df den Voraussetzungen des Datenschutzrechts.<\/p><p>6.1 Auskunftsrecht:<br \/>Sie k\u00f6nnen von uns eine Auskunft verlangen, ob und in welchem Ausma\u00df wir Ihre Daten verarbeiten.<\/p><p>6.2 Recht auf Berichtigung:<br \/>Verarbeiten wir Ihre Daten, die unvollst\u00e4ndig oder unrichtig sind, so k\u00f6nnen Sie jederzeit deren Berichtigung bzw. deren Vervollst\u00e4ndigung von uns verlangen.<\/p><p>6.3 Recht auf L\u00f6schung:<br \/>Sie k\u00f6nnen von uns die L\u00f6schung Ihrer Daten verlangen, sofern wir diese unrechtm\u00e4\u00dfig verarbeiten oder die Verarbeitung unverh\u00e4ltnism\u00e4\u00dfig in Ihre berechtigten Schutzinteressen eingreift. Bitte beachten Sie, dass es Gr\u00fcnde geben kann, die einer sofortigen L\u00f6schung entgegenstehen, z.B. im Fall von gesetzlich geregelten Aufbewahrungspflichten.<\/p><p>6.4 Recht auf Einschr\u00e4nkung der Verarbeitung:<br \/>Sie k\u00f6nnen von uns die Einschr\u00e4nkung der Verarbeitung Ihrer Daten verlangen, wenn<\/p><ul><li>Sie die Richtigkeit der Daten bestreiten, und zwar f\u00fcr eine Dauer, die es uns erm\u00f6glicht, die Richtigkeit der Daten zu \u00fcberpr\u00fcfen.<\/li><li>die Verarbeitung der Daten unrechtm\u00e4\u00dfig ist, Sie aber eine L\u00f6schung ablehnen und stattdessen eine Einschr\u00e4nkung der Datennutzung verlangen,<\/li><li>wir die Daten f\u00fcr den vorgesehenen Zweck nicht mehr ben\u00f6tigen, Sie diese Daten aber noch zur Geltendmachung oder Verteidigung von Rechtsanspr\u00fcchen brauchen, oder<\/li><li>Sie Widerspruch gegen die Verarbeitung der Daten eingelegt haben.<\/li><\/ul><p>6.5 Recht auf Daten\u00fcbertragbarkeit:<br \/>Sie k\u00f6nnen von uns verlangen, dass wir Ihnen Ihre Daten, die Sie uns bereitgestellt haben, in einem strukturierten, g\u00e4ngigen und maschinenlesbaren Format zur Verf\u00fcgung stellen und dass Sie diese Daten einem anderen Verantwortlichen ohne Behinderung durch uns \u00fcbermitteln k\u00f6nnen, sofern<\/p><ul><li>wir diese Daten aufgrund einer von Ihnen erteilten und widerrufbaren Zustimmung oder zur Erf\u00fcllung eines Vertrages zwischen uns verarbeiten, und<\/li><li>diese Verarbeitung mithilfe automatisierter Verfahren erfolgt.<\/li><\/ul><p>Bei technischer Machbarkeit k\u00f6nnen Sie von uns eine direkte \u00dcbermittlung Ihrer Daten an einen anderen Verantwortlichen verlangen.<\/p><p>6.6 Widerspruchsrecht:<br \/>Verarbeiten wir Ihre Daten aus berechtigtem Interesse, so k\u00f6nnen Sie gegen diese Datenverarbeitung aus Gr\u00fcnden, die sich aus Ihrer besonderen Situation ergeben, jederzeit Widerspruch einlegen; dies gilt auch f\u00fcr ein auf diese Bestimmungen gest\u00fctztes Profiling. Wir verarbeiten dann Ihre Daten nicht mehr, es sei denn, wir k\u00f6nnen zwingende schutzw\u00fcrdige Gr\u00fcnde f\u00fcr die Verarbeitung nachweisen, die Ihre Interessen, Rechte und Freiheiten \u00fcberwiegen oder die Verarbeitung dient der Geltendmachung, Aus\u00fcbung oder Verteidigung von Rechtsanspr\u00fcchen. Der Verarbeitung Ihrer Daten zum Zweck der Direktwerbung k\u00f6nnen Sie jederzeit ohne Angabe von Gr\u00fcnden widersprechen.<\/p><p>6.7 Beschwerderecht:<br \/>Sind Sie der Meinung, dass wir bei der Verarbeitung Ihrer Daten gegen \u00f6sterreichisches oder europ\u00e4isches Datenschutzrecht versto\u00dfen, so ersuchen wir Sie, mit uns Kontakt aufzunehmen, um allf\u00e4llige Fragen aufkl\u00e4ren zu k\u00f6nnen. Sie haben selbstverst\u00e4ndlich auch das Recht, sich bei der \u00f6sterreichischen Datenschutzbeh\u00f6rde oder bei einer Aufsichtsbeh\u00f6rde innerhalb der EU zu beschweren.<\/p><h5>7.\u00a0\u00a0\u00a0\u00a0\u00a0\u00a0Bei wem kann ich diese Rechte geltend machen?<\/h5><p>Sofern Sie eines der genannten Rechte uns gegen\u00fcber geltend machen wollen, so wenden Sie sich an unsere in Punkt 1. angegebene E-Mail Adresse. Im Zweifel k\u00f6nnen wir zus\u00e4tzliche Informationen zur Best\u00e4tigung Ihrer Identit\u00e4t anfordern. Dies dient dem Schutz Ihrer Rechte und Ihrer Privatsph\u00e4re.<\/p><h5>8.\u00a0\u00a0\u00a0\u00a0\u00a0\u00a0Bin ich zur Bereitstellung von Daten verpflichtet?<\/h5><p>Die Verarbeitung Ihrer Daten ist zum Abschluss bzw. zur Erf\u00fcllung Ihres mit uns eingegangenen Vertrages erforderlich. Wenn Sie uns diese Daten nicht zur Verf\u00fcgung stellen, werden wir den Abschluss des Vertrags oder die Ausf\u00fchrungen des Auftrags in der Regel ablehnen m\u00fcssen oder einen bestehenden Vertrag nicht mehr durchf\u00fchren k\u00f6nnen und folglich beenden m\u00fcssen. Sie sind jedoch nicht verpflichtet, hinsichtlich f\u00fcr die Vertragserf\u00fcllung nicht relevanter bzw. gesetzlich nicht erforderlicher Daten eine Einwilligung zur Datenverarbeitung zu erteilen.<\/p><h5>9.\u00a0\u00a0\u00a0\u00a0\u00a0\u00a0Gibt es Profiling?<\/h5><p>Auf unserer Website findet ein Profiling auf Basis Ihres Klick-Verhaltens statt. Dieses Profiling dient dazu, Ihr Kundenerlebnis bei Aufruf unserer Webseite zu verbessern. Interessieren Sie sich beispielsweise haupts\u00e4chlich f\u00fcr Produkte und Inhalte mit landwirtschaftlichem Bezug werden Sie beim n\u00e4chsten Aufruf der Webseite direkt auf die Zielgruppeneinstiegsseite \u201eLandwirtschaft\u201c weitergeleitet.<\/p><p>Des Weiteren werden Ihnen einzelne Fachartikel oder Angebote im Zusammenhang mit Ihrem Surfverhalten auf unserer Webseite vorgeschlagen. Beispielsweise werden Ihnen neue Artikel aus dem Bereich \u201eTierfutter\u201c auf unserer Startseite angezeigt, wenn Sie bereits Tierfutter in unserem Onlineshop gekauft haben oder sich einige Inhalte mit Bezug auf Haustiere auf unserer Webseite angeschaut haben.<\/p><p>Um dies zu erm\u00f6glichen nutzen wir Cookies. Wenn Sie dies nicht w\u00fcnschen, k\u00f6nnen Sie Ihren Browser so einrichten, dass er Sie \u00fcber das Setzen von Cookies informiert und Sie dies nur im Einzelfall erlauben. Bei der Deaktivierung von Cookies kann die Funktionalit\u00e4t unserer Website eingeschr\u00e4nkt sein (vgl. Pkt. 12.1).<\/p><p>Auch im Rahmen unseres Kundenbeziehungsmanagements erfolgt auf Grund Ihres Einkaufsverhaltens in unseren Filialen und von Kundengespr\u00e4chen ein Profiling.\u00a0<\/p><p>In all diesen F\u00e4llen erfolgt keine automatisierte Entscheidungsfindung im Sinne der DSGVO.<\/p><h5>10.\u00a0\u00a0Werden die personenbezogenen Daten an ein Drittland \u00fcbermittelt?<\/h5><p>Grunds\u00e4tzlich werden von uns keine Daten an ein Drittland \u00fcbermittelt. Eine \u00dcbermittlung findet im Einzelfall nur auf Grundlage eines Angemessenheitsbeschlusses der Europ\u00e4ischen Kommission, Standardvertragsklauseln, geeigneter Garantien oder Ihrer ausdr\u00fccklichen Zustimmung statt.<\/p><h5>11.\u00a0\u00a0Bewerbungsdaten<\/h5><p>Wenn Sie uns Ihre Bewerbung zukommen lassen, werden Ihre Bewerbungsdaten ausschlie\u00dflich den am Bewerbungsprozess beteiligten und autorisierten Personen zug\u00e4nglich gemacht. Ihre Bewerbungsdaten werden maximal zwei Jahre gespeichert, auch um Ihnen gegebenenfalls alternative Stellen anbieten zu k\u00f6nnen.<\/p><h5>12.\u00a0\u00a0Cookies und Tracking-Tools<\/h5><p>12.1 Cookies<br \/>Unsere Website verwendet so genannte Cookies. Dabei handelt es sich um kleine Textdateien, die mit Hilfe des Browsers auf Ihrem Endger\u00e4t abgelegt werden. Sie richten keinen Schaden an. Wir nutzen Cookies dazu, unser Angebot nutzerfreundlich zu gestalten. Einige Cookies bleiben auf Ihrem Endger\u00e4t gespeichert, bis Sie diese l\u00f6schen. Sie erm\u00f6glichen es uns, Ihren Browser beim n\u00e4chsten Besuch wiederzuerkennen. <br \/>Wenn Sie dies nicht w\u00fcnschen, so k\u00f6nnen Sie Ihren Browser so einrichten, dass er Sie \u00fcber das Setzen von Cookies informiert und Sie dies nur im Einzelfall erlauben.<br \/>Bei der Deaktivierung von Cookies kann die Funktionalit\u00e4t unserer Website eingeschr\u00e4nkt sein.<\/p><p>12.2 Tracking-Tools und Einsatz von Google Analytics<br \/>Auf unserer Website werden mit Hilfe von Analyse-Tools allgemeine Informationen \u00fcber das Nutzungsverhalten der Besucher erfasst. Diese umfassen beispielsweise aufgerufene Seiten, Verweildauer, verweisende Seiten sowie allgemeine Informationen zu Ihrem Computersystem wie Betriebssystem, Bildschirmaufl\u00f6sung, verwendeter Browser etc. Alle erhobenen Daten werden anonymisiert gespeichert und erm\u00f6glichen keine Zuordnung zu Ihrer Person. Sollten Sie mit dieser anonymisierten Erfassung Ihres Nutzungsverhaltens nicht einverstanden sein, k\u00f6nnen Sie diese verhindern, indem Sie Cookies in Ihrem Browser deaktivieren.<\/p><p>Diese Internetseite verwendet zudem Google Analytics, einen Internetanalysedienst von Google. Google Analytics nutzt Cookies, die eine Analyse der Benutzung der Website durch Sie erm\u00f6glichen.<\/p><p>Die durch die Cookies erzeugten Informationen \u00fcber Ihre Benutzung dieser Webseite (einschlie\u00dflich Ihrer IP-Adresse) werden an einen Server von Google in den USA \u00fcbertragen und dort gespeichert. Google wird diese Informationen benutzen, um Ihre Nutzung der Website auszuwerten, um Reports \u00fcber die Websiteaktivit\u00e4ten zusammenzustellen und um weitere mit der Websitenutzung und der Internetnutzung verbundene Dienstleistungen zu erbringen. Auch wird Google diese Informationen gegebenenfalls an Dritte \u00fcbertragen, sofern dies gesetzlich vorgeschrieben ist oder soweit Dritte diese Daten im Auftrag von Google verarbeiten. Sie k\u00f6nnen die Installation der Cookies durch eine entsprechende Einstellung in Ihrer Browser-Software verhindern, wir weisen Sie jedoch darauf hin, dass Sie in diesem Fall gegebenenfalls nicht s\u00e4mtliche Funktionen dieser Website in vollem Umfang nutzen k\u00f6nnen. Durch die Nutzung dieser Website erkl\u00e4ren Sie sich mit der Bearbeitung der \u00fcber Sie erhobenen Daten durch Google in der zuvor beschriebenen Art und Weise und zu dem zuvor benannten Zweck einverstanden.<\/p><p>Wir informieren dar\u00fcber, dass diese Webseite Google Analytics ausschlie\u00dflich unter Verwendung eines Deaktivierungs-Add-on \u201e_anonymizeIp()\u201c nutzt. Ihre IP-Adresse wird nicht vollst\u00e4ndig gespeichert. Die Identifizierung des Besuchers der Webseite ist ausgeschlossen.<\/p><p>Mittels Installation des Browser-Add-on zur Deaktivierung von Google Analytics (<a href=\"http:\/\/tools.google.com\/dlpage\/gaoptout?hl=de\">http:\/\/tools.google.com\/dlpage\/gaoptout?hl=de<\/a>) k\u00f6nnen Sie der Nutzung widersprechen. Dadurch teilen Sie Google Analytics mit, dass keine Informationen \u00fcber den Website-Besuch an Google Analytics \u00fcbermittelt werden sollen. Ohne Ihre ausdr\u00fcckliche Zustimmung werden wir Trackingtools nicht dazu benutzen, um unbemerkt<\/p><ul><li>pers\u00f6nliche Daten \u00fcber Sie zu sammeln,<\/li><li>solche Daten an Drittanbieter und Marketingplattformen zu \u00fcbermitteln oder<\/li><li>die Daten mit Ihren pers\u00f6nlichen Daten (Name, Adresse usw.) zu verkn\u00fcpfen.<\/li><\/ul><p>12.3 Verwendung der Remarketing-Funktion von Google<br \/>Auf dieser Webseite verwenden wir die Remarketing-Funktion von Google. Durch diese Technologie werden Nutzer, die unsere Internetseite schon einmal besucht haben, durch zielgerichtete Werbung auf den Seiten des Google Partner Netzwerks erneut angesprochen. Zu diesem Zweck speichert Google Cookies auf Ihrem Computer, mit denen der Besuch der Webseite analysiert und anschlie\u00dfend f\u00fcr gezielte Produktempfehlungen und interessenbasierte Werbung genutzt werden kann. Sie haben die M\u00f6glichkeit, die Verwendung von Cookies f\u00fcr Werbezwecke zu deaktivieren. Rufen Sie hierzu den Anzeigenvorgaben-Manager (<a href=\"http:\/\/www.google.com\/settings\/ads\">http:\/\/www.google.com\/settings\/ads<\/a>) von Google auf, alternativ k\u00f6nnen Sie die Verwendung von Cookies durch Drittanbieter verhindern, indem Sie die\u00a0Deaktivierungsseite der Netzwerkwerbeinitiative\u00a0(<a href=\"http:\/\/www.networkadvertising.org\/managing\/opt_out.asp\">http:\/\/www.networkadvertising.org\/managing\/opt_out.asp<\/a>) besuchen.<\/p><h5>13.\u00a0\u00a0Verwendung von SocialSharing<\/h5><p>F\u00fcr die Social Sharing Funktionalit\u00e4ten verwenden wir keine Plugins der jeweiligen Social-Media-Dienste. Stattdessen setzen wir lediglich einen Text- oder einen Bild-Link. Dadurch werden keine Daten, wie etwa Ihre IP-Adresse, verwendeter Browser, Bildschirmaufl\u00f6sung, die aufgerufene Webseite, Datum und Uhrzeit, an die jeweiligen Social Media Dienste \u00fcbermittelt.<\/p><p>Derartige Links k\u00f6nnen so aussehen: <a href=\"https:\/\/www.facebook.com\/sharer\/sharer.php?u=http%3A\/\/www.steyr-wvwest.at\">https:\/\/www.facebook.com\/sharer\/sharer.php?u=http%3A\/\/www.steyr-wvwest.at<\/a><\/p><p>Wenn Sie einen Social-Sharing-Link anklicken, w\u00e4hrend Sie in Ihrem jeweiligen Social Media Account eingeloggt sind, k\u00f6nnen Sie die Inhalte unserer Seiten auf Ihrem Profil teilen. Dadurch kann der Social Media Dienst den Besuch unserer Seiten Ihrem Benutzerkonto zuordnen. Wir weisen darauf hin, dass wir als Anbieter der Seiten keine Kenntnis vom Inhalt der \u00fcbermittelten Daten sowie deren Nutzung durch Facebook erhalten.<\/p><h5>14.\u00a0\u00a0Newsletter<\/h5><p>Sie haben die M\u00f6glichkeit unseren Newsletter zu abonnieren. Sofern Sie sich f\u00fcr den Newsletter auf unserer Website angemeldet haben (ausgenommen bei Onlineshop-Kundenregistrierung), senden wir Ihnen ein E-Mail mit einem Link zur Best\u00e4tigung der Anmeldung. Das Abo des Newsletters k\u00f6nnen Sie jederzeit \u00fcber einen Link direkt im Newsletter stornieren. Wir l\u00f6schen ihre Daten anschlie\u00dfend umgehend aus unserem Newsletter-Verteiler.<\/p>\t\t\t\t\t\t\t\t<\/div>\n\t\t\t\t<\/div>\n\t\t\t\t\t<\/div>\n\t\t<\/div>\n\t\t\t\t\t<\/div>\n\t\t<\/section>\n\t\t\t\t<\/div>\n\t\t","protected":false},"excerpt":{"rendered":"<p>Information zur Datenverarbeitung gem\u00e4\u00df Artikel 13 und 14 der Datenschutzgrundverordnung (DSGVO)Datenschutzerkl\u00e4rung Der Schutz Ihrer pers\u00f6nlichen Daten ist uns ein besonderes Anliegen. Wir verarbeiten Ihre personenbezogenen Daten (kurz \u201eDaten\u201c) daher ausschlie\u00dflich auf Grundlage der gesetzlichen Bestimmungen. Mit der Datenschutzerkl\u00e4rung wollen wir Sie \u00fcber die Verarbeitung Ihrer Daten in unserem Unternehmen und die Ihnen zustehenden datenschutzrechtlichen Anspr\u00fcche [&hellip;]<\/p>\n","protected":false},"author":1,"featured_media":0,"parent":0,"menu_order":0,"comment_status":"closed","ping_status":"closed","template":"","meta":{"site-sidebar-layout":"no-sidebar","site-content-layout":"page-builder","ast-site-content-layout":"default","site-content-style":"default","site-sidebar-style":"default","ast-global-header-display":"","ast-banner-title-visibility":"","ast-main-header-display":"","ast-hfb-above-header-display":"","ast-hfb-below-header-display":"","ast-hfb-mobile-header-display":"","site-post-title":"disabled","ast-breadcrumbs-content":"disabled","ast-featured-img":"disabled","footer-sml-layout":"","ast-disable-related-posts":"","theme-transparent-header-meta":"default","adv-header-id-meta":"","stick-header-meta":"","header-above-stick-meta":"","header-main-stick-meta":"","header-below-stick-meta":"","astra-migrate-meta-layouts":"default","ast-page-background-enabled":"default","ast-page-background-meta":{"desktop":{"background-color":"","background-image":"","background-repeat":"repeat","background-position":"center center","background-size":"auto","background-attachment":"scroll","background-type":"","background-media":"","overlay-type":"","overlay-color":"","overlay-opacity":"","overlay-gradient":""},"tablet":{"background-color":"","background-image":"","background-repeat":"repeat","background-position":"center center","background-size":"auto","background-attachment":"scroll","background-type":"","background-media":"","overlay-type":"","overlay-color":"","overlay-opacity":"","overlay-gradient":""},"mobile":{"background-color":"","background-image":"","background-repeat":"repeat","background-position":"center center","background-size":"auto","background-attachment":"scroll","background-type":"","background-media":"","overlay-type":"","overlay-color":"","overlay-opacity":"","overlay-gradient":""}},"ast-content-background-meta":{"desktop":{"background-color":"var(--ast-global-color-5)","background-image":"","background-repeat":"repeat","background-position":"center center","background-size":"auto","background-attachment":"scroll","background-type":"","background-media":"","overlay-type":"","overlay-color":"","overlay-opacity":"","overlay-gradient":""},"tablet":{"background-color":"var(--ast-global-color-5)","background-image":"","background-repeat":"repeat","background-position":"center center","background-size":"auto","background-attachment":"scroll","background-type":"","background-media":"","overlay-type":"","overlay-color":"","overlay-opacity":"","overlay-gradient":""},"mobile":{"background-color":"var(--ast-global-color-5)","background-image":"","background-repeat":"repeat","background-position":"center center","background-size":"auto","background-attachment":"scroll","background-type":"","background-media":"","overlay-type":"","overlay-color":"","overlay-opacity":"","overlay-gradient":""}},"footnotes":""},"class_list":["post-140","page","type-page","status-publish","hentry"],"_links":{"self":[{"href":"https:\/\/www.steyr-waldviertel.at\/index.php\/wp-json\/wp\/v2\/pages\/140","targetHints":{"allow":["GET"]}}],"collection":[{"href":"https:\/\/www.steyr-waldviertel.at\/index.php\/wp-json\/wp\/v2\/pages"}],"about":[{"href":"https:\/\/www.steyr-waldviertel.at\/index.php\/wp-json\/wp\/v2\/types\/page"}],"author":[{"embeddable":true,"href":"https:\/\/www.steyr-waldviertel.at\/index.php\/wp-json\/wp\/v2\/users\/1"}],"replies":[{"embeddable":true,"href":"https:\/\/www.steyr-waldviertel.at\/index.php\/wp-json\/wp\/v2\/comments?post=140"}],"version-history":[{"count":4,"href":"https:\/\/www.steyr-waldviertel.at\/index.php\/wp-json\/wp\/v2\/pages\/140\/revisions"}],"predecessor-version":[{"id":144,"href":"https:\/\/www.steyr-waldviertel.at\/index.php\/wp-json\/wp\/v2\/pages\/140\/revisions\/144"}],"wp:attachment":[{"href":"https:\/\/www.steyr-waldviertel.at\/index.php\/wp-json\/wp\/v2\/media?parent=140"}],"curies":[{"name":"wp","href":"https:\/\/api.w.org\/{rel}","templated":true}]}}