{"id":127,"date":"2021-01-13T10:03:50","date_gmt":"2021-01-13T09:03:50","guid":{"rendered":"https:\/\/www.steyr-waldviertel.at\/?page_id=127"},"modified":"2025-01-02T09:56:58","modified_gmt":"2025-01-02T08:56:58","slug":"agb","status":"publish","type":"page","link":"https:\/\/www.steyr-waldviertel.at\/index.php\/agb\/","title":{"rendered":"AGB"},"content":{"rendered":"\t\t<div data-elementor-type=\"wp-page\" data-elementor-id=\"127\" class=\"elementor elementor-127\" data-elementor-post-type=\"page\">\n\t\t\t\t\t\t<section class=\"elementor-section elementor-top-section elementor-element elementor-element-6b31734 elementor-section-boxed elementor-section-height-default elementor-section-height-default\" data-id=\"6b31734\" data-element_type=\"section\" data-e-type=\"section\">\n\t\t\t\t\t\t<div class=\"elementor-container elementor-column-gap-default\">\n\t\t\t\t\t<div class=\"elementor-column elementor-col-100 elementor-top-column elementor-element elementor-element-1b99f87d\" data-id=\"1b99f87d\" data-element_type=\"column\" data-e-type=\"column\">\n\t\t\t<div class=\"elementor-widget-wrap elementor-element-populated\">\n\t\t\t\t\t\t<div class=\"elementor-element elementor-element-3c4b9c92 elementor-widget__width-initial elementor-widget elementor-widget-text-editor\" data-id=\"3c4b9c92\" data-element_type=\"widget\" data-e-type=\"widget\" data-widget_type=\"text-editor.default\">\n\t\t\t\t<div class=\"elementor-widget-container\">\n\t\t\t\t\t\t\t\t\t<h4 style=\"text-align: center;\">ALLGEMEINE GESCH\u00c4FTSBEDINGUNGEN<\/h4>\n<p style=\"text-align: center;\">ALLGEMEINE VERKAUFS- UND LIEFERBEDINGUNGEN<br>(Fassung J\u00e4nner 2025)<\/p>\n<ol>\n<li><u><b> Allgemeines:<\/b><\/u><\/li>\n<\/ol>\n<p>1.1&nbsp;<br><span style=\"font-size: 15px; color: var( --e-global-color-text ); font-family: var( --e-global-typography-text-font-family ), Sans-serif;\">Warenlieferungen (inklusive Waren mit digitalen Elementen) an unsere Kunden erfolgen nur aufgrund der nachstehenden Bedingungen, sofern in speziellen Gesch\u00e4ftsbedingungen nichts anderes geregelt ist. Abweichende Vereinbarungen bed\u00fcrfen der Schriftform (<\/span><strong style=\"font-size: 15px; color: var( --e-global-color-text ); font-family: var( --e-global-typography-text-font-family ), Sans-serif;\">gilt nicht f\u00fcr Verbrauchergesch\u00e4fte<\/strong><span style=\"font-size: 15px; color: var( --e-global-color-text ); font-family: var( --e-global-typography-text-font-family ), Sans-serif;\">). Unsere Mitarbeiter sind ohne schriftliche Vollmacht auch gegen\u00fcber Verbrauchern nicht befugt, abweichende Zusagen oder Vereinbarungen m\u00fcndlich zu treffen.<\/span><\/p>\n<p>1.2<br><span style=\"font-size: 15px; color: var( --e-global-color-text ); font-family: var( --e-global-typography-text-font-family ), Sans-serif;\">Die etwaige Unwirksamkeit einzelner Bestimmungen dieser Allgemeinen Verkaufs- und Lieferbedingungen hat auf die \u00fcbrigen Bestimmungen keinen Einfluss. Anstelle einer etwa unwirksamen Bestimmung gilt als vereinbart, was dieser in rechtlich zul\u00e4ssiger Weise am n\u00e4chsten kommt (<\/span><strong style=\"font-size: 15px; color: var( --e-global-color-text ); font-family: var( --e-global-typography-text-font-family ), Sans-serif;\">gilt nicht f\u00fcr Verbrauchergesch\u00e4fte<\/strong><span style=\"font-size: 15px; color: var( --e-global-color-text ); font-family: var( --e-global-typography-text-font-family ), Sans-serif;\">).<\/span><\/p>\n<p>1.3<br><span style=\"font-size: 15px; color: var( --e-global-color-text ); font-family: var( --e-global-typography-text-font-family ), Sans-serif;\">Sinngem\u00e4\u00df gelten diese Bedingungen auch f\u00fcr Leistungen inklusive digitaler Leistungen oder sonstige von uns zu bewirkende Lieferungen, sofern in speziellen Gesch\u00e4ftsbedingungen nichts anderes geregelt ist.<\/span><\/p>\n<p>1.4<br><span style=\"font-size: 15px; color: var( --e-global-color-text ); font-family: var( --e-global-typography-text-font-family ), Sans-serif;\">Entgegenstehende Allgemeine Gesch\u00e4ftsbedingungen des Kunden werden von uns nicht akzeptiert.<\/span><\/p>\n<ol start=\"2\">\n<li><u><b> Auftragsannahme:<\/b><\/u><\/li>\n<\/ol>\n<p>2.1<br><span style=\"font-size: 15px; color: var( --e-global-color-text ); font-family: var( --e-global-typography-text-font-family ), Sans-serif;\">Erfolgt innerhalb von drei Arbeitstagen nach Erhalt einer m\u00fcndlichen Bestellung keine Ablehnung durch uns, gilt der Auftrag als angenommen. Die Ablehnung eines schriftlichen Auftrages haben wir binnen 14 Tagen nach dessen Einlangen schriftlich zu erkl\u00e4ren, andernfalls er mit dem Datum der Auftragserteilung als angenommen gilt.<\/span><\/p>\n<p>2.2<br><span style=\"font-size: 15px; color: var( --e-global-color-text ); font-family: var( --e-global-typography-text-font-family ), Sans-serif;\">Bei Postversand ist die Ablehnung rechtzeitig, wenn sie innerhalb der Fristen zur Post gegeben wird.<\/span><\/p>\n<ol start=\"3\">\n<li><u><b> R\u00fccktrittsrecht f\u00fcr Konsumenten nach dem Konsumentenschutzgesetz:<\/b><\/u><\/li>\n<\/ol>\n<p>3.1<br><span style=\"font-size: 15px; color: var( --e-global-color-text ); font-family: var( --e-global-typography-text-font-family ), Sans-serif;\">Hat der Verbraucher seine Vertragserkl\u00e4rung weder in den von uns f\u00fcr unsere gesch\u00e4ftlichen Zwecke dauernd ben\u00fctzten R\u00e4umen noch bei einem von uns daf\u00fcr auf einer Messe oder einem Markt ben\u00fctzten Stand abgegeben, so kann er von seinem Vertragsantrag oder vom Vertrag binnen 14 Tagen zur\u00fccktreten; die Frist beginnt mit der Ausfolgung einer Urkunde an den Verbraucher zu laufen, die zumindest unseren Namen und unsere Anschrift sowie eine Information \u00fcber das R\u00fccktrittsrecht enth\u00e4lt, fr\u00fchestens jedoch mit dem Zustandekommen des Vertrages; bei Kaufvertr\u00e4gen \u00fcber Waren beginnt der Fristenlauf fr\u00fchestens mit dem Tag, an dem der Verbraucher den Besitz der Ware erlangt.<\/span><\/p>\n<p>Ist die Ausfolgung einer solchen Urkunde unterblieben, so verl\u00e4ngert sich die R\u00fccktrittsfrist um zw\u00f6lf Monate. Wenn wir die Urkundenausfolgung innerhalb von zw\u00f6lf Monaten ab dem Fristbeginn nachholen, endet die R\u00fccktrittsfrist 14 Tage nach dem Zeitpunkt, zu dem der Verbraucher die Urkunde erh\u00e4lt.<\/p>\n<p>3.2<br><span style=\"font-size: 15px; color: var( --e-global-color-text ); font-family: var( --e-global-typography-text-font-family ), Sans-serif;\">Das R\u00fccktrittsrecht steht dem Verbraucher nicht zu, wenn er selbst die gesch\u00e4ftliche Verbindung mit uns angebahnt hat oder dem Zustandekommen des Vertrages keine Besprechungen zwischen den Beteiligten vorangegangen sind.<\/span><\/p>\n<p>3.3&nbsp;<br><span style=\"font-size: 15px; color: var( --e-global-color-text ); font-family: var( --e-global-typography-text-font-family ), Sans-serif;\">Die Erkl\u00e4rung des R\u00fccktritts ist an keine bestimmte Form gebunden. Die R\u00fccktrittsfrist ist gewahrt, wenn die R\u00fccktrittserkl\u00e4rung innerhalb der Frist abgesendet wird.<\/span><\/p>\n<p>3.4<br><span style=\"font-size: 15px; color: var( --e-global-color-text ); font-family: var( --e-global-typography-text-font-family ), Sans-serif;\">Der Verbraucher kann von seinem Vertragsantrag oder vom Vertrag weiters zur\u00fccktreten, wenn ohne seine Veranlassung f\u00fcr seine Einwilligung ma\u00dfgebliche Umst\u00e4nde, wie z.B. Zustimmung Dritter, Aussicht auf steuerliche Vorteile oder \u00f6ffentliche F\u00f6rderungen oder einen Kredit, die wir im Zuge der Vertragsverhandlungen als wahrscheinlich dargestellt haben, nicht oder nur in erheblich geringerem Ausma\u00df eintreten.<\/span><\/p>\n<p>Der R\u00fccktritt kann binnen einer Woche erkl\u00e4rt werden, sobald f\u00fcr den Verbraucher erkennbar ist, dass die genannten Umst\u00e4nde nicht oder nur in erheblich geringerem Ausma\u00df eintreten und er eine schriftliche Belehrung \u00fcber dieses R\u00fccktrittsrecht erhalten hat. Das R\u00fccktrittsrecht erlischt jedoch sp\u00e4testens einen Monat nach der vollst\u00e4ndigen Erf\u00fcllung des Vertrages durch beide Vertragspartner. Im \u00dcbrigen gilt Punkt 3.3.<\/p>\n<p>Das R\u00fccktrittsrecht steht dem Verbraucher nicht zu, wenn<\/p>\n<ol>\n<li>er bereits bei den Vertragsverhandlungen wusste oder wissen musste, dass die ma\u00dfgeblichen Umst\u00e4nde nicht oder nur in erheblich geringerem Ausma\u00df eintreten werden,<\/li>\n<li>der Ausschluss des R\u00fccktrittsrechtes im Einzelnen ausgehandelt worden ist oder<\/li>\n<li>wir uns zu einer angemessenen Anpassung des Vertrages bereit erkl\u00e4ren.<\/li>\n<\/ol>\n<p><span style=\"font-size: 15px; color: var( --e-global-color-text ); font-family: var( --e-global-typography-text-font-family ), Sans-serif;\">3.5<br><\/span><span style=\"font-size: 15px; color: var( --e-global-color-text ); font-family: var( --e-global-typography-text-font-family ), Sans-serif;\">Die unmittelbaren Kosten der R\u00fccksendung der Ware sind vom Verbraucher zu tragen.<\/span><\/p>\n<ol start=\"4\">\n<li><b><u> Erf\u00fcllung, Gefahren\u00fcbergang<\/u><u>, <\/u><u>Verzug und h\u00f6here Gewalt<\/u><em><u>:<\/u><\/em><\/b><\/li>\n<\/ol>\n<p>4.1<br><span style=\"font-size: 15px; color: var( --e-global-color-text ); font-family: var( --e-global-typography-text-font-family ), Sans-serif;\">Erf\u00fcllungsort f\u00fcr Lieferung und Zahlung ist unser Sitz, auch dann, wenn die \u00dcbergabe vereinbarungsgem\u00e4\u00df an einem anderen Ort erfolgt; f\u00fcr diesen Fall genehmigt der Kunde die Versendung per Bahn, Post, Stra\u00dfeng\u00fcterverkehr oder in jeder sonstigen zweckm\u00e4\u00dfigen Transportart und tr\u00e4gt die Kosten der Lieferung (Transport, Zwischenlagerung sowie Be- und Abladen).<\/span><\/p>\n<p>4.2<br><span style=\"font-size: 15px; color: var( --e-global-color-text ); font-family: var( --e-global-typography-text-font-family ), Sans-serif;\">Nutzen und Gefahren gehen sp\u00e4testens mit dem Abgang der Lieferung von unserem Lager, bei Zustellung ab Werk von diesem, auf den Kunden \u00fcber, und zwar unabh\u00e4ngig von der f\u00fcr die Lieferung vereinbarten Preisstellung, wie z.B. \u201efranko\u201c etc. <\/span><strong style=\"font-size: 15px; color: var( --e-global-color-text ); font-family: var( --e-global-typography-text-font-family ), Sans-serif;\">(gilt f\u00fcr Verbrauchergesch\u00e4fte nur bei eigenst\u00e4ndigem Abschluss eines Bef\u00f6rderungsvertrages)<\/strong><span style=\"font-size: 15px; color: var( --e-global-color-text ); font-family: var( --e-global-typography-text-font-family ), Sans-serif;\">. Allf\u00e4llige Schadenersatzanspr\u00fcche bleiben unber\u00fchrt.<\/span><\/p>\n<p>4.3<br><span style=\"font-size: 15px; color: var( --e-global-color-text ); font-family: var( --e-global-typography-text-font-family ), Sans-serif;\">Wenn nicht anderes vereinbart ist, betr\u00e4gt die Lieferfrist 30 Tage nach Vertragsabschluss. Bei nicht lagernder Ware betr\u00e4gt diese h\u00f6chstens 30 Tage ab Einlangen der Ware vom Vorlieferanten bei uns <\/span><strong style=\"font-size: 15px; color: var( --e-global-color-text ); font-family: var( --e-global-typography-text-font-family ), Sans-serif;\">(gilt nicht f\u00fcr Verbrauchergesch\u00e4fte).<\/strong><\/p>\n<p>4.4 H\u00f6here Gewalt<\/p>\n<p>4.4.1<br><span style=\"font-size: 15px; color: var( --e-global-color-text ); font-family: var( --e-global-typography-text-font-family ), Sans-serif;\">H\u00f6here Gewalt ist ein Ereignis, das au\u00dferhalb des Einflussbereiches der Vertragsparteien liegt und nicht vorhergesehen werden konnte und entweder die Erf\u00fcllung des Vertrages oder die beiderseitig vorausgesetzte Nutzung des Vertragsgegenstands verhindert, wesentlich erschwert oder unwirtschaftlich macht, wie insbesondere Streik, Krieg, B\u00fcrgerkrieg, Aufruhr, Terrorismus, Handelsbeschr\u00e4nkungen und Sanktionen, Cyberkriminalit\u00e4t, Naturkatastrophen oder Naturereignisse wie z.B. Nieder- oder Hochwasser, Eis, Sturm, Energiemangel, Transport- und Verzollungsverzug, beh\u00f6rdliche Verf\u00fcgungen, sowie alle Ma\u00dfnahmen, Auswirkungen oder Ereignisse in Zusammenhang mit Seuchen, Epidemien oder Pandemien (insb. COVID-19) oder andere vergleichbare F\u00e4lle.<\/span><\/p>\n<p>4.4.2<br><span style=\"font-size: 15px; color: var( --e-global-color-text ); font-family: var( --e-global-typography-text-font-family ), Sans-serif;\">Im Falle des Eintritts h\u00f6herer Gewalt sind wir berechtigt, die Leistungsfrist um die Dauer der h\u00f6heren Gewalt und einer zus\u00e4tzlichen angemessenen Nachfrist zu verl\u00e4ngern. Weiters sind wir berechtigt, vom Vertrag, unabh\u00e4ngig von der Fristverl\u00e4ngerung, w\u00e4hrend der Dauer der h\u00f6heren Gewalt mit sofortiger Wirkung zur\u00fcckzutreten.<\/span><\/p>\n<p>4.4.3<br><span style=\"font-size: 15px; color: var( --e-global-color-text ); font-family: var( --e-global-typography-text-font-family ), Sans-serif;\">Der Kunde ist seinerseits berechtigt vom Vertrag mit sofortiger Wirkung zur\u00fcckzutreten, falls die Leistung nicht sp\u00e4testens binnen 4 Wochen ab Ablauf der urspr\u00fcnglich vereinbarten Leistungsfrist erbracht wurde (<\/span><strong style=\"font-size: 15px; color: var( --e-global-color-text ); font-family: var( --e-global-typography-text-font-family ), Sans-serif;\">gilt nur f\u00fcr Verbrauchergesch\u00e4fte<\/strong><span style=\"font-size: 15px; color: var( --e-global-color-text ); font-family: var( --e-global-typography-text-font-family ), Sans-serif;\">).<\/span><\/p>\n<p>4.4.4<br><span style=\"font-size: 15px; color: var( --e-global-color-text ); font-family: var( --e-global-typography-text-font-family ), Sans-serif;\">Der Kunde kann aus oder in Zusammenhang mit diesem Vertragsr\u00fccktritt sowie der Leistungsfristverl\u00e4ngerung keinerlei Rechte gegen uns geltend machen, insbesondere sind Schadenersatzanspr\u00fcche aus welchem Rechtstitel auch immer soweit gesetzlich zul\u00e4ssig ausgeschlossen.<\/span><\/p>\n<p>Der Kunde verzichtet auf die Geltendmachung eines allf\u00e4lligen Wegfalls der Gesch\u00e4ftsgrundlage und damit zusammenh\u00e4ngender Anspr\u00fcche (<strong>gilt nicht f\u00fcr Verbrauchergesch\u00e4fte<\/strong>).<\/p>\n<p>4.4.5<br><span style=\"font-size: 15px; color: var( --e-global-color-text ); font-family: var( --e-global-typography-text-font-family ), Sans-serif;\">Die zuvor genannten Regelungen gelten auch, wenn bei unserem Hersteller, Zulieferanten, oder Erf\u00fcllungsgehilfen ein Fall h\u00f6herer Gewalt eintritt.<\/span><\/p>\n<p>4.5<br><span style=\"font-size: 15px; color: var( --e-global-color-text ); font-family: var( --e-global-typography-text-font-family ), Sans-serif;\">Bei verz\u00f6gertem Abgang aus dem Werk bzw. aus unserem Lager, der auf Umst\u00e4nde zur\u00fcckzuf\u00fchren ist, die beim Kunden liegen, geht die Gefahr mit dem Tage der Versandbereitschaft auf den Kunden \u00fcber. Ist Lieferung auf Abruf vereinbart, so gilt die Ware sp\u00e4testens drei Monate ab Bestellung als abgerufen. Wir werden den Kunden rechtzeitig auf den Fristablauf und die Bedeutung seines Verhaltens hinweisen. Kann von uns mangels einer entsprechenden Disposition des Kunden nicht erf\u00fcllt werden, so treten die Wirkungen des Annahmeverzuges mit diesem Zeitpunkt ein. Wird die Ware vereinbarungswidrig vom Kunden nicht abgeholt, so sind wir berechtigt, dem Kunden ab Annahmeverzug ein P\u00f6nale in der H\u00f6he von 1,5 % des Nettorechnungsbetrages pro begonnener Woche in Rechnung zu stellen<\/span><strong style=\"font-size: 15px; color: var( --e-global-color-text ); font-family: var( --e-global-typography-text-font-family ), Sans-serif;\"> (gilt nicht f\u00fcr Verbrauchergesch\u00e4fte).<\/strong><span style=\"font-size: 15px; color: var( --e-global-color-text ); font-family: var( --e-global-typography-text-font-family ), Sans-serif;\"> Dar\u00fcber hinaus gehende Schadenersatzanspr\u00fcche werden dadurch nicht ausgeschlossen.<\/span><\/p>\n<p>4.6<br><span style=\"font-size: 15px; color: var( --e-global-color-text ); font-family: var( --e-global-typography-text-font-family ), Sans-serif;\">Wir sind berechtigt, Teil- oder Vorlieferungen durchzuf\u00fchren und zu verrechnen.<\/span><\/p>\n<p>4.7<br><span style=\"font-size: 15px; color: var( --e-global-color-text ); font-family: var( --e-global-typography-text-font-family ), Sans-serif;\">Reklamationen wegen angeblich nicht oder nicht vollst\u00e4ndig erfolgter Lieferung sind unverz\u00fcglich, sp\u00e4testens jedoch innerhalb von sieben Tagen ab Erhalt des Lieferscheines schriftlich zu erheben. Hat der Kunde keinen Lieferschein erhalten, l\u00e4uft die Frist ab Erhalt der Rechnung. Eine Verletzung dieser Verpflichtung verk\u00fcrzt nicht das Recht des Kunden auf Gew\u00e4hrleistung, kann jedoch ein Mitverschulden begr\u00fcnden.<\/span><\/p>\n<ol start=\"5\">\n<li><u><b> Angebote und Kostenvoranschl\u00e4ge:<\/b><\/u><\/li>\n<\/ol>\n<p>5.1<br><span style=\"font-size: 15px; color: var( --e-global-color-text ); font-family: var( --e-global-typography-text-font-family ), Sans-serif;\">Unsere Angebote sind unverbindlich und beinhalten keine Pflicht zur Auftragsannahme.<\/span><\/p>\n<p>5.2<br><span style=\"font-size: 15px; color: var( --e-global-color-text ); font-family: var( --e-global-typography-text-font-family ), Sans-serif;\">Kostenvoranschl\u00e4ge werden nur schriftlich erstellt. Nur schriftliche und entgeltliche Kostenvoranschl\u00e4ge sind verbindlich. Sofern aus verbindlichen Kostenvoranschl\u00e4gen nichts anderes hervorgeht, sind wir an die darin enthaltenen Preisans\u00e4tze einen Monat lang gebunden <\/span><strong style=\"font-size: 15px; color: var( --e-global-color-text ); font-family: var( --e-global-typography-text-font-family ), Sans-serif;\">(gilt nicht f\u00fcr Verbrauchergesch\u00e4fte).<\/strong><\/p>\n<p>5.3.<br><span style=\"font-size: 15px; color: var( --e-global-color-text ); font-family: var( --e-global-typography-text-font-family ), Sans-serif;\">Auftrags\u00e4nderungen und\/oder Zusatzauftr\u00e4ge werden gesondert in Rechnung gestellt.<\/span><\/p>\n<ol start=\"6\">\n<li><u> Preise:<\/u><\/li>\n<\/ol>\n<p>6.1<br><span style=\"font-size: 15px; color: var( --e-global-color-text ); font-family: var( --e-global-typography-text-font-family ), Sans-serif;\">Treten zwischen Vertragsabschluss und Lieferung Kostenerh\u00f6hungen infolge von Umst\u00e4nden ein, die nicht von unserem Willen abh\u00e4ngen, wie Erh\u00f6hung unseres Einstandspreises, Erh\u00f6hung der Erzeuger- und oder Gro\u00dfhandelspreise, aufgrund von Lohnkostenerh\u00f6hungen durch Gesetz, Verordnung oder Kollektivvertrag, oder Erh\u00f6hung oder Neueinf\u00fchrung von Abgaben bzw. aufgrund von Wertsicherungsklauseln, so erh\u00f6hen sich die in Betracht kommenden Preise entsprechend <\/span><strong style=\"font-size: 15px; color: var( --e-global-color-text ); font-family: var( --e-global-typography-text-font-family ), Sans-serif;\">(gilt nicht f\u00fcr Verbrauchergesch\u00e4fte)<\/strong><span style=\"font-size: 15px; color: var( --e-global-color-text ); font-family: var( --e-global-typography-text-font-family ), Sans-serif;\">.<\/span><\/p>\n<p>6.2<br><span style=\"font-size: 15px; color: var( --e-global-color-text ); font-family: var( --e-global-typography-text-font-family ), Sans-serif;\">Die Preise gelten ab Lager. Emballagen, besondere Transportverpackungen, Paletten, Versicherungen, die Zustellung etc. werden zus\u00e4tzlich verrechnet.<\/span><\/p>\n<p>6.3<br><span style=\"font-size: 15px; color: var( --e-global-color-text ); font-family: var( --e-global-typography-text-font-family ), Sans-serif;\">Bei entgeltlicher R\u00fccknahme zus\u00e4tzlich verrechneter Emballagen, besonderer Transportverpackungen, Paletten etc. obliegt bis zur tats\u00e4chlichen R\u00fcckgabe die ordnungsgem\u00e4\u00dfe Verwahrung dieser Gegenst\u00e4nde dem Kunden. Sind diese Gegenst\u00e4nde nicht wiederverwendbar, so sind wir zur entgeltlichen R\u00fccknahme nicht verpflichtet.<\/span><\/p>\n<p>6.4<br><span style=\"font-size: 15px; color: var( --e-global-color-text ); font-family: var( --e-global-typography-text-font-family ), Sans-serif;\">Unternehmer k\u00f6nnen sich uns gegen\u00fcber nicht auf \u00a7 934 ABGB (Verk\u00fcrzung \u00fcber die H\u00e4lfte) berufen.<\/span><\/p>\n<ol start=\"7\">\n<li><u><b> Eigentumsvorbehalt:<\/b><\/u><\/li>\n<\/ol>\n<p>7.1<br><span style=\"font-size: 15px; color: var( --e-global-color-text ); font-family: var( --e-global-typography-text-font-family ), Sans-serif;\">Bis zur vollst\u00e4ndigen Bezahlung des Kaufpreises behalten wir uns das Eigentumsrecht am Kaufgegenstand vor. Bei Pf\u00e4ndung oder sonstiger Inanspruchnahme des Kaufgegenstandes durch Dritte ist der Kunde verpflichtet, auf unser Eigentumsrecht hinzuweisen und uns unverz\u00fcglich zu verst\u00e4ndigen.<\/span><\/p>\n<p>7.2<br><span style=\"font-size: 15px; color: var( --e-global-color-text ); font-family: var( --e-global-typography-text-font-family ), Sans-serif;\">Die Weiterver\u00e4u\u00dferung der unter Eigentumsvorbehalt stehenden Ware bedarf unserer vorherigen, schriftlichen Zustimmung. In diesem Fall erstreckt sich das vorbehaltene Eigentum auf den Erl\u00f6s oder die Kaufpreisforderung aus diesem Gesch\u00e4ft, die damit in unser Eigentum abgetreten ist. Im Falle einer solchen Weiterver\u00e4u\u00dferung ist der Kunde verpflichtet den Erl\u00f6s getrennt zu verwahren. Wir sind berechtigt, den Drittschuldner von der Abtretung zu verst\u00e4ndigen.<\/span><\/p>\n<p>7.3<br><span style=\"font-size: 15px; color: var( --e-global-color-text ); font-family: var( --e-global-typography-text-font-family ), Sans-serif;\">Bei Be- oder Verarbeitung und Verbindung der von uns gelieferten Ware mit anderen, steht uns der dabei entstehende Miteigentumsanteil an der durch Be- oder Verarbeitung entstandenen Sache im Verh\u00e4ltnis des Wertes der von uns gelieferten Ware zu der \u00fcbrigen verarbeiteten Ware zum Zeitpunkt der Verarbeitung oder Verbindung zu.<\/span><\/p>\n<ol start=\"8\">\n<li><u> Zahlung:<\/u><\/li>\n<\/ol>\n<p>8.1.<br><span style=\"font-size: 15px; color: var( --e-global-color-text ); font-family: var( --e-global-typography-text-font-family ), Sans-serif;\">Mangels anderer Vereinbarungen sind Zahlungen bei Fakturenerhalt f\u00e4llig.<\/span><\/p>\n<p>8.2<br><span style=\"font-size: 15px; color: var( --e-global-color-text ); font-family: var( --e-global-typography-text-font-family ), Sans-serif;\">Bei Zahlungsverzug sind wir unbeschadet unserer sonstigen Rechte berechtigt, die in unserem Eigentumsvorbehalt stehenden Waren, Ger\u00e4te und dergleichen &#8211; ohne dass dies einem R\u00fccktritt vom Vertrag gleichzusetzen ist &#8211; zur\u00fcckzunehmen.<\/span><\/p>\n<p>8.3<br><span style=\"font-size: 15px; color: var( --e-global-color-text ); font-family: var( --e-global-typography-text-font-family ), Sans-serif;\">Bei Zahlungsverzug eines Verbrauchers, mit dem wir Vertragszinsen vereinbart haben, sind wir berechtigt, Verzugszinsen in der H\u00f6he von 5 % pro Jahr zuz\u00fcglich zu den Vertragszinsen zu beanspruchen. Sind keine Vertragszinsen vereinbart, so betr\u00e4gt der Verzugszinssatz 9 % pro Jahr bei viertelj\u00e4hrlicher Verrechnung.<\/span><\/p>\n<p>Bei Zahlungsverzug eines Unternehmers sind wir berechtigt, Zinsen und Zinseszinsen in der H\u00f6he von jeweils 13 % pro Jahr bei viertelj\u00e4hrlicher Verrechnung zu beanspruchen. Treten Ver\u00e4nderungen auf dem Geld- oder Kapitalmarkt ein, die eine generelle \u00c4nderung der Kreditzinsen bewirken, sind wir zu einer dementsprechenden Anpassung des vereinbarten Zinssatzes berechtigt.<\/p>\n<p>8.4<br><span style=\"font-size: 15px; color: var( --e-global-color-text ); font-family: var( --e-global-typography-text-font-family ), Sans-serif;\">Der s\u00e4umige Kunde ist verpflichtet, alle prozessualen und schuldhaft verursachten au\u00dferprozessualen Kosten der zweckentsprechenden Rechtsverfolgung, wie insbesondere Mahnspesen, Spesen f\u00fcr die Einschaltung eines Inkassob\u00fcros sowie auch Kosten eines von uns beigezogenen Anwaltes zu ersetzen, soweit diese in einem angemessenen Verh\u00e4ltnis zur betriebenen Forderung stehen.<\/span><\/p>\n<p>8.5<br><span style=\"font-size: 15px; color: var( --e-global-color-text ); font-family: var( --e-global-typography-text-font-family ), Sans-serif;\">Eine Aufrechnung behaupteter Gegenforderungen des Kunden gegen den Kaufpreis ist ausgeschlossen, es sei denn, dass der Kunde Verbraucher ist und wir zahlungsunf\u00e4hig geworden sind oder die Gegenforderung im rechtlichen Zusammenhang mit der Verbindlichkeit des Kunden steht, gerichtlich festgestellt oder von uns anerkannt worden ist. Eine Zur\u00fcckbehaltung des Kaufpreises oder Werklohnes im Falle berechtigter Verbesserungsanspr\u00fcche ist nur im Umfang des f\u00fcr die Verbesserung notwendigen Aufwandes zul\u00e4ssig (<\/span><strong style=\"font-size: 15px; color: var( --e-global-color-text ); font-family: var( --e-global-typography-text-font-family ), Sans-serif;\">gilt nicht f\u00fcr Verbrauchergesch\u00e4fte<\/strong><span style=\"font-size: 15px; color: var( --e-global-color-text ); font-family: var( --e-global-typography-text-font-family ), Sans-serif;\">).<\/span><\/p>\n<p>8.6<br><span style=\"font-size: 15px; color: var( --e-global-color-text ); font-family: var( --e-global-typography-text-font-family ), Sans-serif;\">Bei uns einlangende Zahlungen tilgen zuerst die Zinseszinsen, die Zinsen und Nebenspesen, dann das aushaftende Kapital, wobei unbesicherte Schulden vor besicherten Schulden getilgt werden, beginnend bei der \u00e4ltesten Schuld.<\/span><\/p>\n<p>8.7<br><span style=\"font-size: 15px; color: var( --e-global-color-text ); font-family: var( --e-global-typography-text-font-family ), Sans-serif;\">Mit Kunden, die mit uns in dauernder Gesch\u00e4ftsverbindung stehen, werden die Lieferungen und Leistungen grunds\u00e4tzlich auf der Basis eines Kontokorrentverh\u00e4ltnisses erbracht und die gegenseitigen Anspr\u00fcche sohin kontokorrentm\u00e4\u00dfig, jedoch unter Beachtung von Punkt 8.6 verrechnet. Die Saldobekanntgabe erfolgt durch gesonderte Mitteilung.<\/span><\/p>\n<p>8.8<br><span style=\"font-size: 15px; color: var( --e-global-color-text ); font-family: var( --e-global-typography-text-font-family ), Sans-serif;\">Wenn im konkreten Einzelfall nichts anderes vereinbart ist, gelangt ein Kontokorrentsollzinssatz von 13 % pro Jahr bei viertelj\u00e4hrlicher Verrechnung zur Anwendung. Treten Ver\u00e4nderungen auf dem Geld- oder Kapitalmarkt ein, die eine generelle \u00c4nderung der Kreditzinsen bewirken, sind wir zu einer dementsprechenden Anpassung des vereinbarten Zinssatzes berechtigt <\/span><strong style=\"font-size: 15px; color: var( --e-global-color-text ); font-family: var( --e-global-typography-text-font-family ), Sans-serif;\">(gilt nicht f\u00fcr Verbrauchergesch\u00e4fte)<\/strong><span style=\"font-size: 15px; color: var( --e-global-color-text ); font-family: var( --e-global-typography-text-font-family ), Sans-serif;\">.<\/span><\/p>\n<p>8.9<br><span style=\"font-size: 15px; color: var( --e-global-color-text ); font-family: var( --e-global-typography-text-font-family ), Sans-serif;\">Ausdr\u00fccklich wird festgehalten, dass ein Saldenanerkenntnis sowohl schriftlich oder m\u00fcndlich als auch stillschweigend dadurch erfolgen kann, dass der Kunde gegen den von uns bekannt gegebenen Saldo innerhalb angemessener Frist, l\u00e4ngstens aber innerhalb von 4 Wochen keinen Einwand erhebt. Darauf wird in der Saldenmitteilung hingewiesen.<\/span><\/p>\n<p>8.10<br><span style=\"font-size: 15px; color: var( --e-global-color-text ); font-family: var( --e-global-typography-text-font-family ), Sans-serif;\">Wir behalten uns ausdr\u00fccklich die Entscheidung vor, einzelne Forderungen nicht in das bestehende Kontokorrentverh\u00e4ltnis einzustellen.<\/span><\/p>\n<ol start=\"9\">\n<li><b><u> Gew\u00e4hrleistung und Verj\u00e4hrungsfristen <\/u><u>(Nachfolgendes gilt nicht f\u00fcr Verbrauchergesch\u00e4fte<\/u><u>)<\/u><u>:<\/u><\/b><\/li>\n<\/ol>\n<p>9.1<br><span style=\"font-size: 15px; color: var( --e-global-color-text ); font-family: var( --e-global-typography-text-font-family ), Sans-serif;\">Wir sind berechtigt, nach unserer Wahl mangelhafte Waren gegen gleichartige einwandfreie Waren innerhalb einer angemessenen Frist auszutauschen oder den Mangel innerhalb einer angemessenen Frist zu beheben. Dadurch erlischt ein Anspruch auf Vertragsaufl\u00f6sung oder Preisminderung.<\/span><\/p>\n<p>9.2<br><span style=\"font-size: 15px; color: var( --e-global-color-text ); font-family: var( --e-global-typography-text-font-family ), Sans-serif;\">Der Gew\u00e4hrleistungsanspruch setzt voraus, dass der Kunde aufgetretene M\u00e4ngel binnen angemessener Frist, l\u00e4ngstens innerhalb von 14 Tagen ab \u00dcbergabe, bei verdeckten Sachm\u00e4ngeln und bei Rechtsm\u00e4ngel l\u00e4ngstens innerhalb von 14 Tagen ab Kenntnis der M\u00e4ngel, schriftlich unter genauer Beschreibung der M\u00e4ngel angezeigt hat. Punkt 4.6 bleibt unber\u00fchrt.<\/span><\/p>\n<p>Die Gew\u00e4hrleistungsfrist betr\u00e4gt bei beweglichen Sachen 6&nbsp;Monate, bei unbeweglichen Sachen 2 Jahre ab \u00dcbergabe.<\/p>\n<p>Die an die Gew\u00e4hrleistungsfrist anschlie\u00dfende Verj\u00e4hrungsfrist f\u00fcr bewegliche und unbewegliche Sachen betr\u00e4gt drei Wochen.<\/p>\n<p>Die Verj\u00e4hrungsfrist f\u00fcr Rechtsm\u00e4ngel betr\u00e4gt 6 Monate, bei unbeweglichen Sachen 2 Jahre, nach dem Zeitpunkt, zu dem der Mangel dem \u00dcbernehmer bekannt wird, l\u00e4ngstens jedoch 10 Jahre ab Vertragsabschluss.<\/p>\n<p>9.3<br><span style=\"font-size: 15px; color: var( --e-global-color-text ); font-family: var( --e-global-typography-text-font-family ), Sans-serif;\">Die Mangelhaftigkeit der Ware zum Zeitpunkt der \u00dcbergabe ist vom Kunden nachzuweisen.<\/span><\/p>\n<p>9.4.<br><span style=\"font-size: 15px; color: var( --e-global-color-text ); font-family: var( --e-global-typography-text-font-family ), Sans-serif;\">Die Aktualisierungspflicht gem\u00e4\u00df \u00a7 7 Verbraucher-Gew\u00e4hrleistungsgesetz wird ausgeschlossen.<\/span><\/p>\n<p>9.5.<br><span style=\"font-size: 15px; color: var( --e-global-color-text ); font-family: var( --e-global-typography-text-font-family ), Sans-serif;\">Wir sind berechtigt, dem Kunden die Kosten der Verbesserung oder des Austausches, wie ua. etwaige Einbau- und Ausbaukosten, Montagekosten, Installationskosten, Transport- und Wegekosten zum vereinbarten Ort der M\u00e4ngelbehebung, in Rechnung zu stellen.<\/span><\/p>\n<p><strong><em>&nbsp;<\/em><\/strong><\/p>\n<p>9.6.<br><span style=\"font-size: 15px; color: var( --e-global-color-text ); font-family: var( --e-global-typography-text-font-family ), Sans-serif;\">\u00d6ffentliche \u00c4u\u00dferungen des Herstellers, des Importeurs oder sonstiger Dritter \u00fcber besondere Eigenschaften der Ware, insbesondere in der Werbung, werden \u2013 mangels ausdr\u00fccklicher Bezugnahme &#8211; nicht Vertragsinhalt.<\/span><\/p>\n<p>9.7.<br><span style=\"font-size: 15px; color: var( --e-global-color-text ); font-family: var( --e-global-typography-text-font-family ), Sans-serif;\">Gebrauchte Waren, insbesondere Gebrauchtmaschinen, \u00fcbernimmt der Kunde wie besichtigt bzw. Probe gefahren und unter Ausschluss jeglicher Gew\u00e4hrleistungsanspr\u00fcche.<\/span><\/p>\n<ol start=\"10\">\n<li><u><b> R\u00fccktritt vom Vertrag:<\/b><\/u><\/li>\n<\/ol>\n<p>10.1<br><span style=\"font-size: 15px; color: var( --e-global-color-text ); font-family: var( --e-global-typography-text-font-family ), Sans-serif;\">Geraten wir nach Annahme des Vertrages aufgrund vors\u00e4tzlichen oder fahrl\u00e4ssigen Verhaltens in Lieferverzug, ist der Kunde berechtigt, nach erfolglosem Ablauf einer angemessenen, schriftlich gesetzten Nachfrist vom Vertrag zur\u00fcckzutreten.<\/span><\/p>\n<p>Bei Waren, die nach Angaben des Kunden speziell herzustellen oder zu beschaffen sind, steht einem Unternehmer das Recht des R\u00fccktritts vom Vertrag bei Verzug wegen leichter Fahrl\u00e4ssigkeit nicht zu; ein Verbraucher hat in diesem Fall das Recht nach erfolglosem Ablauf einer schriftlich gesetzten Nachfrist von vier Wochen zur\u00fcckzutreten.<\/p>\n<p>10.2<br><span style=\"font-size: 15px; color: var( --e-global-color-text ); font-family: var( --e-global-typography-text-font-family ), Sans-serif;\">Andererseits sind wir bei Zahlungsverzug des Kunden unbeschadet unserer sonstigen Rechte berechtigt, nach Gew\u00e4hrung einer angemessenen Nachfrist vom Vertrag zur G\u00e4nze oder zum Teil zur\u00fcckzutreten; im Falle unseres R\u00fccktritts steht uns eine Abstandsgeb\u00fchr in der H\u00f6he von 10 % des Preises jener Waren zu, hinsichtlich derer der R\u00fccktritt erfolgt ist. Die Geltendmachung eines dar\u00fcber hinaus gehenden Schadens bleibt vorbehalten.<\/span><\/p>\n<p>10.3<br><span style=\"font-size: 15px; color: var( --e-global-color-text ); font-family: var( --e-global-typography-text-font-family ), Sans-serif;\">Falls ein Vertragspartner seine Zahlungen einstellt, in sein Verm\u00f6gen Exekution gef\u00fchrt oder die Er\u00f6ffnung eines Insolvenzverfahrens mangels kostendeckenden Verm\u00f6gens abgewiesen wird oder sich seine wirtschaftlichen Verh\u00e4ltnisse derart verschlechtern, dass die Einbringlichkeit der Forderung gef\u00e4hrdet erscheint<\/span><strong style=\"font-size: 15px; color: var( --e-global-color-text ); font-family: var( --e-global-typography-text-font-family ), Sans-serif;\"><em>,<\/em><\/strong><span style=\"font-size: 15px; color: var( --e-global-color-text ); font-family: var( --e-global-typography-text-font-family ), Sans-serif;\"> ist der andere Vertragspartner berechtigt, ohne Setzung einer Nachfrist vom Vertrag zur\u00fcckzutreten.<\/span><\/p>\n<p>10.4<br><span style=\"font-size: 15px; color: var( --e-global-color-text ); font-family: var( --e-global-typography-text-font-family ), Sans-serif;\">Zur R\u00fccknahme bereits ausgelieferter Waren sind wir grunds\u00e4tzlich nicht verpflichtet. Falls kulanter Weise im Einzelfall eine R\u00fccknahme erfolgt, gelangt zu Lasten des Kunden in jedem Fall eine Manipulationsgeb\u00fchr von 10 % der Nettofakturensumme in Anrechnung, zuz\u00fcglich des Ersatzes eventueller Sch\u00e4den an der zur\u00fcckgenommenen Ware, die vom Neuwert &#8211; ohne Bedachtnahme auf einen allf\u00e4lligen verminderten Zeitwert &#8211; berechnet werden. Falls durch die Warenr\u00fccknahme die jeweilige Rabattstaffel der Warenbezugsrechnung des Kunden unterschritten wird, erfolgt \u00fcberdies die R\u00fcckverrechnung urspr\u00fcnglich gew\u00e4hrter Mengenrabatte.<\/span><\/p>\n<ol start=\"11\">\n<li><u><b> Haftung:<\/b><\/u><\/li>\n<\/ol>\n<p>11.1<br><span style=\"font-size: 15px; color: var( --e-global-color-text ); font-family: var( --e-global-typography-text-font-family ), Sans-serif;\">&nbsp;Unsere Haftung f\u00fcr leicht fahrl\u00e4ssig verursachte Sch\u00e4den, ausgenommen Personensch\u00e4den, ist ausgeschlossen. Bei Unternehmergesch\u00e4ften ist unsere Haftung bei grober Fahrl\u00e4ssigkeit auf den Gegenstand der Lieferung beschr\u00e4nkt.<\/span><\/p>\n<p>Bei Unternehmergesch\u00e4ften k\u00f6nnen Schadenersatzanspr\u00fcche nur innerhalb von sechs Monaten ab Kenntnis von Schaden und Sch\u00e4diger, sp\u00e4testens aber innerhalb von drei Jahren nach dem anspruchsbegr\u00fcndenden Ereignis gegen uns gerichtlich geltend gemacht werden.<\/p>\n<p>11.2<br><span style=\"font-size: 15px; color: var( --e-global-color-text ); font-family: var( --e-global-typography-text-font-family ), Sans-serif;\">Der Kunde hat uns unverz\u00fcglich von jeder ihm bekannt gewordenen Sch\u00e4digung durch eine von uns gelieferte Sache zu informieren, insbesondere, wenn er von Dritten aus dem Titel der Produkthaftung zum Ersatz eines Schadens oder zur Bekanntgabe seiner Lieferanten aufgefordert wird, sonst von einem Produktfehler unserer Waren Kenntnis erh\u00e4lt oder selbst gesch\u00e4digt wird.<\/span><\/p>\n<p>11.3<br><span style=\"font-size: 15px; color: var( --e-global-color-text ); font-family: var( --e-global-typography-text-font-family ), Sans-serif;\">Die Geltendmachung von Haftungs-, Auskunfts- oder Regressbegehren sind unter genauer Angabe des Schadens, des haftungsbegr\u00fcndenden Sachverhaltes einschlie\u00dflich des Nachweises, dass die Lieferungen und Leistungen von uns stammen, schriftlich an die Gesch\u00e4ftsleitung zu richten.<\/span><\/p>\n<p>11.4<br><span style=\"font-size: 15px; color: var( --e-global-color-text ); font-family: var( --e-global-typography-text-font-family ), Sans-serif;\">Sofern nicht anderes vereinbart, ist die Beladung nicht von unserer vertraglichen Leistungspflicht umfasst. F\u00fcr Ladegutsicherung und Ladungssicherheit ist ausschlie\u00dflich der Kunde verantwortlich.<\/span><\/p>\n<ol start=\"12\">\n<li><u><b> Adresse:<\/b><\/u><\/li>\n<\/ol>\n<p>\u00c4nderungen der Adresse hat der Kunde unverz\u00fcglich und ausdr\u00fccklich bekannt zu geben. Andernfalls gelten schriftliche Mitteilungen nach dem gew\u00f6hnlichen Postlauf als zugegangen, wenn sie an die letzte uns bekannt gegebene Adresse abgesandt worden sind.<\/p>\n<ol start=\"13\">\n<li><u> <\/u><strong><u>Datenschutz<\/u><\/strong><\/li><\/ol>\n<p><strong>Der Kunde verpflichtet sich, die von uns \u00fcbermittelten personenbezogenen Daten gem\u00e4\u00df den jeweils aktuell g\u00fcltigen datenschutzrechtlichen Vorschriften, ausschlie\u00dflich zum Zweck der Vertragserf\u00fcllung zu verarbeiten und diese Daten umgehend nach Wegfall eines die Verarbeitung rechtfertigenden Grundes zu l\u00f6schen (gilt nicht f\u00fcr Verbrauchergesch\u00e4fte).<\/strong><\/p>\n<p><strong>Hinsichtlich unserer datenschutzrechtlichen Informationspflichten gem\u00e4\u00df Artikel 13 und 14 der Datenschutz-Grundverordnung verweisen wir auf die Datenschutzerkl\u00e4rung auf unserer Website.<\/strong><\/p>\n<p><strong>Auf Verlangen des Kunden wird ihm eine Kopie dieser Datenschutzerkl\u00e4rung kostenlos zur Verf\u00fcgung gestellt. <\/strong><\/p>\n<ol start=\"14\">\n<li><u><b> Gerichtsstand und Rechtswahl:<\/b><\/u><\/li>\n<\/ol>\n<p>Zust\u00e4ndig f\u00fcr alle sich mittelbar oder unmittelbar aus einem Gesch\u00e4ft ergebenden Streitigkeiten ist ausschlie\u00dflich das f\u00fcr unseren Sitz \u00f6rtlich und sachlich zust\u00e4ndige Gericht <strong>(gilt nicht f\u00fcr Verbrauchergesch\u00e4fte)<\/strong>.<\/p>\n<p>Vereinbart ist ausschlie\u00dflich \u00f6sterreichisches Recht unter ausdr\u00fccklichem Ausschluss des UN-Kaufrechts sowie internationaler Kollisionsrechtsnormen.<\/p>\t\t\t\t\t\t\t\t<\/div>\n\t\t\t\t<\/div>\n\t\t\t\t\t<\/div>\n\t\t<\/div>\n\t\t\t\t\t<\/div>\n\t\t<\/section>\n\t\t\t\t<\/div>\n\t\t","protected":false},"excerpt":{"rendered":"<p>ALLGEMEINE GESCH\u00c4FTSBEDINGUNGEN ALLGEMEINE VERKAUFS- UND LIEFERBEDINGUNGEN(Fassung J\u00e4nner 2025) Allgemeines: 1.1&nbsp;Warenlieferungen (inklusive Waren mit digitalen Elementen) an unsere Kunden erfolgen nur aufgrund der nachstehenden Bedingungen, sofern in speziellen Gesch\u00e4ftsbedingungen nichts anderes geregelt ist. Abweichende Vereinbarungen bed\u00fcrfen der Schriftform (gilt nicht f\u00fcr Verbrauchergesch\u00e4fte). Unsere Mitarbeiter sind ohne schriftliche Vollmacht auch gegen\u00fcber Verbrauchern nicht befugt, abweichende Zusagen oder [&hellip;]<\/p>\n","protected":false},"author":1,"featured_media":0,"parent":0,"menu_order":0,"comment_status":"closed","ping_status":"closed","template":"","meta":{"site-sidebar-layout":"no-sidebar","site-content-layout":"page-builder","ast-site-content-layout":"default","site-content-style":"default","site-sidebar-style":"default","ast-global-header-display":"","ast-banner-title-visibility":"","ast-main-header-display":"","ast-hfb-above-header-display":"","ast-hfb-below-header-display":"","ast-hfb-mobile-header-display":"","site-post-title":"disabled","ast-breadcrumbs-content":"disabled","ast-featured-img":"disabled","footer-sml-layout":"","ast-disable-related-posts":"","theme-transparent-header-meta":"default","adv-header-id-meta":"","stick-header-meta":"","header-above-stick-meta":"","header-main-stick-meta":"","header-below-stick-meta":"","astra-migrate-meta-layouts":"default","ast-page-background-enabled":"default","ast-page-background-meta":{"desktop":{"background-color":"","background-image":"","background-repeat":"repeat","background-position":"center center","background-size":"auto","background-attachment":"scroll","background-type":"","background-media":"","overlay-type":"","overlay-color":"","overlay-opacity":"","overlay-gradient":""},"tablet":{"background-color":"","background-image":"","background-repeat":"repeat","background-position":"center center","background-size":"auto","background-attachment":"scroll","background-type":"","background-media":"","overlay-type":"","overlay-color":"","overlay-opacity":"","overlay-gradient":""},"mobile":{"background-color":"","background-image":"","background-repeat":"repeat","background-position":"center center","background-size":"auto","background-attachment":"scroll","background-type":"","background-media":"","overlay-type":"","overlay-color":"","overlay-opacity":"","overlay-gradient":""}},"ast-content-background-meta":{"desktop":{"background-color":"var(--ast-global-color-5)","background-image":"","background-repeat":"repeat","background-position":"center center","background-size":"auto","background-attachment":"scroll","background-type":"","background-media":"","overlay-type":"","overlay-color":"","overlay-opacity":"","overlay-gradient":""},"tablet":{"background-color":"var(--ast-global-color-5)","background-image":"","background-repeat":"repeat","background-position":"center center","background-size":"auto","background-attachment":"scroll","background-type":"","background-media":"","overlay-type":"","overlay-color":"","overlay-opacity":"","overlay-gradient":""},"mobile":{"background-color":"var(--ast-global-color-5)","background-image":"","background-repeat":"repeat","background-position":"center center","background-size":"auto","background-attachment":"scroll","background-type":"","background-media":"","overlay-type":"","overlay-color":"","overlay-opacity":"","overlay-gradient":""}},"footnotes":""},"class_list":["post-127","page","type-page","status-publish","hentry"],"_links":{"self":[{"href":"https:\/\/www.steyr-waldviertel.at\/index.php\/wp-json\/wp\/v2\/pages\/127","targetHints":{"allow":["GET"]}}],"collection":[{"href":"https:\/\/www.steyr-waldviertel.at\/index.php\/wp-json\/wp\/v2\/pages"}],"about":[{"href":"https:\/\/www.steyr-waldviertel.at\/index.php\/wp-json\/wp\/v2\/types\/page"}],"author":[{"embeddable":true,"href":"https:\/\/www.steyr-waldviertel.at\/index.php\/wp-json\/wp\/v2\/users\/1"}],"replies":[{"embeddable":true,"href":"https:\/\/www.steyr-waldviertel.at\/index.php\/wp-json\/wp\/v2\/comments?post=127"}],"version-history":[{"count":11,"href":"https:\/\/www.steyr-waldviertel.at\/index.php\/wp-json\/wp\/v2\/pages\/127\/revisions"}],"predecessor-version":[{"id":768,"href":"https:\/\/www.steyr-waldviertel.at\/index.php\/wp-json\/wp\/v2\/pages\/127\/revisions\/768"}],"wp:attachment":[{"href":"https:\/\/www.steyr-waldviertel.at\/index.php\/wp-json\/wp\/v2\/media?parent=127"}],"curies":[{"name":"wp","href":"https:\/\/api.w.org\/{rel}","templated":true}]}}